{"id":3561,"date":"2021-11-10T17:59:09","date_gmt":"2021-11-10T17:59:09","guid":{"rendered":"https:\/\/avadawebsites.wpengine.com\/classic\/?page_id=3561"},"modified":"2024-06-21T13:22:40","modified_gmt":"2024-06-21T13:22:40","slug":"media","status":"publish","type":"page","link":"https:\/\/xjenzamalta.mt\/mt\/media\/","title":{"rendered":"Media"},"content":{"rendered":"<div class=\"fusion-fullwidth fullwidth-box fusion-builder-row-1 fusion-flex-container has-pattern-background has-mask-background nonhundred-percent-fullwidth non-hundred-percent-height-scrolling\" style=\"--awb-border-radius-top-left:0px;--awb-border-radius-top-right:0px;--awb-border-radius-bottom-right:0px;--awb-border-radius-bottom-left:0px;--awb-margin-top:-35px;--awb-flex-wrap:wrap;\" ><div class=\"fusion-builder-row fusion-row fusion-flex-align-items-flex-start fusion-flex-content-wrap\" style=\"max-width:1216.8px;margin-left: calc(-4% \/ 2 );margin-right: calc(-4% \/ 2 );\"><div class=\"fusion-layout-column fusion_builder_column fusion-builder-column-0 fusion_builder_column_1_1 1_1 fusion-flex-column fusion-animated\" style=\"--awb-bg-size:cover;--awb-width-large:100%;--awb-margin-top-large:0px;--awb-spacing-right-large:1.92%;--awb-margin-bottom-large:70px;--awb-spacing-left-large:1.92%;--awb-width-medium:100%;--awb-order-medium:0;--awb-spacing-right-medium:1.92%;--awb-spacing-left-medium:1.92%;--awb-width-small:100%;--awb-order-small:0;--awb-spacing-right-small:1.92%;--awb-margin-bottom-small:40px;--awb-spacing-left-small:1.92%;\" data-animationtype=\"fadeInUp\" data-animationduration=\"1.3\" data-animationoffset=\"top-into-view\" data-scroll-devices=\"small-visibility,medium-visibility,large-visibility\"><div class=\"fusion-column-wrapper fusion-column-has-shadow fusion-flex-justify-content-flex-start fusion-content-layout-column\"><div class=\"fusion-title title fusion-title-1 fusion-title-text fusion-title-size-one\" style=\"--awb-margin-top-small:0px;--awb-margin-bottom-small:20px;\"><div class=\"title-sep-container title-sep-container-left fusion-no-large-visibility fusion-no-medium-visibility fusion-no-small-visibility\"><div class=\"title-sep sep- sep-solid\" style=\"border-color:var(--awb-color3);\"><\/div><\/div><span class=\"awb-title-spacer fusion-no-large-visibility fusion-no-medium-visibility fusion-no-small-visibility\"><\/span><h1 class=\"fusion-title-heading title-heading-left fusion-responsive-typography-calculated\" style=\"margin:0;text-transform:capitalize;--fontSize:60;line-height:var(--awb-typography1-line-height);\">Media<\/h1><span class=\"awb-title-spacer\"><\/span><div class=\"title-sep-container title-sep-container-right\"><div class=\"title-sep sep- sep-solid\" style=\"border-color:var(--awb-color3);\"><\/div><\/div><\/div><div class=\"fusion-post-cards fusion-post-cards-1 fusion-grid-archive fusion-grid-columns-2\" style=\"--awb-dots-align:center;--awb-columns:2;--awb-filters-color:hsla(var(--awb-color8-h),var(--awb-color8-s),calc( var(--awb-color8-l) + 20% ),var(--awb-color8-a));--awb-active-filter-border-size:3px;--awb-filters-height:36px;\" data-post-type-label=\"posts\"><ul class=\"fusion-grid fusion-grid-2 fusion-flex-align-items-flex-start fusion-grid-posts-cards\"><li class=\"fusion-layout-column fusion_builder_column fusion-builder-column-1 fusion-flex-column post-card fusion-grid-column fusion-post-cards-grid-column\" style=\"--awb-bg-blend:overlay;--awb-bg-size:cover;--awb-box-shadow:0px 2px 6px 0px rgba(214,214,214,0.61);;--awb-border-color:#dddddd;--awb-border-top:1px;--awb-border-right:1px;--awb-border-bottom:1px;--awb-border-left:1px;--awb-border-style:solid;--awb-flex-grow:0;--awb-flex-shrink:0;--awb-flex-grow-medium:0;--awb-flex-shrink-medium:0;--awb-flex-grow-small:0;--awb-flex-shrink-small:0;\" data-scroll-devices=\"small-visibility,medium-visibility,large-visibility\"><div class=\"fusion-column-wrapper fusion-column-has-shadow fusion-flex-justify-content-flex-start fusion-content-layout-column\"><div class=\"fusion-classic-product-image-wrapper fusion-woo-product-image fusion-post-card-image fusion-post-card-image-1\" data-layout=\"static\" style=\"--awb-margin-bottom:40px;\"><div  class=\"fusion-image-wrapper\" aria-haspopup=\"true\">\n\t\t\t\t\t\t\t<a href=\"https:\/\/xjenzamalta.mt\/mt\/2026\/04\/27\/malta-and-croatia-sign-first-bilateral-space-cooperation-agreement-of-its-kind-for-malta\/\" aria-label=\"Malta and Croatia Sign First Bilateral Space Cooperation Agreement of Its Kind for Malta\">\n\t\t\t\t\t\t\t<img decoding=\"async\" width=\"2560\" height=\"1702\" src=\"https:\/\/xjenzamalta.mt\/wp-content\/uploads\/2026\/04\/DSC08892-scaled.jpg\" class=\"attachment-full size-full lazyload wp-post-image\" alt=\"\" srcset=\"data:image\/svg+xml,%3Csvg%20xmlns%3D%27http%3A%2F%2Fwww.w3.org%2F2000%2Fsvg%27%20width%3D%272560%27%20height%3D%271702%27%20viewBox%3D%270%200%202560%201702%27%3E%3Crect%20width%3D%272560%27%20height%3D%271702%27%20fill-opacity%3D%220%22%2F%3E%3C%2Fsvg%3E\" data-orig-src=\"https:\/\/xjenzamalta.mt\/wp-content\/uploads\/2026\/04\/DSC08892-scaled.jpg\" data-srcset=\"https:\/\/xjenzamalta.mt\/wp-content\/uploads\/2026\/04\/DSC08892-200x133.jpg 200w, https:\/\/xjenzamalta.mt\/wp-content\/uploads\/2026\/04\/DSC08892-400x266.jpg 400w, https:\/\/xjenzamalta.mt\/wp-content\/uploads\/2026\/04\/DSC08892-600x399.jpg 600w, https:\/\/xjenzamalta.mt\/wp-content\/uploads\/2026\/04\/DSC08892-800x532.jpg 800w, https:\/\/xjenzamalta.mt\/wp-content\/uploads\/2026\/04\/DSC08892-1200x798.jpg 1200w, https:\/\/xjenzamalta.mt\/wp-content\/uploads\/2026\/04\/DSC08892-scaled.jpg 2560w\" data-sizes=\"auto\" \/>\t\t\t<\/a>\n\t\t\t\t\t\t\t<\/div>\n<\/div><div class=\"fusion-meta-tb fusion-meta-tb-1 floated\" style=\"--awb-height:36px;--awb-margin-left:10px;--awb-margin-right:25px;--awb-alignment-medium:flex-start;--awb-alignment-small:flex-start;\"><span class=\"fusion-tb-published-date\">Published On: April 27th, 2026<\/span><span class=\"fusion-meta-tb-sep\"><\/span><\/div><div class=\"fusion-title title fusion-title-2 fusion-title-text fusion-title-size-two\" style=\"--awb-margin-right:10px;--awb-margin-bottom:15px;--awb-margin-left:10px;--awb-margin-top-small:0px;--awb-margin-right-small:10px;--awb-margin-bottom-small:20px;--awb-margin-left-small:10px;--awb-link-color:hsla(var(--awb-color8-h),var(--awb-color8-s),calc( var(--awb-color8-l) + 16% ),var(--awb-color8-a));--awb-link-hover-color:#ee3a3d;--awb-font-size:var(--awb-custom_typography_1-font-size);\"><div class=\"title-sep-container title-sep-container-left fusion-no-large-visibility fusion-no-medium-visibility fusion-no-small-visibility\"><div class=\"title-sep sep- sep-solid\" style=\"border-color:var(--awb-color3);\"><\/div><\/div><span class=\"awb-title-spacer fusion-no-large-visibility fusion-no-medium-visibility fusion-no-small-visibility\"><\/span><h2 class=\"fusion-title-heading title-heading-left fusion-responsive-typography-calculated\" style=\"font-family:var(--awb-custom_typography_1-font-family);font-weight:var(--awb-custom_typography_1-font-weight);font-style:var(--awb-custom_typography_1-font-style);margin:0;letter-spacing:var(--awb-custom_typography_1-letter-spacing);text-transform:var(--awb-custom_typography_1-text-transform);font-size:1em;--fontSize:19;--minFontSize:19;line-height:1.58;\"><a href=\"https:\/\/xjenzamalta.mt\/mt\/2026\/04\/27\/malta-and-croatia-sign-first-bilateral-space-cooperation-agreement-of-its-kind-for-malta\/\" class=\"awb-custom-text-color awb-custom-text-hover-color\" target=\"_self\">Malta and Croatia Sign First Bilateral Space Cooperation Agreement of Its Kind for Malta<\/a><\/h2><span class=\"awb-title-spacer\"><\/span><div class=\"title-sep-container title-sep-container-right\"><div class=\"title-sep sep- sep-solid\" style=\"border-color:var(--awb-color3);\"><\/div><\/div><\/div><div class=\"fusion-separator fusion-full-width-sep\" style=\"align-self: center;margin-left: auto;margin-right: auto;flex-grow:1;width:100%;\"><\/div><\/div><\/li>\n<li class=\"fusion-layout-column fusion_builder_column fusion-builder-column-2 fusion-flex-column post-card fusion-grid-column fusion-post-cards-grid-column\" style=\"--awb-bg-blend:overlay;--awb-bg-size:cover;--awb-box-shadow:0px 2px 6px 0px rgba(214,214,214,0.61);;--awb-border-color:#dddddd;--awb-border-top:1px;--awb-border-right:1px;--awb-border-bottom:1px;--awb-border-left:1px;--awb-border-style:solid;--awb-flex-grow:0;--awb-flex-shrink:0;--awb-flex-grow-medium:0;--awb-flex-shrink-medium:0;--awb-flex-grow-small:0;--awb-flex-shrink-small:0;\" data-scroll-devices=\"small-visibility,medium-visibility,large-visibility\"><div class=\"fusion-column-wrapper fusion-column-has-shadow fusion-flex-justify-content-flex-start fusion-content-layout-column\"><div class=\"fusion-classic-product-image-wrapper fusion-woo-product-image fusion-post-card-image fusion-post-card-image-1\" data-layout=\"static\" style=\"--awb-margin-bottom:40px;\"><div  class=\"fusion-image-wrapper\" aria-haspopup=\"true\">\n\t\t\t\t\t\t\t<a href=\"https:\/\/xjenzamalta.mt\/mt\/2026\/04\/27\/xjenza-malta-hosts-esa-industry-days-2026-to-strengthen-international-cooperation-in-the-space-sector\/\" aria-label=\"Xjenza Malta hosts ESA Industry Days 2026 to strengthen international cooperation in the space sector\">\n\t\t\t\t\t\t\t<img decoding=\"async\" width=\"2560\" height=\"1692\" src=\"https:\/\/xjenzamalta.mt\/wp-content\/uploads\/2026\/04\/DSC07546-scaled.jpg\" class=\"attachment-full size-full lazyload wp-post-image\" alt=\"\" srcset=\"data:image\/svg+xml,%3Csvg%20xmlns%3D%27http%3A%2F%2Fwww.w3.org%2F2000%2Fsvg%27%20width%3D%272560%27%20height%3D%271692%27%20viewBox%3D%270%200%202560%201692%27%3E%3Crect%20width%3D%272560%27%20height%3D%271692%27%20fill-opacity%3D%220%22%2F%3E%3C%2Fsvg%3E\" data-orig-src=\"https:\/\/xjenzamalta.mt\/wp-content\/uploads\/2026\/04\/DSC07546-scaled.jpg\" data-srcset=\"https:\/\/xjenzamalta.mt\/wp-content\/uploads\/2026\/04\/DSC07546-200x132.jpg 200w, https:\/\/xjenzamalta.mt\/wp-content\/uploads\/2026\/04\/DSC07546-400x264.jpg 400w, https:\/\/xjenzamalta.mt\/wp-content\/uploads\/2026\/04\/DSC07546-600x397.jpg 600w, https:\/\/xjenzamalta.mt\/wp-content\/uploads\/2026\/04\/DSC07546-800x529.jpg 800w, https:\/\/xjenzamalta.mt\/wp-content\/uploads\/2026\/04\/DSC07546-1200x793.jpg 1200w, https:\/\/xjenzamalta.mt\/wp-content\/uploads\/2026\/04\/DSC07546-scaled.jpg 2560w\" data-sizes=\"auto\" \/>\t\t\t<\/a>\n\t\t\t\t\t\t\t<\/div>\n<\/div><div class=\"fusion-meta-tb fusion-meta-tb-2 floated\" style=\"--awb-height:36px;--awb-margin-left:10px;--awb-margin-right:25px;--awb-alignment-medium:flex-start;--awb-alignment-small:flex-start;\"><span class=\"fusion-tb-published-date\">Published On: April 27th, 2026<\/span><span class=\"fusion-meta-tb-sep\"><\/span><\/div><div class=\"fusion-title title fusion-title-3 fusion-title-text fusion-title-size-two\" style=\"--awb-margin-right:10px;--awb-margin-bottom:15px;--awb-margin-left:10px;--awb-margin-top-small:0px;--awb-margin-right-small:10px;--awb-margin-bottom-small:20px;--awb-margin-left-small:10px;--awb-link-color:hsla(var(--awb-color8-h),var(--awb-color8-s),calc( var(--awb-color8-l) + 16% ),var(--awb-color8-a));--awb-link-hover-color:#ee3a3d;--awb-font-size:var(--awb-custom_typography_1-font-size);\"><div class=\"title-sep-container title-sep-container-left fusion-no-large-visibility fusion-no-medium-visibility fusion-no-small-visibility\"><div class=\"title-sep sep- sep-solid\" style=\"border-color:var(--awb-color3);\"><\/div><\/div><span class=\"awb-title-spacer fusion-no-large-visibility fusion-no-medium-visibility fusion-no-small-visibility\"><\/span><h2 class=\"fusion-title-heading title-heading-left fusion-responsive-typography-calculated\" style=\"font-family:var(--awb-custom_typography_1-font-family);font-weight:var(--awb-custom_typography_1-font-weight);font-style:var(--awb-custom_typography_1-font-style);margin:0;letter-spacing:var(--awb-custom_typography_1-letter-spacing);text-transform:var(--awb-custom_typography_1-text-transform);font-size:1em;--fontSize:19;--minFontSize:19;line-height:1.58;\"><a href=\"https:\/\/xjenzamalta.mt\/mt\/2026\/04\/27\/xjenza-malta-hosts-esa-industry-days-2026-to-strengthen-international-cooperation-in-the-space-sector\/\" class=\"awb-custom-text-color awb-custom-text-hover-color\" target=\"_self\">Xjenza Malta hosts ESA Industry Days 2026 to strengthen international cooperation in the space sector<\/a><\/h2><span class=\"awb-title-spacer\"><\/span><div class=\"title-sep-container title-sep-container-right\"><div class=\"title-sep sep- sep-solid\" style=\"border-color:var(--awb-color3);\"><\/div><\/div><\/div><div class=\"fusion-separator fusion-full-width-sep\" style=\"align-self: center;margin-left: auto;margin-right: auto;flex-grow:1;width:100%;\"><\/div><\/div><\/li>\n<li class=\"fusion-layout-column fusion_builder_column fusion-builder-column-3 fusion-flex-column post-card fusion-grid-column fusion-post-cards-grid-column\" style=\"--awb-bg-blend:overlay;--awb-bg-size:cover;--awb-box-shadow:0px 2px 6px 0px rgba(214,214,214,0.61);;--awb-border-color:#dddddd;--awb-border-top:1px;--awb-border-right:1px;--awb-border-bottom:1px;--awb-border-left:1px;--awb-border-style:solid;--awb-flex-grow:0;--awb-flex-shrink:0;--awb-flex-grow-medium:0;--awb-flex-shrink-medium:0;--awb-flex-grow-small:0;--awb-flex-shrink-small:0;\" data-scroll-devices=\"small-visibility,medium-visibility,large-visibility\"><div class=\"fusion-column-wrapper fusion-column-has-shadow fusion-flex-justify-content-flex-start fusion-content-layout-column\"><div class=\"fusion-classic-product-image-wrapper fusion-woo-product-image fusion-post-card-image fusion-post-card-image-1\" data-layout=\"static\" style=\"--awb-margin-bottom:40px;\"><div  class=\"fusion-image-wrapper\" aria-haspopup=\"true\">\n\t\t\t\t\t\t\t<a href=\"https:\/\/xjenzamalta.mt\/mt\/2026\/04\/21\/strengthening-productivity-through-applied-rd\/\" aria-label=\"STRENGTHENING PRODUCTIVITY THROUGH APPLIED R&#038;D\">\n\t\t\t\t\t\t\t<img decoding=\"async\" width=\"957\" height=\"501\" src=\"https:\/\/xjenzamalta.mt\/wp-content\/uploads\/2026\/04\/Website.png\" class=\"attachment-full size-full lazyload wp-post-image\" alt=\"\" srcset=\"data:image\/svg+xml,%3Csvg%20xmlns%3D%27http%3A%2F%2Fwww.w3.org%2F2000%2Fsvg%27%20width%3D%27957%27%20height%3D%27501%27%20viewBox%3D%270%200%20957%20501%27%3E%3Crect%20width%3D%27957%27%20height%3D%27501%27%20fill-opacity%3D%220%22%2F%3E%3C%2Fsvg%3E\" data-orig-src=\"https:\/\/xjenzamalta.mt\/wp-content\/uploads\/2026\/04\/Website.png\" data-srcset=\"https:\/\/xjenzamalta.mt\/wp-content\/uploads\/2026\/04\/Website-200x105.png 200w, https:\/\/xjenzamalta.mt\/wp-content\/uploads\/2026\/04\/Website-400x209.png 400w, https:\/\/xjenzamalta.mt\/wp-content\/uploads\/2026\/04\/Website-600x314.png 600w, https:\/\/xjenzamalta.mt\/wp-content\/uploads\/2026\/04\/Website-800x419.png 800w, https:\/\/xjenzamalta.mt\/wp-content\/uploads\/2026\/04\/Website.png 957w\" data-sizes=\"auto\" \/>\t\t\t<\/a>\n\t\t\t\t\t\t\t<\/div>\n<\/div><div class=\"fusion-meta-tb fusion-meta-tb-3 floated\" style=\"--awb-height:36px;--awb-margin-left:10px;--awb-margin-right:25px;--awb-alignment-medium:flex-start;--awb-alignment-small:flex-start;\"><span class=\"fusion-tb-published-date\">Published On: April 21st, 2026<\/span><span class=\"fusion-meta-tb-sep\"><\/span><\/div><div class=\"fusion-title title fusion-title-4 fusion-title-text fusion-title-size-two\" style=\"--awb-margin-right:10px;--awb-margin-bottom:15px;--awb-margin-left:10px;--awb-margin-top-small:0px;--awb-margin-right-small:10px;--awb-margin-bottom-small:20px;--awb-margin-left-small:10px;--awb-link-color:hsla(var(--awb-color8-h),var(--awb-color8-s),calc( var(--awb-color8-l) + 16% ),var(--awb-color8-a));--awb-link-hover-color:#ee3a3d;--awb-font-size:var(--awb-custom_typography_1-font-size);\"><div class=\"title-sep-container title-sep-container-left fusion-no-large-visibility fusion-no-medium-visibility fusion-no-small-visibility\"><div class=\"title-sep sep- sep-solid\" style=\"border-color:var(--awb-color3);\"><\/div><\/div><span class=\"awb-title-spacer fusion-no-large-visibility fusion-no-medium-visibility fusion-no-small-visibility\"><\/span><h2 class=\"fusion-title-heading title-heading-left fusion-responsive-typography-calculated\" style=\"font-family:var(--awb-custom_typography_1-font-family);font-weight:var(--awb-custom_typography_1-font-weight);font-style:var(--awb-custom_typography_1-font-style);margin:0;letter-spacing:var(--awb-custom_typography_1-letter-spacing);text-transform:var(--awb-custom_typography_1-text-transform);font-size:1em;--fontSize:19;--minFontSize:19;line-height:1.58;\"><a href=\"https:\/\/xjenzamalta.mt\/mt\/2026\/04\/21\/strengthening-productivity-through-applied-rd\/\" class=\"awb-custom-text-color awb-custom-text-hover-color\" target=\"_self\">STRENGTHENING PRODUCTIVITY THROUGH APPLIED R&#038;D<\/a><\/h2><span class=\"awb-title-spacer\"><\/span><div class=\"title-sep-container title-sep-container-right\"><div class=\"title-sep sep- sep-solid\" style=\"border-color:var(--awb-color3);\"><\/div><\/div><\/div><div class=\"fusion-separator fusion-full-width-sep\" style=\"align-self: center;margin-left: auto;margin-right: auto;flex-grow:1;width:100%;\"><\/div><\/div><\/li>\n<li class=\"fusion-layout-column fusion_builder_column fusion-builder-column-4 fusion-flex-column post-card fusion-grid-column fusion-post-cards-grid-column\" style=\"--awb-bg-blend:overlay;--awb-bg-size:cover;--awb-box-shadow:0px 2px 6px 0px rgba(214,214,214,0.61);;--awb-border-color:#dddddd;--awb-border-top:1px;--awb-border-right:1px;--awb-border-bottom:1px;--awb-border-left:1px;--awb-border-style:solid;--awb-flex-grow:0;--awb-flex-shrink:0;--awb-flex-grow-medium:0;--awb-flex-shrink-medium:0;--awb-flex-grow-small:0;--awb-flex-shrink-small:0;\" data-scroll-devices=\"small-visibility,medium-visibility,large-visibility\"><div class=\"fusion-column-wrapper fusion-column-has-shadow fusion-flex-justify-content-flex-start fusion-content-layout-column\"><div class=\"fusion-classic-product-image-wrapper fusion-woo-product-image fusion-post-card-image fusion-post-card-image-1\" data-layout=\"static\" style=\"--awb-margin-bottom:40px;\"><div  class=\"fusion-image-wrapper\" aria-haspopup=\"true\">\n\t\t\t\t\t\t\t<a href=\"https:\/\/xjenzamalta.mt\/mt\/2026\/03\/23\/press-release-by-the-parliamentary-secretariat-for-youth-research-and-innovation-and-the-parliamentary-secretariat-for-local-government-eit-culture-creativity-office-inaugurated-in-malta-to-streng\/\" aria-label=\"Press Release by the Parliamentary Secretariat for Youth, Research and Innovation and the Parliamentary Secretariat for Local Government: EIT Culture &#038; Creativity Office Inaugurated in Malta to Strengthen the Local Creative Sector\">\n\t\t\t\t\t\t\t<img decoding=\"async\" width=\"2560\" height=\"1696\" src=\"https:\/\/xjenzamalta.mt\/wp-content\/uploads\/2026\/03\/GroupPhoto-scaled.jpg\" class=\"attachment-full size-full lazyload wp-post-image\" alt=\"\" srcset=\"data:image\/svg+xml,%3Csvg%20xmlns%3D%27http%3A%2F%2Fwww.w3.org%2F2000%2Fsvg%27%20width%3D%272560%27%20height%3D%271696%27%20viewBox%3D%270%200%202560%201696%27%3E%3Crect%20width%3D%272560%27%20height%3D%271696%27%20fill-opacity%3D%220%22%2F%3E%3C%2Fsvg%3E\" data-orig-src=\"https:\/\/xjenzamalta.mt\/wp-content\/uploads\/2026\/03\/GroupPhoto-scaled.jpg\" data-srcset=\"https:\/\/xjenzamalta.mt\/wp-content\/uploads\/2026\/03\/GroupPhoto-200x132.jpg 200w, https:\/\/xjenzamalta.mt\/wp-content\/uploads\/2026\/03\/GroupPhoto-400x265.jpg 400w, https:\/\/xjenzamalta.mt\/wp-content\/uploads\/2026\/03\/GroupPhoto-600x397.jpg 600w, https:\/\/xjenzamalta.mt\/wp-content\/uploads\/2026\/03\/GroupPhoto-800x530.jpg 800w, https:\/\/xjenzamalta.mt\/wp-content\/uploads\/2026\/03\/GroupPhoto-1200x795.jpg 1200w, https:\/\/xjenzamalta.mt\/wp-content\/uploads\/2026\/03\/GroupPhoto-scaled.jpg 2560w\" data-sizes=\"auto\" \/>\t\t\t<\/a>\n\t\t\t\t\t\t\t<\/div>\n<\/div><div class=\"fusion-meta-tb fusion-meta-tb-4 floated\" style=\"--awb-height:36px;--awb-margin-left:10px;--awb-margin-right:25px;--awb-alignment-medium:flex-start;--awb-alignment-small:flex-start;\"><span class=\"fusion-tb-published-date\">Published On: March 23rd, 2026<\/span><span class=\"fusion-meta-tb-sep\"><\/span><\/div><div class=\"fusion-title title fusion-title-5 fusion-title-text fusion-title-size-two\" style=\"--awb-margin-right:10px;--awb-margin-bottom:15px;--awb-margin-left:10px;--awb-margin-top-small:0px;--awb-margin-right-small:10px;--awb-margin-bottom-small:20px;--awb-margin-left-small:10px;--awb-link-color:hsla(var(--awb-color8-h),var(--awb-color8-s),calc( var(--awb-color8-l) + 16% ),var(--awb-color8-a));--awb-link-hover-color:#ee3a3d;--awb-font-size:var(--awb-custom_typography_1-font-size);\"><div class=\"title-sep-container title-sep-container-left fusion-no-large-visibility fusion-no-medium-visibility fusion-no-small-visibility\"><div class=\"title-sep sep- sep-solid\" style=\"border-color:var(--awb-color3);\"><\/div><\/div><span class=\"awb-title-spacer fusion-no-large-visibility fusion-no-medium-visibility fusion-no-small-visibility\"><\/span><h2 class=\"fusion-title-heading title-heading-left fusion-responsive-typography-calculated\" style=\"font-family:var(--awb-custom_typography_1-font-family);font-weight:var(--awb-custom_typography_1-font-weight);font-style:var(--awb-custom_typography_1-font-style);margin:0;letter-spacing:var(--awb-custom_typography_1-letter-spacing);text-transform:var(--awb-custom_typography_1-text-transform);font-size:1em;--fontSize:19;--minFontSize:19;line-height:1.58;\"><a href=\"https:\/\/xjenzamalta.mt\/mt\/2026\/03\/23\/press-release-by-the-parliamentary-secretariat-for-youth-research-and-innovation-and-the-parliamentary-secretariat-for-local-government-eit-culture-creativity-office-inaugurated-in-malta-to-streng\/\" class=\"awb-custom-text-color awb-custom-text-hover-color\" target=\"_self\">Press Release by the Parliamentary Secretariat for Youth, Research and Innovation and the Parliamentary Secretariat for Local Government: EIT Culture &#038; Creativity Office Inaugurated in Malta to Strengthen the Local Creative Sector<\/a><\/h2><span class=\"awb-title-spacer\"><\/span><div class=\"title-sep-container title-sep-container-right\"><div class=\"title-sep sep- sep-solid\" style=\"border-color:var(--awb-color3);\"><\/div><\/div><\/div><div class=\"fusion-separator fusion-full-width-sep\" style=\"align-self: center;margin-left: auto;margin-right: auto;flex-grow:1;width:100%;\"><\/div><\/div><\/li>\n<li class=\"fusion-layout-column fusion_builder_column fusion-builder-column-5 fusion-flex-column post-card fusion-grid-column fusion-post-cards-grid-column\" style=\"--awb-bg-blend:overlay;--awb-bg-size:cover;--awb-box-shadow:0px 2px 6px 0px rgba(214,214,214,0.61);;--awb-border-color:#dddddd;--awb-border-top:1px;--awb-border-right:1px;--awb-border-bottom:1px;--awb-border-left:1px;--awb-border-style:solid;--awb-flex-grow:0;--awb-flex-shrink:0;--awb-flex-grow-medium:0;--awb-flex-shrink-medium:0;--awb-flex-grow-small:0;--awb-flex-shrink-small:0;\" data-scroll-devices=\"small-visibility,medium-visibility,large-visibility\"><div class=\"fusion-column-wrapper fusion-column-has-shadow fusion-flex-justify-content-flex-start fusion-content-layout-column\"><div class=\"fusion-classic-product-image-wrapper fusion-woo-product-image fusion-post-card-image fusion-post-card-image-1\" data-layout=\"static\" style=\"--awb-margin-bottom:40px;\"><div  class=\"fusion-image-wrapper\" aria-haspopup=\"true\">\n\t\t\t\t\t\t\t<a href=\"https:\/\/xjenzamalta.mt\/mt\/2026\/02\/24\/unlocking-funding-potential-highlights-from-the-wideradvance-mutual-learning-event\/\" aria-label=\"Unlocking Funding Potential: Highlights from the widerAdvance Mutual Learning Event\">\n\t\t\t\t\t\t\t<img decoding=\"async\" width=\"2048\" height=\"1365\" src=\"https:\/\/xjenzamalta.mt\/wp-content\/uploads\/2026\/02\/16.jpg\" class=\"attachment-full size-full lazyload wp-post-image\" alt=\"\" srcset=\"data:image\/svg+xml,%3Csvg%20xmlns%3D%27http%3A%2F%2Fwww.w3.org%2F2000%2Fsvg%27%20width%3D%272048%27%20height%3D%271365%27%20viewBox%3D%270%200%202048%201365%27%3E%3Crect%20width%3D%272048%27%20height%3D%271365%27%20fill-opacity%3D%220%22%2F%3E%3C%2Fsvg%3E\" data-orig-src=\"https:\/\/xjenzamalta.mt\/wp-content\/uploads\/2026\/02\/16.jpg\" data-srcset=\"https:\/\/xjenzamalta.mt\/wp-content\/uploads\/2026\/02\/16-200x133.jpg 200w, https:\/\/xjenzamalta.mt\/wp-content\/uploads\/2026\/02\/16-400x267.jpg 400w, https:\/\/xjenzamalta.mt\/wp-content\/uploads\/2026\/02\/16-600x400.jpg 600w, https:\/\/xjenzamalta.mt\/wp-content\/uploads\/2026\/02\/16-800x533.jpg 800w, https:\/\/xjenzamalta.mt\/wp-content\/uploads\/2026\/02\/16-1200x800.jpg 1200w, https:\/\/xjenzamalta.mt\/wp-content\/uploads\/2026\/02\/16.jpg 2048w\" data-sizes=\"auto\" \/>\t\t\t<\/a>\n\t\t\t\t\t\t\t<\/div>\n<\/div><div class=\"fusion-meta-tb fusion-meta-tb-5 floated\" style=\"--awb-height:36px;--awb-margin-left:10px;--awb-margin-right:25px;--awb-alignment-medium:flex-start;--awb-alignment-small:flex-start;\"><span class=\"fusion-tb-published-date\">Published On: February 24th, 2026<\/span><span class=\"fusion-meta-tb-sep\"><\/span><\/div><div class=\"fusion-title title fusion-title-6 fusion-title-text fusion-title-size-two\" style=\"--awb-margin-right:10px;--awb-margin-bottom:15px;--awb-margin-left:10px;--awb-margin-top-small:0px;--awb-margin-right-small:10px;--awb-margin-bottom-small:20px;--awb-margin-left-small:10px;--awb-link-color:hsla(var(--awb-color8-h),var(--awb-color8-s),calc( var(--awb-color8-l) + 16% ),var(--awb-color8-a));--awb-link-hover-color:#ee3a3d;--awb-font-size:var(--awb-custom_typography_1-font-size);\"><div class=\"title-sep-container title-sep-container-left fusion-no-large-visibility fusion-no-medium-visibility fusion-no-small-visibility\"><div class=\"title-sep sep- sep-solid\" style=\"border-color:var(--awb-color3);\"><\/div><\/div><span class=\"awb-title-spacer fusion-no-large-visibility fusion-no-medium-visibility fusion-no-small-visibility\"><\/span><h2 class=\"fusion-title-heading title-heading-left fusion-responsive-typography-calculated\" style=\"font-family:var(--awb-custom_typography_1-font-family);font-weight:var(--awb-custom_typography_1-font-weight);font-style:var(--awb-custom_typography_1-font-style);margin:0;letter-spacing:var(--awb-custom_typography_1-letter-spacing);text-transform:var(--awb-custom_typography_1-text-transform);font-size:1em;--fontSize:19;--minFontSize:19;line-height:1.58;\"><a href=\"https:\/\/xjenzamalta.mt\/mt\/2026\/02\/24\/unlocking-funding-potential-highlights-from-the-wideradvance-mutual-learning-event\/\" class=\"awb-custom-text-color awb-custom-text-hover-color\" target=\"_self\">Unlocking Funding Potential: Highlights from the widerAdvance Mutual Learning Event<\/a><\/h2><span class=\"awb-title-spacer\"><\/span><div class=\"title-sep-container title-sep-container-right\"><div class=\"title-sep sep- sep-solid\" style=\"border-color:var(--awb-color3);\"><\/div><\/div><\/div><div class=\"fusion-separator fusion-full-width-sep\" style=\"align-self: center;margin-left: auto;margin-right: auto;flex-grow:1;width:100%;\"><\/div><\/div><\/li>\n<li class=\"fusion-layout-column fusion_builder_column fusion-builder-column-6 fusion-flex-column post-card fusion-grid-column fusion-post-cards-grid-column\" style=\"--awb-bg-blend:overlay;--awb-bg-size:cover;--awb-box-shadow:0px 2px 6px 0px rgba(214,214,214,0.61);;--awb-border-color:#dddddd;--awb-border-top:1px;--awb-border-right:1px;--awb-border-bottom:1px;--awb-border-left:1px;--awb-border-style:solid;--awb-flex-grow:0;--awb-flex-shrink:0;--awb-flex-grow-medium:0;--awb-flex-shrink-medium:0;--awb-flex-grow-small:0;--awb-flex-shrink-small:0;\" data-scroll-devices=\"small-visibility,medium-visibility,large-visibility\"><div class=\"fusion-column-wrapper fusion-column-has-shadow fusion-flex-justify-content-flex-start fusion-content-layout-column\"><div class=\"fusion-classic-product-image-wrapper fusion-woo-product-image fusion-post-card-image fusion-post-card-image-1\" data-layout=\"static\" style=\"--awb-margin-bottom:40px;\"><div  class=\"fusion-image-wrapper\" aria-haspopup=\"true\">\n\t\t\t\t\t\t\t<a href=\"https:\/\/xjenzamalta.mt\/mt\/2026\/02\/18\/malta-strengthens-its-position-in-the-global-space-economy\/\" aria-label=\"Malta Ssa\u0127\u0127a\u0127 Il-Po\u017cizzjoni Tag\u0127ha Fl-Ekonomija Spazjali Globali\">\n\t\t\t\t\t\t\t<img decoding=\"async\" width=\"2560\" height=\"1707\" src=\"https:\/\/xjenzamalta.mt\/wp-content\/uploads\/2026\/02\/Esplora-Space-Law-18-scaled.jpg\" class=\"attachment-full size-full lazyload wp-post-image\" alt=\"\" srcset=\"data:image\/svg+xml,%3Csvg%20xmlns%3D%27http%3A%2F%2Fwww.w3.org%2F2000%2Fsvg%27%20width%3D%272560%27%20height%3D%271707%27%20viewBox%3D%270%200%202560%201707%27%3E%3Crect%20width%3D%272560%27%20height%3D%271707%27%20fill-opacity%3D%220%22%2F%3E%3C%2Fsvg%3E\" data-orig-src=\"https:\/\/xjenzamalta.mt\/wp-content\/uploads\/2026\/02\/Esplora-Space-Law-18-scaled.jpg\" data-srcset=\"https:\/\/xjenzamalta.mt\/wp-content\/uploads\/2026\/02\/Esplora-Space-Law-18-200x133.jpg 200w, https:\/\/xjenzamalta.mt\/wp-content\/uploads\/2026\/02\/Esplora-Space-Law-18-400x267.jpg 400w, https:\/\/xjenzamalta.mt\/wp-content\/uploads\/2026\/02\/Esplora-Space-Law-18-600x400.jpg 600w, https:\/\/xjenzamalta.mt\/wp-content\/uploads\/2026\/02\/Esplora-Space-Law-18-800x533.jpg 800w, https:\/\/xjenzamalta.mt\/wp-content\/uploads\/2026\/02\/Esplora-Space-Law-18-1200x800.jpg 1200w, https:\/\/xjenzamalta.mt\/wp-content\/uploads\/2026\/02\/Esplora-Space-Law-18-scaled.jpg 2560w\" data-sizes=\"auto\" \/>\t\t\t<\/a>\n\t\t\t\t\t\t\t<\/div>\n<\/div><div class=\"fusion-meta-tb fusion-meta-tb-6 floated\" style=\"--awb-height:36px;--awb-margin-left:10px;--awb-margin-right:25px;--awb-alignment-medium:flex-start;--awb-alignment-small:flex-start;\"><span class=\"fusion-tb-published-date\">Published On: February 18th, 2026<\/span><span class=\"fusion-meta-tb-sep\"><\/span><\/div><div class=\"fusion-title title fusion-title-7 fusion-title-text fusion-title-size-two\" style=\"--awb-margin-right:10px;--awb-margin-bottom:15px;--awb-margin-left:10px;--awb-margin-top-small:0px;--awb-margin-right-small:10px;--awb-margin-bottom-small:20px;--awb-margin-left-small:10px;--awb-link-color:hsla(var(--awb-color8-h),var(--awb-color8-s),calc( var(--awb-color8-l) + 16% ),var(--awb-color8-a));--awb-link-hover-color:#ee3a3d;--awb-font-size:var(--awb-custom_typography_1-font-size);\"><div class=\"title-sep-container title-sep-container-left fusion-no-large-visibility fusion-no-medium-visibility fusion-no-small-visibility\"><div class=\"title-sep sep- sep-solid\" style=\"border-color:var(--awb-color3);\"><\/div><\/div><span class=\"awb-title-spacer fusion-no-large-visibility fusion-no-medium-visibility fusion-no-small-visibility\"><\/span><h2 class=\"fusion-title-heading title-heading-left fusion-responsive-typography-calculated\" style=\"font-family:var(--awb-custom_typography_1-font-family);font-weight:var(--awb-custom_typography_1-font-weight);font-style:var(--awb-custom_typography_1-font-style);margin:0;letter-spacing:var(--awb-custom_typography_1-letter-spacing);text-transform:var(--awb-custom_typography_1-text-transform);font-size:1em;--fontSize:19;--minFontSize:19;line-height:1.58;\"><a href=\"https:\/\/xjenzamalta.mt\/mt\/2026\/02\/18\/malta-strengthens-its-position-in-the-global-space-economy\/\" class=\"awb-custom-text-color awb-custom-text-hover-color\" target=\"_self\">Malta Ssa\u0127\u0127a\u0127 Il-Po\u017cizzjoni Tag\u0127ha Fl-Ekonomija Spazjali Globali<\/a><\/h2><span class=\"awb-title-spacer\"><\/span><div class=\"title-sep-container title-sep-container-right\"><div class=\"title-sep sep- sep-solid\" style=\"border-color:var(--awb-color3);\"><\/div><\/div><\/div><div class=\"fusion-separator fusion-full-width-sep\" style=\"align-self: center;margin-left: auto;margin-right: auto;flex-grow:1;width:100%;\"><\/div><\/div><\/li>\n<li class=\"fusion-layout-column fusion_builder_column fusion-builder-column-7 fusion-flex-column post-card fusion-grid-column fusion-post-cards-grid-column\" style=\"--awb-bg-blend:overlay;--awb-bg-size:cover;--awb-box-shadow:0px 2px 6px 0px rgba(214,214,214,0.61);;--awb-border-color:#dddddd;--awb-border-top:1px;--awb-border-right:1px;--awb-border-bottom:1px;--awb-border-left:1px;--awb-border-style:solid;--awb-flex-grow:0;--awb-flex-shrink:0;--awb-flex-grow-medium:0;--awb-flex-shrink-medium:0;--awb-flex-grow-small:0;--awb-flex-shrink-small:0;\" data-scroll-devices=\"small-visibility,medium-visibility,large-visibility\"><div class=\"fusion-column-wrapper fusion-column-has-shadow fusion-flex-justify-content-flex-start fusion-content-layout-column\"><div class=\"fusion-classic-product-image-wrapper fusion-woo-product-image fusion-post-card-image fusion-post-card-image-1\" data-layout=\"static\" style=\"--awb-margin-bottom:40px;\"><div  class=\"fusion-image-wrapper\" aria-haspopup=\"true\">\n\t\t\t\t\t\t\t<a href=\"\" aria-label=\"Press Release Issued by Xjenza Malta &#8211; 48hr Singathon comes to an end successfully with Xjenza Malta&#8217;s support\">\n\t\t\t\t\t\t\t\t\t\t<div class=\"fusion-placeholder-image\" data-origheight=\"150\" data-origwidth=\"100%\" style=\"width:100%;height:150px;\"><\/div>\n\t\t\t\t\t<\/a>\n\t\t\t\t\t\t\t<\/div>\n<\/div><div class=\"fusion-meta-tb fusion-meta-tb-7 floated\" style=\"--awb-height:36px;--awb-margin-left:10px;--awb-margin-right:25px;--awb-alignment-medium:flex-start;--awb-alignment-small:flex-start;\"><span class=\"fusion-tb-published-date\">Published On: February 9th, 2026<\/span><span class=\"fusion-meta-tb-sep\"><\/span><\/div><div class=\"fusion-title title fusion-title-8 fusion-title-text fusion-title-size-two\" style=\"--awb-margin-right:10px;--awb-margin-bottom:15px;--awb-margin-left:10px;--awb-margin-top-small:0px;--awb-margin-right-small:10px;--awb-margin-bottom-small:20px;--awb-margin-left-small:10px;--awb-link-color:hsla(var(--awb-color8-h),var(--awb-color8-s),calc( var(--awb-color8-l) + 16% ),var(--awb-color8-a));--awb-link-hover-color:#ee3a3d;--awb-font-size:var(--awb-custom_typography_1-font-size);\"><div class=\"title-sep-container title-sep-container-left fusion-no-large-visibility fusion-no-medium-visibility fusion-no-small-visibility\"><div class=\"title-sep sep- sep-solid\" style=\"border-color:var(--awb-color3);\"><\/div><\/div><span class=\"awb-title-spacer fusion-no-large-visibility fusion-no-medium-visibility fusion-no-small-visibility\"><\/span><h2 class=\"fusion-title-heading title-heading-left fusion-responsive-typography-calculated\" style=\"font-family:var(--awb-custom_typography_1-font-family);font-weight:var(--awb-custom_typography_1-font-weight);font-style:var(--awb-custom_typography_1-font-style);margin:0;letter-spacing:var(--awb-custom_typography_1-letter-spacing);text-transform:var(--awb-custom_typography_1-text-transform);font-size:1em;--fontSize:19;--minFontSize:19;line-height:1.58;\"><a href=\"https:\/\/xjenzamalta.mt\/mt\/2026\/02\/09\/press-release-issued-by-xjenza-malta-48hr-singathon-comes-to-an-end-successfully-with-xjenza-maltas-support\/\" class=\"awb-custom-text-color awb-custom-text-hover-color\" target=\"_self\">Stqarrija G\u0127all-Istampa Ma\u0127ru\u0121a Minn Xjenza Malta \u2013 48hr Singathon Ti\u0121i Fi Tmiemha B\u2019su\u010b\u010bess Bl-Appo\u0121\u0121 Ta\u2019 Xjenza Malta<\/a><\/h2><span class=\"awb-title-spacer\"><\/span><div class=\"title-sep-container title-sep-container-right\"><div class=\"title-sep sep- sep-solid\" style=\"border-color:var(--awb-color3);\"><\/div><\/div><\/div><div class=\"fusion-separator fusion-full-width-sep\" style=\"align-self: center;margin-left: auto;margin-right: auto;flex-grow:1;width:100%;\"><\/div><\/div><\/li>\n<li class=\"fusion-layout-column fusion_builder_column fusion-builder-column-8 fusion-flex-column post-card fusion-grid-column fusion-post-cards-grid-column\" style=\"--awb-bg-blend:overlay;--awb-bg-size:cover;--awb-box-shadow:0px 2px 6px 0px rgba(214,214,214,0.61);;--awb-border-color:#dddddd;--awb-border-top:1px;--awb-border-right:1px;--awb-border-bottom:1px;--awb-border-left:1px;--awb-border-style:solid;--awb-flex-grow:0;--awb-flex-shrink:0;--awb-flex-grow-medium:0;--awb-flex-shrink-medium:0;--awb-flex-grow-small:0;--awb-flex-shrink-small:0;\" data-scroll-devices=\"small-visibility,medium-visibility,large-visibility\"><div class=\"fusion-column-wrapper fusion-column-has-shadow fusion-flex-justify-content-flex-start fusion-content-layout-column\"><div class=\"fusion-classic-product-image-wrapper fusion-woo-product-image fusion-post-card-image fusion-post-card-image-1\" data-layout=\"static\" style=\"--awb-margin-bottom:40px;\"><div  class=\"fusion-image-wrapper\" aria-haspopup=\"true\">\n\t\t\t\t\t\t\t<a href=\"https:\/\/xjenzamalta.mt\/mt\/2026\/01\/29\/xjenza-malta-joins-the-european-partnership-for-brain-health-with-a-e3-5-million-investment-in-research-and-innovation\/\" aria-label=\"Xjenza Malta Tissie\u0127eb Fis-S\u0127ubija Ewropea G\u0127as-Sa\u0127\u0127a Tal-Mo\u0127\u0127 B&#039;investiment Ta&#039; \u20ac3.5 Miljun Fir-Ri\u010berka U L-Innovazzjoni\">\n\t\t\t\t\t\t\t<img decoding=\"async\" width=\"1600\" height=\"1068\" src=\"https:\/\/xjenzamalta.mt\/wp-content\/uploads\/2026\/01\/BrainHealth3.jpg\" class=\"attachment-full size-full lazyload wp-post-image\" alt=\"\" srcset=\"data:image\/svg+xml,%3Csvg%20xmlns%3D%27http%3A%2F%2Fwww.w3.org%2F2000%2Fsvg%27%20width%3D%271600%27%20height%3D%271068%27%20viewBox%3D%270%200%201600%201068%27%3E%3Crect%20width%3D%271600%27%20height%3D%271068%27%20fill-opacity%3D%220%22%2F%3E%3C%2Fsvg%3E\" data-orig-src=\"https:\/\/xjenzamalta.mt\/wp-content\/uploads\/2026\/01\/BrainHealth3.jpg\" data-srcset=\"https:\/\/xjenzamalta.mt\/wp-content\/uploads\/2026\/01\/BrainHealth3-200x134.jpg 200w, https:\/\/xjenzamalta.mt\/wp-content\/uploads\/2026\/01\/BrainHealth3-400x267.jpg 400w, https:\/\/xjenzamalta.mt\/wp-content\/uploads\/2026\/01\/BrainHealth3-600x401.jpg 600w, https:\/\/xjenzamalta.mt\/wp-content\/uploads\/2026\/01\/BrainHealth3-800x534.jpg 800w, https:\/\/xjenzamalta.mt\/wp-content\/uploads\/2026\/01\/BrainHealth3-1200x801.jpg 1200w, https:\/\/xjenzamalta.mt\/wp-content\/uploads\/2026\/01\/BrainHealth3.jpg 1600w\" data-sizes=\"auto\" \/>\t\t\t<\/a>\n\t\t\t\t\t\t\t<\/div>\n<\/div><div class=\"fusion-meta-tb fusion-meta-tb-8 floated\" style=\"--awb-height:36px;--awb-margin-left:10px;--awb-margin-right:25px;--awb-alignment-medium:flex-start;--awb-alignment-small:flex-start;\"><span class=\"fusion-tb-published-date\">Published On: January 29th, 2026<\/span><span class=\"fusion-meta-tb-sep\"><\/span><\/div><div class=\"fusion-title title fusion-title-9 fusion-title-text fusion-title-size-two\" style=\"--awb-margin-right:10px;--awb-margin-bottom:15px;--awb-margin-left:10px;--awb-margin-top-small:0px;--awb-margin-right-small:10px;--awb-margin-bottom-small:20px;--awb-margin-left-small:10px;--awb-link-color:hsla(var(--awb-color8-h),var(--awb-color8-s),calc( var(--awb-color8-l) + 16% ),var(--awb-color8-a));--awb-link-hover-color:#ee3a3d;--awb-font-size:var(--awb-custom_typography_1-font-size);\"><div class=\"title-sep-container title-sep-container-left fusion-no-large-visibility fusion-no-medium-visibility fusion-no-small-visibility\"><div class=\"title-sep sep- sep-solid\" style=\"border-color:var(--awb-color3);\"><\/div><\/div><span class=\"awb-title-spacer fusion-no-large-visibility fusion-no-medium-visibility fusion-no-small-visibility\"><\/span><h2 class=\"fusion-title-heading title-heading-left fusion-responsive-typography-calculated\" style=\"font-family:var(--awb-custom_typography_1-font-family);font-weight:var(--awb-custom_typography_1-font-weight);font-style:var(--awb-custom_typography_1-font-style);margin:0;letter-spacing:var(--awb-custom_typography_1-letter-spacing);text-transform:var(--awb-custom_typography_1-text-transform);font-size:1em;--fontSize:19;--minFontSize:19;line-height:1.58;\"><a href=\"https:\/\/xjenzamalta.mt\/mt\/2026\/01\/29\/xjenza-malta-joins-the-european-partnership-for-brain-health-with-a-e3-5-million-investment-in-research-and-innovation\/\" class=\"awb-custom-text-color awb-custom-text-hover-color\" target=\"_self\">Xjenza Malta Tissie\u0127eb Fis-S\u0127ubija Ewropea G\u0127as-Sa\u0127\u0127a Tal-Mo\u0127\u0127 B'investiment Ta' \u20ac3.5 Miljun Fir-Ri\u010berka U L-\nInnovazzjoni<\/a><\/h2><span class=\"awb-title-spacer\"><\/span><div class=\"title-sep-container title-sep-container-right\"><div class=\"title-sep sep- sep-solid\" style=\"border-color:var(--awb-color3);\"><\/div><\/div><\/div><div class=\"fusion-separator fusion-full-width-sep\" style=\"align-self: center;margin-left: auto;margin-right: auto;flex-grow:1;width:100%;\"><\/div><\/div><\/li>\n<li class=\"fusion-layout-column fusion_builder_column fusion-builder-column-9 fusion-flex-column post-card fusion-grid-column fusion-post-cards-grid-column\" style=\"--awb-bg-blend:overlay;--awb-bg-size:cover;--awb-box-shadow:0px 2px 6px 0px rgba(214,214,214,0.61);;--awb-border-color:#dddddd;--awb-border-top:1px;--awb-border-right:1px;--awb-border-bottom:1px;--awb-border-left:1px;--awb-border-style:solid;--awb-flex-grow:0;--awb-flex-shrink:0;--awb-flex-grow-medium:0;--awb-flex-shrink-medium:0;--awb-flex-grow-small:0;--awb-flex-shrink-small:0;\" data-scroll-devices=\"small-visibility,medium-visibility,large-visibility\"><div class=\"fusion-column-wrapper fusion-column-has-shadow fusion-flex-justify-content-flex-start fusion-content-layout-column\"><div class=\"fusion-classic-product-image-wrapper fusion-woo-product-image fusion-post-card-image fusion-post-card-image-1\" data-layout=\"static\" style=\"--awb-margin-bottom:40px;\"><div  class=\"fusion-image-wrapper\" aria-haspopup=\"true\">\n\t\t\t\t\t\t\t<a href=\"https:\/\/xjenzamalta.mt\/mt\/2026\/01\/28\/the-european-space-agency-esa-graduate-trainee-programme-2026\/\" aria-label=\"The European Space Agency (ESA) Graduate Trainee Programme 2026\">\n\t\t\t\t\t\t\t<img decoding=\"async\" width=\"750\" height=\"500\" src=\"https:\/\/xjenzamalta.mt\/wp-content\/uploads\/2026\/01\/The-ESA-Graduate-Trainee.png\" class=\"attachment-full size-full lazyload wp-post-image\" alt=\"\" srcset=\"data:image\/svg+xml,%3Csvg%20xmlns%3D%27http%3A%2F%2Fwww.w3.org%2F2000%2Fsvg%27%20width%3D%27750%27%20height%3D%27500%27%20viewBox%3D%270%200%20750%20500%27%3E%3Crect%20width%3D%27750%27%20height%3D%27500%27%20fill-opacity%3D%220%22%2F%3E%3C%2Fsvg%3E\" data-orig-src=\"https:\/\/xjenzamalta.mt\/wp-content\/uploads\/2026\/01\/The-ESA-Graduate-Trainee.png\" data-srcset=\"https:\/\/xjenzamalta.mt\/wp-content\/uploads\/2026\/01\/The-ESA-Graduate-Trainee-200x133.png 200w, https:\/\/xjenzamalta.mt\/wp-content\/uploads\/2026\/01\/The-ESA-Graduate-Trainee-400x267.png 400w, https:\/\/xjenzamalta.mt\/wp-content\/uploads\/2026\/01\/The-ESA-Graduate-Trainee-600x400.png 600w, https:\/\/xjenzamalta.mt\/wp-content\/uploads\/2026\/01\/The-ESA-Graduate-Trainee.png 750w\" data-sizes=\"auto\" \/>\t\t\t<\/a>\n\t\t\t\t\t\t\t<\/div>\n<\/div><div class=\"fusion-meta-tb fusion-meta-tb-9 floated\" style=\"--awb-height:36px;--awb-margin-left:10px;--awb-margin-right:25px;--awb-alignment-medium:flex-start;--awb-alignment-small:flex-start;\"><span class=\"fusion-tb-published-date\">Published On: January 28th, 2026<\/span><span class=\"fusion-meta-tb-sep\"><\/span><\/div><div class=\"fusion-title title fusion-title-10 fusion-title-text fusion-title-size-two\" style=\"--awb-margin-right:10px;--awb-margin-bottom:15px;--awb-margin-left:10px;--awb-margin-top-small:0px;--awb-margin-right-small:10px;--awb-margin-bottom-small:20px;--awb-margin-left-small:10px;--awb-link-color:hsla(var(--awb-color8-h),var(--awb-color8-s),calc( var(--awb-color8-l) + 16% ),var(--awb-color8-a));--awb-link-hover-color:#ee3a3d;--awb-font-size:var(--awb-custom_typography_1-font-size);\"><div class=\"title-sep-container title-sep-container-left fusion-no-large-visibility fusion-no-medium-visibility fusion-no-small-visibility\"><div class=\"title-sep sep- sep-solid\" style=\"border-color:var(--awb-color3);\"><\/div><\/div><span class=\"awb-title-spacer fusion-no-large-visibility fusion-no-medium-visibility fusion-no-small-visibility\"><\/span><h2 class=\"fusion-title-heading title-heading-left fusion-responsive-typography-calculated\" style=\"font-family:var(--awb-custom_typography_1-font-family);font-weight:var(--awb-custom_typography_1-font-weight);font-style:var(--awb-custom_typography_1-font-style);margin:0;letter-spacing:var(--awb-custom_typography_1-letter-spacing);text-transform:var(--awb-custom_typography_1-text-transform);font-size:1em;--fontSize:19;--minFontSize:19;line-height:1.58;\"><a href=\"https:\/\/xjenzamalta.mt\/mt\/2026\/01\/28\/the-european-space-agency-esa-graduate-trainee-programme-2026\/\" class=\"awb-custom-text-color awb-custom-text-hover-color\" target=\"_self\">The European Space Agency (ESA) Graduate Trainee Programme 2026<\/a><\/h2><span class=\"awb-title-spacer\"><\/span><div class=\"title-sep-container title-sep-container-right\"><div class=\"title-sep sep- sep-solid\" style=\"border-color:var(--awb-color3);\"><\/div><\/div><\/div><div class=\"fusion-separator fusion-full-width-sep\" style=\"align-self: center;margin-left: auto;margin-right: auto;flex-grow:1;width:100%;\"><\/div><\/div><\/li>\n<li class=\"fusion-layout-column fusion_builder_column fusion-builder-column-10 fusion-flex-column post-card fusion-grid-column fusion-post-cards-grid-column\" style=\"--awb-bg-blend:overlay;--awb-bg-size:cover;--awb-box-shadow:0px 2px 6px 0px rgba(214,214,214,0.61);;--awb-border-color:#dddddd;--awb-border-top:1px;--awb-border-right:1px;--awb-border-bottom:1px;--awb-border-left:1px;--awb-border-style:solid;--awb-flex-grow:0;--awb-flex-shrink:0;--awb-flex-grow-medium:0;--awb-flex-shrink-medium:0;--awb-flex-grow-small:0;--awb-flex-shrink-small:0;\" data-scroll-devices=\"small-visibility,medium-visibility,large-visibility\"><div class=\"fusion-column-wrapper fusion-column-has-shadow fusion-flex-justify-content-flex-start fusion-content-layout-column\"><div class=\"fusion-classic-product-image-wrapper fusion-woo-product-image fusion-post-card-image fusion-post-card-image-1\" data-layout=\"static\" style=\"--awb-margin-bottom:40px;\"><div  class=\"fusion-image-wrapper\" aria-haspopup=\"true\">\n\t\t\t\t\t\t\t<a href=\"\" aria-label=\"2023 Annual Report\">\n\t\t\t\t\t\t\t\t\t\t<div class=\"fusion-placeholder-image\" data-origheight=\"150\" data-origwidth=\"100%\" style=\"width:100%;height:150px;\"><\/div>\n\t\t\t\t\t<\/a>\n\t\t\t\t\t\t\t<\/div>\n<\/div><div class=\"fusion-meta-tb fusion-meta-tb-10 floated\" style=\"--awb-height:36px;--awb-margin-left:10px;--awb-margin-right:25px;--awb-alignment-medium:flex-start;--awb-alignment-small:flex-start;\"><span class=\"fusion-tb-published-date\">Published On: December 15th, 2025<\/span><span class=\"fusion-meta-tb-sep\"><\/span><\/div><div class=\"fusion-title title fusion-title-11 fusion-title-text fusion-title-size-two\" style=\"--awb-margin-right:10px;--awb-margin-bottom:15px;--awb-margin-left:10px;--awb-margin-top-small:0px;--awb-margin-right-small:10px;--awb-margin-bottom-small:20px;--awb-margin-left-small:10px;--awb-link-color:hsla(var(--awb-color8-h),var(--awb-color8-s),calc( var(--awb-color8-l) + 16% ),var(--awb-color8-a));--awb-link-hover-color:#ee3a3d;--awb-font-size:var(--awb-custom_typography_1-font-size);\"><div class=\"title-sep-container title-sep-container-left fusion-no-large-visibility fusion-no-medium-visibility fusion-no-small-visibility\"><div class=\"title-sep sep- sep-solid\" style=\"border-color:var(--awb-color3);\"><\/div><\/div><span class=\"awb-title-spacer fusion-no-large-visibility fusion-no-medium-visibility fusion-no-small-visibility\"><\/span><h2 class=\"fusion-title-heading title-heading-left fusion-responsive-typography-calculated\" style=\"font-family:var(--awb-custom_typography_1-font-family);font-weight:var(--awb-custom_typography_1-font-weight);font-style:var(--awb-custom_typography_1-font-style);margin:0;letter-spacing:var(--awb-custom_typography_1-letter-spacing);text-transform:var(--awb-custom_typography_1-text-transform);font-size:1em;--fontSize:19;--minFontSize:19;line-height:1.58;\"><a href=\"https:\/\/xjenzamalta.mt\/mt\/2025\/12\/15\/2023-annual-report\/\" class=\"awb-custom-text-color awb-custom-text-hover-color\" target=\"_self\">2023 Annual Report<\/a><\/h2><span class=\"awb-title-spacer\"><\/span><div class=\"title-sep-container title-sep-container-right\"><div class=\"title-sep sep- sep-solid\" style=\"border-color:var(--awb-color3);\"><\/div><\/div><\/div><div class=\"fusion-separator fusion-full-width-sep\" style=\"align-self: center;margin-left: auto;margin-right: auto;flex-grow:1;width:100%;\"><\/div><\/div><\/li>\n<li class=\"fusion-layout-column fusion_builder_column fusion-builder-column-11 fusion-flex-column post-card fusion-grid-column fusion-post-cards-grid-column\" style=\"--awb-bg-blend:overlay;--awb-bg-size:cover;--awb-box-shadow:0px 2px 6px 0px rgba(214,214,214,0.61);;--awb-border-color:#dddddd;--awb-border-top:1px;--awb-border-right:1px;--awb-border-bottom:1px;--awb-border-left:1px;--awb-border-style:solid;--awb-flex-grow:0;--awb-flex-shrink:0;--awb-flex-grow-medium:0;--awb-flex-shrink-medium:0;--awb-flex-grow-small:0;--awb-flex-shrink-small:0;\" data-scroll-devices=\"small-visibility,medium-visibility,large-visibility\"><div class=\"fusion-column-wrapper fusion-column-has-shadow fusion-flex-justify-content-flex-start fusion-content-layout-column\"><div class=\"fusion-classic-product-image-wrapper fusion-woo-product-image fusion-post-card-image fusion-post-card-image-1\" data-layout=\"static\" style=\"--awb-margin-bottom:40px;\"><div  class=\"fusion-image-wrapper\" aria-haspopup=\"true\">\n\t\t\t\t\t\t\t<a href=\"https:\/\/xjenzamalta.mt\/mt\/2025\/12\/09\/malta-together-with-xjenza-malta-will-be-working-towards-securing-closer-membership-with-cern-enabling-it-to-offer-opportunities-for-international-level-capacity-building-scientific-exploration-s\/\" aria-label=\"Malta, together with Xjenza Malta, will be working towards securing closer membership with CERN, enabling it to offer opportunities for international level capacity building, scientific exploration, STEAM-based learning, as well as global research networks.\">\n\t\t\t\t\t\t\t<img decoding=\"async\" width=\"1280\" height=\"853\" src=\"https:\/\/xjenzamalta.mt\/wp-content\/uploads\/2025\/12\/CERN2.jpeg\" class=\"attachment-full size-full lazyload wp-post-image\" alt=\"\" srcset=\"data:image\/svg+xml,%3Csvg%20xmlns%3D%27http%3A%2F%2Fwww.w3.org%2F2000%2Fsvg%27%20width%3D%271280%27%20height%3D%27853%27%20viewBox%3D%270%200%201280%20853%27%3E%3Crect%20width%3D%271280%27%20height%3D%27853%27%20fill-opacity%3D%220%22%2F%3E%3C%2Fsvg%3E\" data-orig-src=\"https:\/\/xjenzamalta.mt\/wp-content\/uploads\/2025\/12\/CERN2.jpeg\" data-srcset=\"https:\/\/xjenzamalta.mt\/wp-content\/uploads\/2025\/12\/CERN2-200x133.jpeg 200w, https:\/\/xjenzamalta.mt\/wp-content\/uploads\/2025\/12\/CERN2-400x267.jpeg 400w, https:\/\/xjenzamalta.mt\/wp-content\/uploads\/2025\/12\/CERN2-600x400.jpeg 600w, https:\/\/xjenzamalta.mt\/wp-content\/uploads\/2025\/12\/CERN2-800x533.jpeg 800w, https:\/\/xjenzamalta.mt\/wp-content\/uploads\/2025\/12\/CERN2-1200x800.jpeg 1200w, https:\/\/xjenzamalta.mt\/wp-content\/uploads\/2025\/12\/CERN2.jpeg 1280w\" data-sizes=\"auto\" \/>\t\t\t<\/a>\n\t\t\t\t\t\t\t<\/div>\n<\/div><div class=\"fusion-meta-tb fusion-meta-tb-11 floated\" style=\"--awb-height:36px;--awb-margin-left:10px;--awb-margin-right:25px;--awb-alignment-medium:flex-start;--awb-alignment-small:flex-start;\"><span class=\"fusion-tb-published-date\">Published On: December 9th, 2025<\/span><span class=\"fusion-meta-tb-sep\"><\/span><\/div><div class=\"fusion-title title fusion-title-12 fusion-title-text fusion-title-size-two\" style=\"--awb-margin-right:10px;--awb-margin-bottom:15px;--awb-margin-left:10px;--awb-margin-top-small:0px;--awb-margin-right-small:10px;--awb-margin-bottom-small:20px;--awb-margin-left-small:10px;--awb-link-color:hsla(var(--awb-color8-h),var(--awb-color8-s),calc( var(--awb-color8-l) + 16% ),var(--awb-color8-a));--awb-link-hover-color:#ee3a3d;--awb-font-size:var(--awb-custom_typography_1-font-size);\"><div class=\"title-sep-container title-sep-container-left fusion-no-large-visibility fusion-no-medium-visibility fusion-no-small-visibility\"><div class=\"title-sep sep- sep-solid\" style=\"border-color:var(--awb-color3);\"><\/div><\/div><span class=\"awb-title-spacer fusion-no-large-visibility fusion-no-medium-visibility fusion-no-small-visibility\"><\/span><h2 class=\"fusion-title-heading title-heading-left fusion-responsive-typography-calculated\" style=\"font-family:var(--awb-custom_typography_1-font-family);font-weight:var(--awb-custom_typography_1-font-weight);font-style:var(--awb-custom_typography_1-font-style);margin:0;letter-spacing:var(--awb-custom_typography_1-letter-spacing);text-transform:var(--awb-custom_typography_1-text-transform);font-size:1em;--fontSize:19;--minFontSize:19;line-height:1.58;\"><a href=\"https:\/\/xjenzamalta.mt\/mt\/2025\/12\/09\/malta-together-with-xjenza-malta-will-be-working-towards-securing-closer-membership-with-cern-enabling-it-to-offer-opportunities-for-international-level-capacity-building-scientific-exploration-s\/\" class=\"awb-custom-text-color awb-custom-text-hover-color\" target=\"_self\">Malta, together with Xjenza Malta, will be working towards securing closer membership with CERN, enabling it to offer opportunities for international level capacity building, scientific exploration, STEAM-based learning, as well as global research networks.<\/a><\/h2><span class=\"awb-title-spacer\"><\/span><div class=\"title-sep-container title-sep-container-right\"><div class=\"title-sep sep- sep-solid\" style=\"border-color:var(--awb-color3);\"><\/div><\/div><\/div><div class=\"fusion-separator fusion-full-width-sep\" style=\"align-self: center;margin-left: auto;margin-right: auto;flex-grow:1;width:100%;\"><\/div><\/div><\/li>\n<li class=\"fusion-layout-column fusion_builder_column fusion-builder-column-12 fusion-flex-column post-card fusion-grid-column fusion-post-cards-grid-column\" style=\"--awb-bg-blend:overlay;--awb-bg-size:cover;--awb-box-shadow:0px 2px 6px 0px rgba(214,214,214,0.61);;--awb-border-color:#dddddd;--awb-border-top:1px;--awb-border-right:1px;--awb-border-bottom:1px;--awb-border-left:1px;--awb-border-style:solid;--awb-flex-grow:0;--awb-flex-shrink:0;--awb-flex-grow-medium:0;--awb-flex-shrink-medium:0;--awb-flex-grow-small:0;--awb-flex-shrink-small:0;\" data-scroll-devices=\"small-visibility,medium-visibility,large-visibility\"><div class=\"fusion-column-wrapper fusion-column-has-shadow fusion-flex-justify-content-flex-start fusion-content-layout-column\"><div class=\"fusion-classic-product-image-wrapper fusion-woo-product-image fusion-post-card-image fusion-post-card-image-1\" data-layout=\"static\" style=\"--awb-margin-bottom:40px;\"><div  class=\"fusion-image-wrapper\" aria-haspopup=\"true\">\n\t\t\t\t\t\t\t<a href=\"https:\/\/xjenzamalta.mt\/mt\/2025\/12\/05\/xjenza-malta-hosts-the-celebration-of-the-italo-maltese-journey-to-space\/\" aria-label=\"Xjenza Malta hosts the celebration of the \u201cItalo-Maltese Journey to Space\u201d\">\n\t\t\t\t\t\t\t<img decoding=\"async\" width=\"2560\" height=\"1707\" src=\"https:\/\/xjenzamalta.mt\/wp-content\/uploads\/2025\/12\/Italian-night-47-scaled.jpg\" class=\"attachment-full size-full lazyload wp-post-image\" alt=\"\" srcset=\"data:image\/svg+xml,%3Csvg%20xmlns%3D%27http%3A%2F%2Fwww.w3.org%2F2000%2Fsvg%27%20width%3D%272560%27%20height%3D%271707%27%20viewBox%3D%270%200%202560%201707%27%3E%3Crect%20width%3D%272560%27%20height%3D%271707%27%20fill-opacity%3D%220%22%2F%3E%3C%2Fsvg%3E\" data-orig-src=\"https:\/\/xjenzamalta.mt\/wp-content\/uploads\/2025\/12\/Italian-night-47-scaled.jpg\" data-srcset=\"https:\/\/xjenzamalta.mt\/wp-content\/uploads\/2025\/12\/Italian-night-47-200x133.jpg 200w, https:\/\/xjenzamalta.mt\/wp-content\/uploads\/2025\/12\/Italian-night-47-400x267.jpg 400w, https:\/\/xjenzamalta.mt\/wp-content\/uploads\/2025\/12\/Italian-night-47-600x400.jpg 600w, https:\/\/xjenzamalta.mt\/wp-content\/uploads\/2025\/12\/Italian-night-47-800x533.jpg 800w, https:\/\/xjenzamalta.mt\/wp-content\/uploads\/2025\/12\/Italian-night-47-1200x800.jpg 1200w, https:\/\/xjenzamalta.mt\/wp-content\/uploads\/2025\/12\/Italian-night-47-scaled.jpg 2560w\" data-sizes=\"auto\" \/>\t\t\t<\/a>\n\t\t\t\t\t\t\t<\/div>\n<\/div><div class=\"fusion-meta-tb fusion-meta-tb-12 floated\" style=\"--awb-height:36px;--awb-margin-left:10px;--awb-margin-right:25px;--awb-alignment-medium:flex-start;--awb-alignment-small:flex-start;\"><span class=\"fusion-tb-published-date\">Published On: December 5th, 2025<\/span><span class=\"fusion-meta-tb-sep\"><\/span><\/div><div class=\"fusion-title title fusion-title-13 fusion-title-text fusion-title-size-two\" style=\"--awb-margin-right:10px;--awb-margin-bottom:15px;--awb-margin-left:10px;--awb-margin-top-small:0px;--awb-margin-right-small:10px;--awb-margin-bottom-small:20px;--awb-margin-left-small:10px;--awb-link-color:hsla(var(--awb-color8-h),var(--awb-color8-s),calc( var(--awb-color8-l) + 16% ),var(--awb-color8-a));--awb-link-hover-color:#ee3a3d;--awb-font-size:var(--awb-custom_typography_1-font-size);\"><div class=\"title-sep-container title-sep-container-left fusion-no-large-visibility fusion-no-medium-visibility fusion-no-small-visibility\"><div class=\"title-sep sep- sep-solid\" style=\"border-color:var(--awb-color3);\"><\/div><\/div><span class=\"awb-title-spacer fusion-no-large-visibility fusion-no-medium-visibility fusion-no-small-visibility\"><\/span><h2 class=\"fusion-title-heading title-heading-left fusion-responsive-typography-calculated\" style=\"font-family:var(--awb-custom_typography_1-font-family);font-weight:var(--awb-custom_typography_1-font-weight);font-style:var(--awb-custom_typography_1-font-style);margin:0;letter-spacing:var(--awb-custom_typography_1-letter-spacing);text-transform:var(--awb-custom_typography_1-text-transform);font-size:1em;--fontSize:19;--minFontSize:19;line-height:1.58;\"><a href=\"https:\/\/xjenzamalta.mt\/mt\/2025\/12\/05\/xjenza-malta-hosts-the-celebration-of-the-italo-maltese-journey-to-space\/\" class=\"awb-custom-text-color awb-custom-text-hover-color\" target=\"_self\">Xjenza Malta hosts the celebration of the \u201cItalo-Maltese Journey to Space\u201d<\/a><\/h2><span class=\"awb-title-spacer\"><\/span><div class=\"title-sep-container title-sep-container-right\"><div class=\"title-sep sep- sep-solid\" style=\"border-color:var(--awb-color3);\"><\/div><\/div><\/div><div class=\"fusion-separator fusion-full-width-sep\" style=\"align-self: center;margin-left: auto;margin-right: auto;flex-grow:1;width:100%;\"><\/div><\/div><\/li>\n<li class=\"fusion-layout-column fusion_builder_column fusion-builder-column-13 fusion-flex-column post-card fusion-grid-column fusion-post-cards-grid-column\" style=\"--awb-bg-blend:overlay;--awb-bg-size:cover;--awb-box-shadow:0px 2px 6px 0px rgba(214,214,214,0.61);;--awb-border-color:#dddddd;--awb-border-top:1px;--awb-border-right:1px;--awb-border-bottom:1px;--awb-border-left:1px;--awb-border-style:solid;--awb-flex-grow:0;--awb-flex-shrink:0;--awb-flex-grow-medium:0;--awb-flex-shrink-medium:0;--awb-flex-grow-small:0;--awb-flex-shrink-small:0;\" data-scroll-devices=\"small-visibility,medium-visibility,large-visibility\"><div class=\"fusion-column-wrapper fusion-column-has-shadow fusion-flex-justify-content-flex-start fusion-content-layout-column\"><div class=\"fusion-classic-product-image-wrapper fusion-woo-product-image fusion-post-card-image fusion-post-card-image-1\" data-layout=\"static\" style=\"--awb-margin-bottom:40px;\"><div  class=\"fusion-image-wrapper\" aria-haspopup=\"true\">\n\t\t\t\t\t\t\t<a href=\"https:\/\/xjenzamalta.mt\/mt\/2025\/12\/03\/eit-culture-creativity-establishes-its-presence-in-malta-in-partnership-with-xjenza-malta\/\" aria-label=\"EIT Culture &#038; Creativity establishes its presence in Malta, in partnership with Xjenza Malta\">\n\t\t\t\t\t\t\t<img decoding=\"async\" width=\"1827\" height=\"1278\" src=\"https:\/\/xjenzamalta.mt\/wp-content\/uploads\/2025\/12\/Villa-Bighi1.jpg\" class=\"attachment-full size-full lazyload wp-post-image\" alt=\"\" srcset=\"data:image\/svg+xml,%3Csvg%20xmlns%3D%27http%3A%2F%2Fwww.w3.org%2F2000%2Fsvg%27%20width%3D%271827%27%20height%3D%271278%27%20viewBox%3D%270%200%201827%201278%27%3E%3Crect%20width%3D%271827%27%20height%3D%271278%27%20fill-opacity%3D%220%22%2F%3E%3C%2Fsvg%3E\" data-orig-src=\"https:\/\/xjenzamalta.mt\/wp-content\/uploads\/2025\/12\/Villa-Bighi1.jpg\" data-srcset=\"https:\/\/xjenzamalta.mt\/wp-content\/uploads\/2025\/12\/Villa-Bighi1-200x140.jpg 200w, https:\/\/xjenzamalta.mt\/wp-content\/uploads\/2025\/12\/Villa-Bighi1-400x280.jpg 400w, https:\/\/xjenzamalta.mt\/wp-content\/uploads\/2025\/12\/Villa-Bighi1-600x420.jpg 600w, https:\/\/xjenzamalta.mt\/wp-content\/uploads\/2025\/12\/Villa-Bighi1-800x560.jpg 800w, https:\/\/xjenzamalta.mt\/wp-content\/uploads\/2025\/12\/Villa-Bighi1-1200x839.jpg 1200w, https:\/\/xjenzamalta.mt\/wp-content\/uploads\/2025\/12\/Villa-Bighi1.jpg 1827w\" data-sizes=\"auto\" \/>\t\t\t<\/a>\n\t\t\t\t\t\t\t<\/div>\n<\/div><div class=\"fusion-meta-tb fusion-meta-tb-13 floated\" style=\"--awb-height:36px;--awb-margin-left:10px;--awb-margin-right:25px;--awb-alignment-medium:flex-start;--awb-alignment-small:flex-start;\"><span class=\"fusion-tb-published-date\">Published On: December 3rd, 2025<\/span><span class=\"fusion-meta-tb-sep\"><\/span><\/div><div class=\"fusion-title title fusion-title-14 fusion-title-text fusion-title-size-two\" style=\"--awb-margin-right:10px;--awb-margin-bottom:15px;--awb-margin-left:10px;--awb-margin-top-small:0px;--awb-margin-right-small:10px;--awb-margin-bottom-small:20px;--awb-margin-left-small:10px;--awb-link-color:hsla(var(--awb-color8-h),var(--awb-color8-s),calc( var(--awb-color8-l) + 16% ),var(--awb-color8-a));--awb-link-hover-color:#ee3a3d;--awb-font-size:var(--awb-custom_typography_1-font-size);\"><div class=\"title-sep-container title-sep-container-left fusion-no-large-visibility fusion-no-medium-visibility fusion-no-small-visibility\"><div class=\"title-sep sep- sep-solid\" style=\"border-color:var(--awb-color3);\"><\/div><\/div><span class=\"awb-title-spacer fusion-no-large-visibility fusion-no-medium-visibility fusion-no-small-visibility\"><\/span><h2 class=\"fusion-title-heading title-heading-left fusion-responsive-typography-calculated\" style=\"font-family:var(--awb-custom_typography_1-font-family);font-weight:var(--awb-custom_typography_1-font-weight);font-style:var(--awb-custom_typography_1-font-style);margin:0;letter-spacing:var(--awb-custom_typography_1-letter-spacing);text-transform:var(--awb-custom_typography_1-text-transform);font-size:1em;--fontSize:19;--minFontSize:19;line-height:1.58;\"><a href=\"https:\/\/xjenzamalta.mt\/mt\/2025\/12\/03\/eit-culture-creativity-establishes-its-presence-in-malta-in-partnership-with-xjenza-malta\/\" class=\"awb-custom-text-color awb-custom-text-hover-color\" target=\"_self\">EIT Culture &#038; Creativity establishes its presence in Malta, in partnership with Xjenza Malta<\/a><\/h2><span class=\"awb-title-spacer\"><\/span><div class=\"title-sep-container title-sep-container-right\"><div class=\"title-sep sep- sep-solid\" style=\"border-color:var(--awb-color3);\"><\/div><\/div><\/div><div class=\"fusion-separator fusion-full-width-sep\" style=\"align-self: center;margin-left: auto;margin-right: auto;flex-grow:1;width:100%;\"><\/div><\/div><\/li>\n<li class=\"fusion-layout-column fusion_builder_column fusion-builder-column-14 fusion-flex-column post-card fusion-grid-column fusion-post-cards-grid-column\" style=\"--awb-bg-blend:overlay;--awb-bg-size:cover;--awb-box-shadow:0px 2px 6px 0px rgba(214,214,214,0.61);;--awb-border-color:#dddddd;--awb-border-top:1px;--awb-border-right:1px;--awb-border-bottom:1px;--awb-border-left:1px;--awb-border-style:solid;--awb-flex-grow:0;--awb-flex-shrink:0;--awb-flex-grow-medium:0;--awb-flex-shrink-medium:0;--awb-flex-grow-small:0;--awb-flex-shrink-small:0;\" data-scroll-devices=\"small-visibility,medium-visibility,large-visibility\"><div class=\"fusion-column-wrapper fusion-column-has-shadow fusion-flex-justify-content-flex-start fusion-content-layout-column\"><div class=\"fusion-classic-product-image-wrapper fusion-woo-product-image fusion-post-card-image fusion-post-card-image-1\" data-layout=\"static\" style=\"--awb-margin-bottom:40px;\"><div  class=\"fusion-image-wrapper\" aria-haspopup=\"true\">\n\t\t\t\t\t\t\t<a href=\"https:\/\/xjenzamalta.mt\/mt\/2025\/12\/01\/malta-joins-forces-to-tackle-antimicrobial-resistance-xjenza-malta-nationally-launches-the-european-partnership-on-one-health-antimicrobial-resistance\/\" aria-label=\"Malta joins forces to tackle antimicrobial resistance: Xjenza Malta nationally launches the European Partnership on One Health Antimicrobial Resistance\">\n\t\t\t\t\t\t\t<img decoding=\"async\" width=\"750\" height=\"500\" src=\"https:\/\/xjenzamalta.mt\/wp-content\/uploads\/2025\/12\/OHAMR.png\" class=\"attachment-full size-full lazyload wp-post-image\" alt=\"\" srcset=\"data:image\/svg+xml,%3Csvg%20xmlns%3D%27http%3A%2F%2Fwww.w3.org%2F2000%2Fsvg%27%20width%3D%27750%27%20height%3D%27500%27%20viewBox%3D%270%200%20750%20500%27%3E%3Crect%20width%3D%27750%27%20height%3D%27500%27%20fill-opacity%3D%220%22%2F%3E%3C%2Fsvg%3E\" data-orig-src=\"https:\/\/xjenzamalta.mt\/wp-content\/uploads\/2025\/12\/OHAMR.png\" data-srcset=\"https:\/\/xjenzamalta.mt\/wp-content\/uploads\/2025\/12\/OHAMR-200x133.png 200w, https:\/\/xjenzamalta.mt\/wp-content\/uploads\/2025\/12\/OHAMR-400x267.png 400w, https:\/\/xjenzamalta.mt\/wp-content\/uploads\/2025\/12\/OHAMR-600x400.png 600w, https:\/\/xjenzamalta.mt\/wp-content\/uploads\/2025\/12\/OHAMR.png 750w\" data-sizes=\"auto\" \/>\t\t\t<\/a>\n\t\t\t\t\t\t\t<\/div>\n<\/div><div class=\"fusion-meta-tb fusion-meta-tb-14 floated\" style=\"--awb-height:36px;--awb-margin-left:10px;--awb-margin-right:25px;--awb-alignment-medium:flex-start;--awb-alignment-small:flex-start;\"><span class=\"fusion-tb-published-date\">Published On: December 1st, 2025<\/span><span class=\"fusion-meta-tb-sep\"><\/span><\/div><div class=\"fusion-title title fusion-title-15 fusion-title-text fusion-title-size-two\" style=\"--awb-margin-right:10px;--awb-margin-bottom:15px;--awb-margin-left:10px;--awb-margin-top-small:0px;--awb-margin-right-small:10px;--awb-margin-bottom-small:20px;--awb-margin-left-small:10px;--awb-link-color:hsla(var(--awb-color8-h),var(--awb-color8-s),calc( var(--awb-color8-l) + 16% ),var(--awb-color8-a));--awb-link-hover-color:#ee3a3d;--awb-font-size:var(--awb-custom_typography_1-font-size);\"><div class=\"title-sep-container title-sep-container-left fusion-no-large-visibility fusion-no-medium-visibility fusion-no-small-visibility\"><div class=\"title-sep sep- sep-solid\" style=\"border-color:var(--awb-color3);\"><\/div><\/div><span class=\"awb-title-spacer fusion-no-large-visibility fusion-no-medium-visibility fusion-no-small-visibility\"><\/span><h2 class=\"fusion-title-heading title-heading-left fusion-responsive-typography-calculated\" style=\"font-family:var(--awb-custom_typography_1-font-family);font-weight:var(--awb-custom_typography_1-font-weight);font-style:var(--awb-custom_typography_1-font-style);margin:0;letter-spacing:var(--awb-custom_typography_1-letter-spacing);text-transform:var(--awb-custom_typography_1-text-transform);font-size:1em;--fontSize:19;--minFontSize:19;line-height:1.58;\"><a href=\"https:\/\/xjenzamalta.mt\/mt\/2025\/12\/01\/malta-joins-forces-to-tackle-antimicrobial-resistance-xjenza-malta-nationally-launches-the-european-partnership-on-one-health-antimicrobial-resistance\/\" class=\"awb-custom-text-color awb-custom-text-hover-color\" target=\"_self\">Malta joins forces to tackle antimicrobial resistance: Xjenza Malta nationally launches the European Partnership on One Health Antimicrobial Resistance<\/a><\/h2><span class=\"awb-title-spacer\"><\/span><div class=\"title-sep-container title-sep-container-right\"><div class=\"title-sep sep- sep-solid\" style=\"border-color:var(--awb-color3);\"><\/div><\/div><\/div><div class=\"fusion-separator fusion-full-width-sep\" style=\"align-self: center;margin-left: auto;margin-right: auto;flex-grow:1;width:100%;\"><\/div><\/div><\/li>\n<li class=\"fusion-layout-column fusion_builder_column fusion-builder-column-15 fusion-flex-column post-card fusion-grid-column fusion-post-cards-grid-column\" style=\"--awb-bg-blend:overlay;--awb-bg-size:cover;--awb-box-shadow:0px 2px 6px 0px rgba(214,214,214,0.61);;--awb-border-color:#dddddd;--awb-border-top:1px;--awb-border-right:1px;--awb-border-bottom:1px;--awb-border-left:1px;--awb-border-style:solid;--awb-flex-grow:0;--awb-flex-shrink:0;--awb-flex-grow-medium:0;--awb-flex-shrink-medium:0;--awb-flex-grow-small:0;--awb-flex-shrink-small:0;\" data-scroll-devices=\"small-visibility,medium-visibility,large-visibility\"><div class=\"fusion-column-wrapper fusion-column-has-shadow fusion-flex-justify-content-flex-start fusion-content-layout-column\"><div class=\"fusion-classic-product-image-wrapper fusion-woo-product-image fusion-post-card-image fusion-post-card-image-1\" data-layout=\"static\" style=\"--awb-margin-bottom:40px;\"><div  class=\"fusion-image-wrapper\" aria-haspopup=\"true\">\n\t\t\t\t\t\t\t<a href=\"https:\/\/xjenzamalta.mt\/mt\/2025\/11\/28\/press-release-by-the-ministry-for-education-sport-youth-research-and-innovation-malta-strengthens-its-collaboration-with-cern-during-the-2025-research-and-innovation-days\/\" aria-label=\"PRESS RELEASE BY THE MINISTRY FOR EDUCATION, SPORT, YOUTH, RESEARCH AND INNOVATION &#8211; Malta strengthens its collaboration with CERN during the 2025 Research and Innovation Days\">\n\t\t\t\t\t\t\t<img decoding=\"async\" width=\"2048\" height=\"1152\" src=\"https:\/\/xjenzamalta.mt\/wp-content\/uploads\/2025\/11\/CERN.jpeg\" class=\"attachment-full size-full lazyload wp-post-image\" alt=\"\" srcset=\"data:image\/svg+xml,%3Csvg%20xmlns%3D%27http%3A%2F%2Fwww.w3.org%2F2000%2Fsvg%27%20width%3D%272048%27%20height%3D%271152%27%20viewBox%3D%270%200%202048%201152%27%3E%3Crect%20width%3D%272048%27%20height%3D%271152%27%20fill-opacity%3D%220%22%2F%3E%3C%2Fsvg%3E\" data-orig-src=\"https:\/\/xjenzamalta.mt\/wp-content\/uploads\/2025\/11\/CERN.jpeg\" data-srcset=\"https:\/\/xjenzamalta.mt\/wp-content\/uploads\/2025\/11\/CERN-200x113.jpeg 200w, https:\/\/xjenzamalta.mt\/wp-content\/uploads\/2025\/11\/CERN-400x225.jpeg 400w, https:\/\/xjenzamalta.mt\/wp-content\/uploads\/2025\/11\/CERN-600x338.jpeg 600w, https:\/\/xjenzamalta.mt\/wp-content\/uploads\/2025\/11\/CERN-800x450.jpeg 800w, https:\/\/xjenzamalta.mt\/wp-content\/uploads\/2025\/11\/CERN-1200x675.jpeg 1200w, https:\/\/xjenzamalta.mt\/wp-content\/uploads\/2025\/11\/CERN.jpeg 2048w\" data-sizes=\"auto\" \/>\t\t\t<\/a>\n\t\t\t\t\t\t\t<\/div>\n<\/div><div class=\"fusion-meta-tb fusion-meta-tb-15 floated\" style=\"--awb-height:36px;--awb-margin-left:10px;--awb-margin-right:25px;--awb-alignment-medium:flex-start;--awb-alignment-small:flex-start;\"><span class=\"fusion-tb-published-date\">Published On: November 28th, 2025<\/span><span class=\"fusion-meta-tb-sep\"><\/span><\/div><div class=\"fusion-title title fusion-title-16 fusion-title-text fusion-title-size-two\" style=\"--awb-margin-right:10px;--awb-margin-bottom:15px;--awb-margin-left:10px;--awb-margin-top-small:0px;--awb-margin-right-small:10px;--awb-margin-bottom-small:20px;--awb-margin-left-small:10px;--awb-link-color:hsla(var(--awb-color8-h),var(--awb-color8-s),calc( var(--awb-color8-l) + 16% ),var(--awb-color8-a));--awb-link-hover-color:#ee3a3d;--awb-font-size:var(--awb-custom_typography_1-font-size);\"><div class=\"title-sep-container title-sep-container-left fusion-no-large-visibility fusion-no-medium-visibility fusion-no-small-visibility\"><div class=\"title-sep sep- sep-solid\" style=\"border-color:var(--awb-color3);\"><\/div><\/div><span class=\"awb-title-spacer fusion-no-large-visibility fusion-no-medium-visibility fusion-no-small-visibility\"><\/span><h2 class=\"fusion-title-heading title-heading-left fusion-responsive-typography-calculated\" style=\"font-family:var(--awb-custom_typography_1-font-family);font-weight:var(--awb-custom_typography_1-font-weight);font-style:var(--awb-custom_typography_1-font-style);margin:0;letter-spacing:var(--awb-custom_typography_1-letter-spacing);text-transform:var(--awb-custom_typography_1-text-transform);font-size:1em;--fontSize:19;--minFontSize:19;line-height:1.58;\"><a href=\"https:\/\/xjenzamalta.mt\/mt\/2025\/11\/28\/press-release-by-the-ministry-for-education-sport-youth-research-and-innovation-malta-strengthens-its-collaboration-with-cern-during-the-2025-research-and-innovation-days\/\" class=\"awb-custom-text-color awb-custom-text-hover-color\" target=\"_self\">PRESS RELEASE BY THE MINISTRY FOR EDUCATION, SPORT, YOUTH, RESEARCH AND INNOVATION &#8211; Malta strengthens its collaboration with CERN during the 2025 Research and Innovation Days<\/a><\/h2><span class=\"awb-title-spacer\"><\/span><div class=\"title-sep-container title-sep-container-right\"><div class=\"title-sep sep- sep-solid\" style=\"border-color:var(--awb-color3);\"><\/div><\/div><\/div><div class=\"fusion-separator fusion-full-width-sep\" style=\"align-self: center;margin-left: auto;margin-right: auto;flex-grow:1;width:100%;\"><\/div><\/div><\/li>\n<li class=\"fusion-layout-column fusion_builder_column fusion-builder-column-16 fusion-flex-column post-card fusion-grid-column fusion-post-cards-grid-column\" style=\"--awb-bg-blend:overlay;--awb-bg-size:cover;--awb-box-shadow:0px 2px 6px 0px rgba(214,214,214,0.61);;--awb-border-color:#dddddd;--awb-border-top:1px;--awb-border-right:1px;--awb-border-bottom:1px;--awb-border-left:1px;--awb-border-style:solid;--awb-flex-grow:0;--awb-flex-shrink:0;--awb-flex-grow-medium:0;--awb-flex-shrink-medium:0;--awb-flex-grow-small:0;--awb-flex-shrink-small:0;\" data-scroll-devices=\"small-visibility,medium-visibility,large-visibility\"><div class=\"fusion-column-wrapper fusion-column-has-shadow fusion-flex-justify-content-flex-start fusion-content-layout-column\"><div class=\"fusion-classic-product-image-wrapper fusion-woo-product-image fusion-post-card-image fusion-post-card-image-1\" data-layout=\"static\" style=\"--awb-margin-bottom:40px;\"><div  class=\"fusion-image-wrapper\" aria-haspopup=\"true\">\n\t\t\t\t\t\t\t<a href=\"https:\/\/xjenzamalta.mt\/mt\/2025\/11\/28\/press-release-by-the-parliamentary-secretariat-for-youth-research-and-innovation-the-research-and-innovation-expo-2025-showcases-over-35-research-projects-and-strengthens-public-engagement-in-scien\/\" aria-label=\"PRESS RELEASE BY THE PARLIAMENTARY SECRETARIAT FOR YOUTH, RESEARCH AND INNOVATION &#8211; The Research and Innovation EXPO 2025 showcases over 35 research projects and strengthens public engagement in science\">\n\t\t\t\t\t\t\t<img decoding=\"async\" width=\"1600\" height=\"900\" src=\"https:\/\/xjenzamalta.mt\/wp-content\/uploads\/2025\/11\/RI-EXPO.jpeg\" class=\"attachment-full size-full lazyload wp-post-image\" alt=\"\" srcset=\"data:image\/svg+xml,%3Csvg%20xmlns%3D%27http%3A%2F%2Fwww.w3.org%2F2000%2Fsvg%27%20width%3D%271600%27%20height%3D%27900%27%20viewBox%3D%270%200%201600%20900%27%3E%3Crect%20width%3D%271600%27%20height%3D%27900%27%20fill-opacity%3D%220%22%2F%3E%3C%2Fsvg%3E\" data-orig-src=\"https:\/\/xjenzamalta.mt\/wp-content\/uploads\/2025\/11\/RI-EXPO.jpeg\" data-srcset=\"https:\/\/xjenzamalta.mt\/wp-content\/uploads\/2025\/11\/RI-EXPO-200x113.jpeg 200w, https:\/\/xjenzamalta.mt\/wp-content\/uploads\/2025\/11\/RI-EXPO-400x225.jpeg 400w, https:\/\/xjenzamalta.mt\/wp-content\/uploads\/2025\/11\/RI-EXPO-600x338.jpeg 600w, https:\/\/xjenzamalta.mt\/wp-content\/uploads\/2025\/11\/RI-EXPO-800x450.jpeg 800w, https:\/\/xjenzamalta.mt\/wp-content\/uploads\/2025\/11\/RI-EXPO-1200x675.jpeg 1200w, https:\/\/xjenzamalta.mt\/wp-content\/uploads\/2025\/11\/RI-EXPO.jpeg 1600w\" data-sizes=\"auto\" \/>\t\t\t<\/a>\n\t\t\t\t\t\t\t<\/div>\n<\/div><div class=\"fusion-meta-tb fusion-meta-tb-16 floated\" style=\"--awb-height:36px;--awb-margin-left:10px;--awb-margin-right:25px;--awb-alignment-medium:flex-start;--awb-alignment-small:flex-start;\"><span class=\"fusion-tb-published-date\">Published On: November 28th, 2025<\/span><span class=\"fusion-meta-tb-sep\"><\/span><\/div><div class=\"fusion-title title fusion-title-17 fusion-title-text fusion-title-size-two\" style=\"--awb-margin-right:10px;--awb-margin-bottom:15px;--awb-margin-left:10px;--awb-margin-top-small:0px;--awb-margin-right-small:10px;--awb-margin-bottom-small:20px;--awb-margin-left-small:10px;--awb-link-color:hsla(var(--awb-color8-h),var(--awb-color8-s),calc( var(--awb-color8-l) + 16% ),var(--awb-color8-a));--awb-link-hover-color:#ee3a3d;--awb-font-size:var(--awb-custom_typography_1-font-size);\"><div class=\"title-sep-container title-sep-container-left fusion-no-large-visibility fusion-no-medium-visibility fusion-no-small-visibility\"><div class=\"title-sep sep- sep-solid\" style=\"border-color:var(--awb-color3);\"><\/div><\/div><span class=\"awb-title-spacer fusion-no-large-visibility fusion-no-medium-visibility fusion-no-small-visibility\"><\/span><h2 class=\"fusion-title-heading title-heading-left fusion-responsive-typography-calculated\" style=\"font-family:var(--awb-custom_typography_1-font-family);font-weight:var(--awb-custom_typography_1-font-weight);font-style:var(--awb-custom_typography_1-font-style);margin:0;letter-spacing:var(--awb-custom_typography_1-letter-spacing);text-transform:var(--awb-custom_typography_1-text-transform);font-size:1em;--fontSize:19;--minFontSize:19;line-height:1.58;\"><a href=\"https:\/\/xjenzamalta.mt\/mt\/2025\/11\/28\/press-release-by-the-parliamentary-secretariat-for-youth-research-and-innovation-the-research-and-innovation-expo-2025-showcases-over-35-research-projects-and-strengthens-public-engagement-in-scien\/\" class=\"awb-custom-text-color awb-custom-text-hover-color\" target=\"_self\">PRESS RELEASE BY THE PARLIAMENTARY SECRETARIAT FOR YOUTH, RESEARCH AND INNOVATION &#8211; The Research and Innovation EXPO 2025 showcases over 35 research projects and strengthens public engagement in science<\/a><\/h2><span class=\"awb-title-spacer\"><\/span><div class=\"title-sep-container title-sep-container-right\"><div class=\"title-sep sep- sep-solid\" style=\"border-color:var(--awb-color3);\"><\/div><\/div><\/div><div class=\"fusion-separator fusion-full-width-sep\" style=\"align-self: center;margin-left: auto;margin-right: auto;flex-grow:1;width:100%;\"><\/div><\/div><\/li>\n<li class=\"fusion-layout-column fusion_builder_column fusion-builder-column-17 fusion-flex-column post-card fusion-grid-column fusion-post-cards-grid-column\" style=\"--awb-bg-blend:overlay;--awb-bg-size:cover;--awb-box-shadow:0px 2px 6px 0px rgba(214,214,214,0.61);;--awb-border-color:#dddddd;--awb-border-top:1px;--awb-border-right:1px;--awb-border-bottom:1px;--awb-border-left:1px;--awb-border-style:solid;--awb-flex-grow:0;--awb-flex-shrink:0;--awb-flex-grow-medium:0;--awb-flex-shrink-medium:0;--awb-flex-grow-small:0;--awb-flex-shrink-small:0;\" data-scroll-devices=\"small-visibility,medium-visibility,large-visibility\"><div class=\"fusion-column-wrapper fusion-column-has-shadow fusion-flex-justify-content-flex-start fusion-content-layout-column\"><div class=\"fusion-classic-product-image-wrapper fusion-woo-product-image fusion-post-card-image fusion-post-card-image-1\" data-layout=\"static\" style=\"--awb-margin-bottom:40px;\"><div  class=\"fusion-image-wrapper\" aria-haspopup=\"true\">\n\t\t\t\t\t\t\t<a href=\"https:\/\/xjenzamalta.mt\/mt\/2025\/11\/25\/xjenza-malta-and-the-european-institute-for-innovation-and-technology-eit-sign-an-mou-to-launch-the-mt-regional-innovation-booster\/\" aria-label=\"Xjenza Malta and the European Institute for Innovation and Technology (EIT) sign an MoU to Launch the MT Regional Innovation Booster.\">\n\t\t\t\t\t\t\t<img decoding=\"async\" width=\"2560\" height=\"1707\" src=\"https:\/\/xjenzamalta.mt\/wp-content\/uploads\/2025\/11\/V2B89209-scaled.jpg\" class=\"attachment-full size-full lazyload wp-post-image\" alt=\"\" srcset=\"data:image\/svg+xml,%3Csvg%20xmlns%3D%27http%3A%2F%2Fwww.w3.org%2F2000%2Fsvg%27%20width%3D%272560%27%20height%3D%271707%27%20viewBox%3D%270%200%202560%201707%27%3E%3Crect%20width%3D%272560%27%20height%3D%271707%27%20fill-opacity%3D%220%22%2F%3E%3C%2Fsvg%3E\" data-orig-src=\"https:\/\/xjenzamalta.mt\/wp-content\/uploads\/2025\/11\/V2B89209-scaled.jpg\" data-srcset=\"https:\/\/xjenzamalta.mt\/wp-content\/uploads\/2025\/11\/V2B89209-200x133.jpg 200w, https:\/\/xjenzamalta.mt\/wp-content\/uploads\/2025\/11\/V2B89209-400x267.jpg 400w, https:\/\/xjenzamalta.mt\/wp-content\/uploads\/2025\/11\/V2B89209-600x400.jpg 600w, https:\/\/xjenzamalta.mt\/wp-content\/uploads\/2025\/11\/V2B89209-800x533.jpg 800w, https:\/\/xjenzamalta.mt\/wp-content\/uploads\/2025\/11\/V2B89209-1200x800.jpg 1200w, https:\/\/xjenzamalta.mt\/wp-content\/uploads\/2025\/11\/V2B89209-scaled.jpg 2560w\" data-sizes=\"auto\" \/>\t\t\t<\/a>\n\t\t\t\t\t\t\t<\/div>\n<\/div><div class=\"fusion-meta-tb fusion-meta-tb-17 floated\" style=\"--awb-height:36px;--awb-margin-left:10px;--awb-margin-right:25px;--awb-alignment-medium:flex-start;--awb-alignment-small:flex-start;\"><span class=\"fusion-tb-published-date\">Published On: November 25th, 2025<\/span><span class=\"fusion-meta-tb-sep\"><\/span><\/div><div class=\"fusion-title title fusion-title-18 fusion-title-text fusion-title-size-two\" style=\"--awb-margin-right:10px;--awb-margin-bottom:15px;--awb-margin-left:10px;--awb-margin-top-small:0px;--awb-margin-right-small:10px;--awb-margin-bottom-small:20px;--awb-margin-left-small:10px;--awb-link-color:hsla(var(--awb-color8-h),var(--awb-color8-s),calc( var(--awb-color8-l) + 16% ),var(--awb-color8-a));--awb-link-hover-color:#ee3a3d;--awb-font-size:var(--awb-custom_typography_1-font-size);\"><div class=\"title-sep-container title-sep-container-left fusion-no-large-visibility fusion-no-medium-visibility fusion-no-small-visibility\"><div class=\"title-sep sep- sep-solid\" style=\"border-color:var(--awb-color3);\"><\/div><\/div><span class=\"awb-title-spacer fusion-no-large-visibility fusion-no-medium-visibility fusion-no-small-visibility\"><\/span><h2 class=\"fusion-title-heading title-heading-left fusion-responsive-typography-calculated\" style=\"font-family:var(--awb-custom_typography_1-font-family);font-weight:var(--awb-custom_typography_1-font-weight);font-style:var(--awb-custom_typography_1-font-style);margin:0;letter-spacing:var(--awb-custom_typography_1-letter-spacing);text-transform:var(--awb-custom_typography_1-text-transform);font-size:1em;--fontSize:19;--minFontSize:19;line-height:1.58;\"><a href=\"https:\/\/xjenzamalta.mt\/mt\/2025\/11\/25\/xjenza-malta-and-the-european-institute-for-innovation-and-technology-eit-sign-an-mou-to-launch-the-mt-regional-innovation-booster\/\" class=\"awb-custom-text-color awb-custom-text-hover-color\" target=\"_self\">Xjenza Malta and the European Institute for Innovation and Technology (EIT) sign an MoU to Launch the MT Regional Innovation Booster.<\/a><\/h2><span class=\"awb-title-spacer\"><\/span><div class=\"title-sep-container title-sep-container-right\"><div class=\"title-sep sep- sep-solid\" style=\"border-color:var(--awb-color3);\"><\/div><\/div><\/div><div class=\"fusion-separator fusion-full-width-sep\" style=\"align-self: center;margin-left: auto;margin-right: auto;flex-grow:1;width:100%;\"><\/div><\/div><\/li>\n<li class=\"fusion-layout-column fusion_builder_column fusion-builder-column-18 fusion-flex-column post-card fusion-grid-column fusion-post-cards-grid-column\" style=\"--awb-bg-blend:overlay;--awb-bg-size:cover;--awb-box-shadow:0px 2px 6px 0px rgba(214,214,214,0.61);;--awb-border-color:#dddddd;--awb-border-top:1px;--awb-border-right:1px;--awb-border-bottom:1px;--awb-border-left:1px;--awb-border-style:solid;--awb-flex-grow:0;--awb-flex-shrink:0;--awb-flex-grow-medium:0;--awb-flex-shrink-medium:0;--awb-flex-grow-small:0;--awb-flex-shrink-small:0;\" data-scroll-devices=\"small-visibility,medium-visibility,large-visibility\"><div class=\"fusion-column-wrapper fusion-column-has-shadow fusion-flex-justify-content-flex-start fusion-content-layout-column\"><div class=\"fusion-classic-product-image-wrapper fusion-woo-product-image fusion-post-card-image fusion-post-card-image-1\" data-layout=\"static\" style=\"--awb-margin-bottom:40px;\"><div  class=\"fusion-image-wrapper\" aria-haspopup=\"true\">\n\t\t\t\t\t\t\t<a href=\"https:\/\/xjenzamalta.mt\/mt\/2025\/11\/21\/stqarrija-mis-segretarjat-parlamentari-ghaz-zghazagh-ir-ricerka-u-l-innovazzjoni-il-premjijiet-fusion-2025-celebrazzjoni-tal-progetti-fir-ricerka-applikata-fpajjizna\/\" aria-label=\"STQARRIJA MIS-SEGRETARJAT PARLAMENTARI G\u0126A\u017b-\u017bG\u0126A\u017bAG\u0126, IR-RI\u010aERKA U L-INNOVAZZJONI Il-Premjijiet FUSION 2025: \u010aelebrazzjoni tal-pro\u0121etti fir-ri\u010berka applikata f\u2019pajji\u017cna\">\n\t\t\t\t\t\t\t<img decoding=\"async\" width=\"750\" height=\"500\" src=\"https:\/\/xjenzamalta.mt\/wp-content\/uploads\/2025\/11\/Untitled-design-11.png\" class=\"attachment-full size-full lazyload wp-post-image\" alt=\"\" srcset=\"data:image\/svg+xml,%3Csvg%20xmlns%3D%27http%3A%2F%2Fwww.w3.org%2F2000%2Fsvg%27%20width%3D%27750%27%20height%3D%27500%27%20viewBox%3D%270%200%20750%20500%27%3E%3Crect%20width%3D%27750%27%20height%3D%27500%27%20fill-opacity%3D%220%22%2F%3E%3C%2Fsvg%3E\" data-orig-src=\"https:\/\/xjenzamalta.mt\/wp-content\/uploads\/2025\/11\/Untitled-design-11.png\" data-srcset=\"https:\/\/xjenzamalta.mt\/wp-content\/uploads\/2025\/11\/Untitled-design-11-200x133.png 200w, https:\/\/xjenzamalta.mt\/wp-content\/uploads\/2025\/11\/Untitled-design-11-400x267.png 400w, https:\/\/xjenzamalta.mt\/wp-content\/uploads\/2025\/11\/Untitled-design-11-600x400.png 600w, https:\/\/xjenzamalta.mt\/wp-content\/uploads\/2025\/11\/Untitled-design-11.png 750w\" data-sizes=\"auto\" \/>\t\t\t<\/a>\n\t\t\t\t\t\t\t<\/div>\n<\/div><div class=\"fusion-meta-tb fusion-meta-tb-18 floated\" style=\"--awb-height:36px;--awb-margin-left:10px;--awb-margin-right:25px;--awb-alignment-medium:flex-start;--awb-alignment-small:flex-start;\"><span class=\"fusion-tb-published-date\">Published On: November 21st, 2025<\/span><span class=\"fusion-meta-tb-sep\"><\/span><\/div><div class=\"fusion-title title fusion-title-19 fusion-title-text fusion-title-size-two\" style=\"--awb-margin-right:10px;--awb-margin-bottom:15px;--awb-margin-left:10px;--awb-margin-top-small:0px;--awb-margin-right-small:10px;--awb-margin-bottom-small:20px;--awb-margin-left-small:10px;--awb-link-color:hsla(var(--awb-color8-h),var(--awb-color8-s),calc( var(--awb-color8-l) + 16% ),var(--awb-color8-a));--awb-link-hover-color:#ee3a3d;--awb-font-size:var(--awb-custom_typography_1-font-size);\"><div class=\"title-sep-container title-sep-container-left fusion-no-large-visibility fusion-no-medium-visibility fusion-no-small-visibility\"><div class=\"title-sep sep- sep-solid\" style=\"border-color:var(--awb-color3);\"><\/div><\/div><span class=\"awb-title-spacer fusion-no-large-visibility fusion-no-medium-visibility fusion-no-small-visibility\"><\/span><h2 class=\"fusion-title-heading title-heading-left fusion-responsive-typography-calculated\" style=\"font-family:var(--awb-custom_typography_1-font-family);font-weight:var(--awb-custom_typography_1-font-weight);font-style:var(--awb-custom_typography_1-font-style);margin:0;letter-spacing:var(--awb-custom_typography_1-letter-spacing);text-transform:var(--awb-custom_typography_1-text-transform);font-size:1em;--fontSize:19;--minFontSize:19;line-height:1.58;\"><a href=\"https:\/\/xjenzamalta.mt\/mt\/2025\/11\/21\/stqarrija-mis-segretarjat-parlamentari-ghaz-zghazagh-ir-ricerka-u-l-innovazzjoni-il-premjijiet-fusion-2025-celebrazzjoni-tal-progetti-fir-ricerka-applikata-fpajjizna\/\" class=\"awb-custom-text-color awb-custom-text-hover-color\" target=\"_self\">STQARRIJA MIS-SEGRETARJAT PARLAMENTARI G\u0126A\u017b-\u017bG\u0126A\u017bAG\u0126, IR-RI\u010aERKA U L-INNOVAZZJONI Il-Premjijiet FUSION 2025: \u010aelebrazzjoni tal-pro\u0121etti fir-ri\u010berka applikata f\u2019pajji\u017cna<\/a><\/h2><span class=\"awb-title-spacer\"><\/span><div class=\"title-sep-container title-sep-container-right\"><div class=\"title-sep sep- sep-solid\" style=\"border-color:var(--awb-color3);\"><\/div><\/div><\/div><div class=\"fusion-separator fusion-full-width-sep\" style=\"align-self: center;margin-left: auto;margin-right: auto;flex-grow:1;width:100%;\"><\/div><\/div><\/li>\n<li class=\"fusion-layout-column fusion_builder_column fusion-builder-column-19 fusion-flex-column post-card fusion-grid-column fusion-post-cards-grid-column\" style=\"--awb-bg-blend:overlay;--awb-bg-size:cover;--awb-box-shadow:0px 2px 6px 0px rgba(214,214,214,0.61);;--awb-border-color:#dddddd;--awb-border-top:1px;--awb-border-right:1px;--awb-border-bottom:1px;--awb-border-left:1px;--awb-border-style:solid;--awb-flex-grow:0;--awb-flex-shrink:0;--awb-flex-grow-medium:0;--awb-flex-shrink-medium:0;--awb-flex-grow-small:0;--awb-flex-shrink-small:0;\" data-scroll-devices=\"small-visibility,medium-visibility,large-visibility\"><div class=\"fusion-column-wrapper fusion-column-has-shadow fusion-flex-justify-content-flex-start fusion-content-layout-column\"><div class=\"fusion-classic-product-image-wrapper fusion-woo-product-image fusion-post-card-image fusion-post-card-image-1\" data-layout=\"static\" style=\"--awb-margin-bottom:40px;\"><div  class=\"fusion-image-wrapper\" aria-haspopup=\"true\">\n\t\t\t\t\t\t\t<a href=\"https:\/\/xjenzamalta.mt\/mt\/2025\/10\/09\/press-release-by-the-parliamentary-secretariat-for-youth-research-and-innovation-cancer-research-days-committed-towards-scientific-cancer-research-and-innovation\/\" aria-label=\"PRESS RELEASE BY THE PARLIAMENTARY SECRETARIAT FOR YOUTH, RESEARCH AND INNOVATION &#8211; Cancer Research Days: committed towards scientific cancer research and innovation\">\n\t\t\t\t\t\t\t<img decoding=\"async\" width=\"750\" height=\"500\" src=\"https:\/\/xjenzamalta.mt\/wp-content\/uploads\/2025\/10\/Untitled-design-6.png\" class=\"attachment-full size-full lazyload wp-post-image\" alt=\"\" srcset=\"data:image\/svg+xml,%3Csvg%20xmlns%3D%27http%3A%2F%2Fwww.w3.org%2F2000%2Fsvg%27%20width%3D%27750%27%20height%3D%27500%27%20viewBox%3D%270%200%20750%20500%27%3E%3Crect%20width%3D%27750%27%20height%3D%27500%27%20fill-opacity%3D%220%22%2F%3E%3C%2Fsvg%3E\" data-orig-src=\"https:\/\/xjenzamalta.mt\/wp-content\/uploads\/2025\/10\/Untitled-design-6.png\" data-srcset=\"https:\/\/xjenzamalta.mt\/wp-content\/uploads\/2025\/10\/Untitled-design-6-200x133.png 200w, https:\/\/xjenzamalta.mt\/wp-content\/uploads\/2025\/10\/Untitled-design-6-400x267.png 400w, https:\/\/xjenzamalta.mt\/wp-content\/uploads\/2025\/10\/Untitled-design-6-600x400.png 600w, https:\/\/xjenzamalta.mt\/wp-content\/uploads\/2025\/10\/Untitled-design-6.png 750w\" data-sizes=\"auto\" \/>\t\t\t<\/a>\n\t\t\t\t\t\t\t<\/div>\n<\/div><div class=\"fusion-meta-tb fusion-meta-tb-19 floated\" style=\"--awb-height:36px;--awb-margin-left:10px;--awb-margin-right:25px;--awb-alignment-medium:flex-start;--awb-alignment-small:flex-start;\"><span class=\"fusion-tb-published-date\">Published On: October 9th, 2025<\/span><span class=\"fusion-meta-tb-sep\"><\/span><\/div><div class=\"fusion-title title fusion-title-20 fusion-title-text fusion-title-size-two\" style=\"--awb-margin-right:10px;--awb-margin-bottom:15px;--awb-margin-left:10px;--awb-margin-top-small:0px;--awb-margin-right-small:10px;--awb-margin-bottom-small:20px;--awb-margin-left-small:10px;--awb-link-color:hsla(var(--awb-color8-h),var(--awb-color8-s),calc( var(--awb-color8-l) + 16% ),var(--awb-color8-a));--awb-link-hover-color:#ee3a3d;--awb-font-size:var(--awb-custom_typography_1-font-size);\"><div class=\"title-sep-container title-sep-container-left fusion-no-large-visibility fusion-no-medium-visibility fusion-no-small-visibility\"><div class=\"title-sep sep- sep-solid\" style=\"border-color:var(--awb-color3);\"><\/div><\/div><span class=\"awb-title-spacer fusion-no-large-visibility fusion-no-medium-visibility fusion-no-small-visibility\"><\/span><h2 class=\"fusion-title-heading title-heading-left fusion-responsive-typography-calculated\" style=\"font-family:var(--awb-custom_typography_1-font-family);font-weight:var(--awb-custom_typography_1-font-weight);font-style:var(--awb-custom_typography_1-font-style);margin:0;letter-spacing:var(--awb-custom_typography_1-letter-spacing);text-transform:var(--awb-custom_typography_1-text-transform);font-size:1em;--fontSize:19;--minFontSize:19;line-height:1.58;\"><a href=\"https:\/\/xjenzamalta.mt\/mt\/2025\/10\/09\/press-release-by-the-parliamentary-secretariat-for-youth-research-and-innovation-cancer-research-days-committed-towards-scientific-cancer-research-and-innovation\/\" class=\"awb-custom-text-color awb-custom-text-hover-color\" target=\"_self\">PRESS RELEASE BY THE PARLIAMENTARY SECRETARIAT FOR YOUTH, RESEARCH AND INNOVATION &#8211; Cancer Research Days: committed towards scientific cancer research and innovation<\/a><\/h2><span class=\"awb-title-spacer\"><\/span><div class=\"title-sep-container title-sep-container-right\"><div class=\"title-sep sep- sep-solid\" style=\"border-color:var(--awb-color3);\"><\/div><\/div><\/div><div class=\"fusion-separator fusion-full-width-sep\" style=\"align-self: center;margin-left: auto;margin-right: auto;flex-grow:1;width:100%;\"><\/div><\/div><\/li>\n<li class=\"fusion-layout-column fusion_builder_column fusion-builder-column-20 fusion-flex-column post-card fusion-grid-column fusion-post-cards-grid-column\" style=\"--awb-bg-blend:overlay;--awb-bg-size:cover;--awb-box-shadow:0px 2px 6px 0px rgba(214,214,214,0.61);;--awb-border-color:#dddddd;--awb-border-top:1px;--awb-border-right:1px;--awb-border-bottom:1px;--awb-border-left:1px;--awb-border-style:solid;--awb-flex-grow:0;--awb-flex-shrink:0;--awb-flex-grow-medium:0;--awb-flex-shrink-medium:0;--awb-flex-grow-small:0;--awb-flex-shrink-small:0;\" data-scroll-devices=\"small-visibility,medium-visibility,large-visibility\"><div class=\"fusion-column-wrapper fusion-column-has-shadow fusion-flex-justify-content-flex-start fusion-content-layout-column\"><div class=\"fusion-classic-product-image-wrapper fusion-woo-product-image fusion-post-card-image fusion-post-card-image-1\" data-layout=\"static\" style=\"--awb-margin-bottom:40px;\"><div  class=\"fusion-image-wrapper\" aria-haspopup=\"true\">\n\t\t\t\t\t\t\t<a href=\"https:\/\/xjenzamalta.mt\/mt\/2025\/09\/11\/xjenza-malta-and-malta-enterprise-sign-mou-to-boost-research-and-innovation-in-malta\/\" aria-label=\"Xjenza Malta and Malta Enterprise sign MoU to boost  Research and Innovation in Malta\">\n\t\t\t\t\t\t\t<img decoding=\"async\" width=\"750\" height=\"500\" src=\"https:\/\/xjenzamalta.mt\/wp-content\/uploads\/2025\/09\/Mou-Malta-Enterprise.png\" class=\"attachment-full size-full lazyload wp-post-image\" alt=\"\" srcset=\"data:image\/svg+xml,%3Csvg%20xmlns%3D%27http%3A%2F%2Fwww.w3.org%2F2000%2Fsvg%27%20width%3D%27750%27%20height%3D%27500%27%20viewBox%3D%270%200%20750%20500%27%3E%3Crect%20width%3D%27750%27%20height%3D%27500%27%20fill-opacity%3D%220%22%2F%3E%3C%2Fsvg%3E\" data-orig-src=\"https:\/\/xjenzamalta.mt\/wp-content\/uploads\/2025\/09\/Mou-Malta-Enterprise.png\" data-srcset=\"https:\/\/xjenzamalta.mt\/wp-content\/uploads\/2025\/09\/Mou-Malta-Enterprise-200x133.png 200w, https:\/\/xjenzamalta.mt\/wp-content\/uploads\/2025\/09\/Mou-Malta-Enterprise-400x267.png 400w, https:\/\/xjenzamalta.mt\/wp-content\/uploads\/2025\/09\/Mou-Malta-Enterprise-600x400.png 600w, https:\/\/xjenzamalta.mt\/wp-content\/uploads\/2025\/09\/Mou-Malta-Enterprise.png 750w\" data-sizes=\"auto\" \/>\t\t\t<\/a>\n\t\t\t\t\t\t\t<\/div>\n<\/div><div class=\"fusion-meta-tb fusion-meta-tb-20 floated\" style=\"--awb-height:36px;--awb-margin-left:10px;--awb-margin-right:25px;--awb-alignment-medium:flex-start;--awb-alignment-small:flex-start;\"><span class=\"fusion-tb-published-date\">Published On: September 11th, 2025<\/span><span class=\"fusion-meta-tb-sep\"><\/span><\/div><div class=\"fusion-title title fusion-title-21 fusion-title-text fusion-title-size-two\" style=\"--awb-margin-right:10px;--awb-margin-bottom:15px;--awb-margin-left:10px;--awb-margin-top-small:0px;--awb-margin-right-small:10px;--awb-margin-bottom-small:20px;--awb-margin-left-small:10px;--awb-link-color:hsla(var(--awb-color8-h),var(--awb-color8-s),calc( var(--awb-color8-l) + 16% ),var(--awb-color8-a));--awb-link-hover-color:#ee3a3d;--awb-font-size:var(--awb-custom_typography_1-font-size);\"><div class=\"title-sep-container title-sep-container-left fusion-no-large-visibility fusion-no-medium-visibility fusion-no-small-visibility\"><div class=\"title-sep sep- sep-solid\" style=\"border-color:var(--awb-color3);\"><\/div><\/div><span class=\"awb-title-spacer fusion-no-large-visibility fusion-no-medium-visibility fusion-no-small-visibility\"><\/span><h2 class=\"fusion-title-heading title-heading-left fusion-responsive-typography-calculated\" style=\"font-family:var(--awb-custom_typography_1-font-family);font-weight:var(--awb-custom_typography_1-font-weight);font-style:var(--awb-custom_typography_1-font-style);margin:0;letter-spacing:var(--awb-custom_typography_1-letter-spacing);text-transform:var(--awb-custom_typography_1-text-transform);font-size:1em;--fontSize:19;--minFontSize:19;line-height:1.58;\"><a href=\"https:\/\/xjenzamalta.mt\/mt\/2025\/09\/11\/xjenza-malta-and-malta-enterprise-sign-mou-to-boost-research-and-innovation-in-malta\/\" class=\"awb-custom-text-color awb-custom-text-hover-color\" target=\"_self\">Xjenza Malta and Malta Enterprise sign MoU to boost  Research and Innovation in Malta<\/a><\/h2><span class=\"awb-title-spacer\"><\/span><div class=\"title-sep-container title-sep-container-right\"><div class=\"title-sep sep- sep-solid\" style=\"border-color:var(--awb-color3);\"><\/div><\/div><\/div><div class=\"fusion-separator fusion-full-width-sep\" style=\"align-self: center;margin-left: auto;margin-right: auto;flex-grow:1;width:100%;\"><\/div><\/div><\/li>\n<li class=\"fusion-layout-column fusion_builder_column fusion-builder-column-21 fusion-flex-column post-card fusion-grid-column fusion-post-cards-grid-column\" style=\"--awb-bg-blend:overlay;--awb-bg-size:cover;--awb-box-shadow:0px 2px 6px 0px rgba(214,214,214,0.61);;--awb-border-color:#dddddd;--awb-border-top:1px;--awb-border-right:1px;--awb-border-bottom:1px;--awb-border-left:1px;--awb-border-style:solid;--awb-flex-grow:0;--awb-flex-shrink:0;--awb-flex-grow-medium:0;--awb-flex-shrink-medium:0;--awb-flex-grow-small:0;--awb-flex-shrink-small:0;\" data-scroll-devices=\"small-visibility,medium-visibility,large-visibility\"><div class=\"fusion-column-wrapper fusion-column-has-shadow fusion-flex-justify-content-flex-start fusion-content-layout-column\"><div class=\"fusion-classic-product-image-wrapper fusion-woo-product-image fusion-post-card-image fusion-post-card-image-1\" data-layout=\"static\" style=\"--awb-margin-bottom:40px;\"><div  class=\"fusion-image-wrapper\" aria-haspopup=\"true\">\n\t\t\t\t\t\t\t<a href=\"https:\/\/xjenzamalta.mt\/mt\/2025\/09\/11\/7586\/\" aria-label=\"Xjenza Malta joins the European Space Policy Institute (ESPI) as a member\">\n\t\t\t\t\t\t\t<img decoding=\"async\" width=\"750\" height=\"500\" src=\"https:\/\/xjenzamalta.mt\/wp-content\/uploads\/2025\/09\/Untitled-design-15.png\" class=\"attachment-full size-full lazyload wp-post-image\" alt=\"\" srcset=\"data:image\/svg+xml,%3Csvg%20xmlns%3D%27http%3A%2F%2Fwww.w3.org%2F2000%2Fsvg%27%20width%3D%27750%27%20height%3D%27500%27%20viewBox%3D%270%200%20750%20500%27%3E%3Crect%20width%3D%27750%27%20height%3D%27500%27%20fill-opacity%3D%220%22%2F%3E%3C%2Fsvg%3E\" data-orig-src=\"https:\/\/xjenzamalta.mt\/wp-content\/uploads\/2025\/09\/Untitled-design-15.png\" data-srcset=\"https:\/\/xjenzamalta.mt\/wp-content\/uploads\/2025\/09\/Untitled-design-15-200x133.png 200w, https:\/\/xjenzamalta.mt\/wp-content\/uploads\/2025\/09\/Untitled-design-15-400x267.png 400w, https:\/\/xjenzamalta.mt\/wp-content\/uploads\/2025\/09\/Untitled-design-15-600x400.png 600w, https:\/\/xjenzamalta.mt\/wp-content\/uploads\/2025\/09\/Untitled-design-15.png 750w\" data-sizes=\"auto\" \/>\t\t\t<\/a>\n\t\t\t\t\t\t\t<\/div>\n<\/div><div class=\"fusion-meta-tb fusion-meta-tb-21 floated\" style=\"--awb-height:36px;--awb-margin-left:10px;--awb-margin-right:25px;--awb-alignment-medium:flex-start;--awb-alignment-small:flex-start;\"><span class=\"fusion-tb-published-date\">Published On: September 11th, 2025<\/span><span class=\"fusion-meta-tb-sep\"><\/span><\/div><div class=\"fusion-title title fusion-title-22 fusion-title-text fusion-title-size-two\" style=\"--awb-margin-right:10px;--awb-margin-bottom:15px;--awb-margin-left:10px;--awb-margin-top-small:0px;--awb-margin-right-small:10px;--awb-margin-bottom-small:20px;--awb-margin-left-small:10px;--awb-link-color:hsla(var(--awb-color8-h),var(--awb-color8-s),calc( var(--awb-color8-l) + 16% ),var(--awb-color8-a));--awb-link-hover-color:#ee3a3d;--awb-font-size:var(--awb-custom_typography_1-font-size);\"><div class=\"title-sep-container title-sep-container-left fusion-no-large-visibility fusion-no-medium-visibility fusion-no-small-visibility\"><div class=\"title-sep sep- sep-solid\" style=\"border-color:var(--awb-color3);\"><\/div><\/div><span class=\"awb-title-spacer fusion-no-large-visibility fusion-no-medium-visibility fusion-no-small-visibility\"><\/span><h2 class=\"fusion-title-heading title-heading-left fusion-responsive-typography-calculated\" style=\"font-family:var(--awb-custom_typography_1-font-family);font-weight:var(--awb-custom_typography_1-font-weight);font-style:var(--awb-custom_typography_1-font-style);margin:0;letter-spacing:var(--awb-custom_typography_1-letter-spacing);text-transform:var(--awb-custom_typography_1-text-transform);font-size:1em;--fontSize:19;--minFontSize:19;line-height:1.58;\"><a href=\"https:\/\/xjenzamalta.mt\/mt\/2025\/09\/11\/7586\/\" class=\"awb-custom-text-color awb-custom-text-hover-color\" target=\"_self\">Xjenza Malta joins the European Space Policy Institute (ESPI) as a member<\/a><\/h2><span class=\"awb-title-spacer\"><\/span><div class=\"title-sep-container title-sep-container-right\"><div class=\"title-sep sep- sep-solid\" style=\"border-color:var(--awb-color3);\"><\/div><\/div><\/div><div class=\"fusion-separator fusion-full-width-sep\" style=\"align-self: center;margin-left: auto;margin-right: auto;flex-grow:1;width:100%;\"><\/div><\/div><\/li>\n<li class=\"fusion-layout-column fusion_builder_column fusion-builder-column-22 fusion-flex-column post-card fusion-grid-column fusion-post-cards-grid-column\" style=\"--awb-bg-blend:overlay;--awb-bg-size:cover;--awb-box-shadow:0px 2px 6px 0px rgba(214,214,214,0.61);;--awb-border-color:#dddddd;--awb-border-top:1px;--awb-border-right:1px;--awb-border-bottom:1px;--awb-border-left:1px;--awb-border-style:solid;--awb-flex-grow:0;--awb-flex-shrink:0;--awb-flex-grow-medium:0;--awb-flex-shrink-medium:0;--awb-flex-grow-small:0;--awb-flex-shrink-small:0;\" data-scroll-devices=\"small-visibility,medium-visibility,large-visibility\"><div class=\"fusion-column-wrapper fusion-column-has-shadow fusion-flex-justify-content-flex-start fusion-content-layout-column\"><div class=\"fusion-classic-product-image-wrapper fusion-woo-product-image fusion-post-card-image fusion-post-card-image-1\" data-layout=\"static\" style=\"--awb-margin-bottom:40px;\"><div  class=\"fusion-image-wrapper\" aria-haspopup=\"true\">\n\t\t\t\t\t\t\t<a href=\"https:\/\/xjenzamalta.mt\/mt\/2025\/09\/03\/stqarrija-mis-segretarjat-parlamentari-ghaz-zghazagh-ir-ricerka-u-l-innovazzjoni-u-mis-segretarjat-parlamentari-ghas-sajd-l-akwakultura-u-d-drittijiet-tal-annimali-il-progett-ourobs-l-ewwel-immap\/\" aria-label=\"STQARRIJA MIS-SEGRETARJAT PARLAMENTARI G\u0126A\u017b-\u017bG\u0126A\u017bAG\u0126, IR-RI\u010aERKA U L-INNOVAZZJONI U MIS-SEGRETARJAT PARLAMENTARI G\u0126AS-SAJD, L-AKWAKULTURA U D-DRITTIJIET TAL-ANNIMALI &#8211; Il-pro\u0121ett OurOBS: L-ewwel immappjar 360\u00b0 tal-ilmijiet Maltin abbord R\/V Gaia Blu\">\n\t\t\t\t\t\t\t<img decoding=\"async\" width=\"750\" height=\"500\" src=\"https:\/\/xjenzamalta.mt\/wp-content\/uploads\/2025\/09\/Untitled-design-5.png\" class=\"attachment-full size-full lazyload wp-post-image\" alt=\"\" srcset=\"data:image\/svg+xml,%3Csvg%20xmlns%3D%27http%3A%2F%2Fwww.w3.org%2F2000%2Fsvg%27%20width%3D%27750%27%20height%3D%27500%27%20viewBox%3D%270%200%20750%20500%27%3E%3Crect%20width%3D%27750%27%20height%3D%27500%27%20fill-opacity%3D%220%22%2F%3E%3C%2Fsvg%3E\" data-orig-src=\"https:\/\/xjenzamalta.mt\/wp-content\/uploads\/2025\/09\/Untitled-design-5.png\" data-srcset=\"https:\/\/xjenzamalta.mt\/wp-content\/uploads\/2025\/09\/Untitled-design-5-200x133.png 200w, https:\/\/xjenzamalta.mt\/wp-content\/uploads\/2025\/09\/Untitled-design-5-400x267.png 400w, https:\/\/xjenzamalta.mt\/wp-content\/uploads\/2025\/09\/Untitled-design-5-600x400.png 600w, https:\/\/xjenzamalta.mt\/wp-content\/uploads\/2025\/09\/Untitled-design-5.png 750w\" data-sizes=\"auto\" \/>\t\t\t<\/a>\n\t\t\t\t\t\t\t<\/div>\n<\/div><div class=\"fusion-meta-tb fusion-meta-tb-22 floated\" style=\"--awb-height:36px;--awb-margin-left:10px;--awb-margin-right:25px;--awb-alignment-medium:flex-start;--awb-alignment-small:flex-start;\"><span class=\"fusion-tb-published-date\">Published On: September 3rd, 2025<\/span><span class=\"fusion-meta-tb-sep\"><\/span><\/div><div class=\"fusion-title title fusion-title-23 fusion-title-text fusion-title-size-two\" style=\"--awb-margin-right:10px;--awb-margin-bottom:15px;--awb-margin-left:10px;--awb-margin-top-small:0px;--awb-margin-right-small:10px;--awb-margin-bottom-small:20px;--awb-margin-left-small:10px;--awb-link-color:hsla(var(--awb-color8-h),var(--awb-color8-s),calc( var(--awb-color8-l) + 16% ),var(--awb-color8-a));--awb-link-hover-color:#ee3a3d;--awb-font-size:var(--awb-custom_typography_1-font-size);\"><div class=\"title-sep-container title-sep-container-left fusion-no-large-visibility fusion-no-medium-visibility fusion-no-small-visibility\"><div class=\"title-sep sep- sep-solid\" style=\"border-color:var(--awb-color3);\"><\/div><\/div><span class=\"awb-title-spacer fusion-no-large-visibility fusion-no-medium-visibility fusion-no-small-visibility\"><\/span><h2 class=\"fusion-title-heading title-heading-left fusion-responsive-typography-calculated\" style=\"font-family:var(--awb-custom_typography_1-font-family);font-weight:var(--awb-custom_typography_1-font-weight);font-style:var(--awb-custom_typography_1-font-style);margin:0;letter-spacing:var(--awb-custom_typography_1-letter-spacing);text-transform:var(--awb-custom_typography_1-text-transform);font-size:1em;--fontSize:19;--minFontSize:19;line-height:1.58;\"><a href=\"https:\/\/xjenzamalta.mt\/mt\/2025\/09\/03\/stqarrija-mis-segretarjat-parlamentari-ghaz-zghazagh-ir-ricerka-u-l-innovazzjoni-u-mis-segretarjat-parlamentari-ghas-sajd-l-akwakultura-u-d-drittijiet-tal-annimali-il-progett-ourobs-l-ewwel-immap\/\" class=\"awb-custom-text-color awb-custom-text-hover-color\" target=\"_self\">STQARRIJA MIS-SEGRETARJAT PARLAMENTARI G\u0126A\u017b-\u017bG\u0126A\u017bAG\u0126, IR-RI\u010aERKA U L-INNOVAZZJONI U MIS-SEGRETARJAT PARLAMENTARI G\u0126AS-SAJD, L-AKWAKULTURA U D-DRITTIJIET TAL-ANNIMALI &#8211; Il-pro\u0121ett OurOBS: L-ewwel immappjar 360\u00b0 tal-ilmijiet Maltin abbord R\/V Gaia Blu<\/a><\/h2><span class=\"awb-title-spacer\"><\/span><div class=\"title-sep-container title-sep-container-right\"><div class=\"title-sep sep- sep-solid\" style=\"border-color:var(--awb-color3);\"><\/div><\/div><\/div><div class=\"fusion-separator fusion-full-width-sep\" style=\"align-self: center;margin-left: auto;margin-right: auto;flex-grow:1;width:100%;\"><\/div><\/div><\/li>\n<li class=\"fusion-layout-column fusion_builder_column fusion-builder-column-23 fusion-flex-column post-card fusion-grid-column fusion-post-cards-grid-column\" style=\"--awb-bg-blend:overlay;--awb-bg-size:cover;--awb-box-shadow:0px 2px 6px 0px rgba(214,214,214,0.61);;--awb-border-color:#dddddd;--awb-border-top:1px;--awb-border-right:1px;--awb-border-bottom:1px;--awb-border-left:1px;--awb-border-style:solid;--awb-flex-grow:0;--awb-flex-shrink:0;--awb-flex-grow-medium:0;--awb-flex-shrink-medium:0;--awb-flex-grow-small:0;--awb-flex-shrink-small:0;\" data-scroll-devices=\"small-visibility,medium-visibility,large-visibility\"><div class=\"fusion-column-wrapper fusion-column-has-shadow fusion-flex-justify-content-flex-start fusion-content-layout-column\"><div class=\"fusion-classic-product-image-wrapper fusion-woo-product-image fusion-post-card-image fusion-post-card-image-1\" data-layout=\"static\" style=\"--awb-margin-bottom:40px;\"><div  class=\"fusion-image-wrapper\" aria-haspopup=\"true\">\n\t\t\t\t\t\t\t<a href=\"https:\/\/xjenzamalta.mt\/mt\/2025\/07\/04\/esplora-welcomes-new-senior-director-ms-mary-ann-cauchi-to-lead-steam-innovation\/\" aria-label=\"Esplora Welcomes New Senior Director, Ms. Mary Ann Cauchi, to Lead STEAM Innovation\">\n\t\t\t\t\t\t\t<img decoding=\"async\" width=\"2560\" height=\"1707\" src=\"https:\/\/xjenzamalta.mt\/wp-content\/uploads\/2025\/07\/Senior-Director-32-1-scaled.jpg\" class=\"attachment-full size-full lazyload wp-post-image\" alt=\"\" srcset=\"data:image\/svg+xml,%3Csvg%20xmlns%3D%27http%3A%2F%2Fwww.w3.org%2F2000%2Fsvg%27%20width%3D%272560%27%20height%3D%271707%27%20viewBox%3D%270%200%202560%201707%27%3E%3Crect%20width%3D%272560%27%20height%3D%271707%27%20fill-opacity%3D%220%22%2F%3E%3C%2Fsvg%3E\" data-orig-src=\"https:\/\/xjenzamalta.mt\/wp-content\/uploads\/2025\/07\/Senior-Director-32-1-scaled.jpg\" data-srcset=\"https:\/\/xjenzamalta.mt\/wp-content\/uploads\/2025\/07\/Senior-Director-32-1-200x133.jpg 200w, https:\/\/xjenzamalta.mt\/wp-content\/uploads\/2025\/07\/Senior-Director-32-1-400x267.jpg 400w, https:\/\/xjenzamalta.mt\/wp-content\/uploads\/2025\/07\/Senior-Director-32-1-600x400.jpg 600w, https:\/\/xjenzamalta.mt\/wp-content\/uploads\/2025\/07\/Senior-Director-32-1-800x533.jpg 800w, https:\/\/xjenzamalta.mt\/wp-content\/uploads\/2025\/07\/Senior-Director-32-1-1200x800.jpg 1200w, https:\/\/xjenzamalta.mt\/wp-content\/uploads\/2025\/07\/Senior-Director-32-1-scaled.jpg 2560w\" data-sizes=\"auto\" \/>\t\t\t<\/a>\n\t\t\t\t\t\t\t<\/div>\n<\/div><div class=\"fusion-meta-tb fusion-meta-tb-23 floated\" style=\"--awb-height:36px;--awb-margin-left:10px;--awb-margin-right:25px;--awb-alignment-medium:flex-start;--awb-alignment-small:flex-start;\"><span class=\"fusion-tb-published-date\">Published On: July 4th, 2025<\/span><span class=\"fusion-meta-tb-sep\"><\/span><\/div><div class=\"fusion-title title fusion-title-24 fusion-title-text fusion-title-size-two\" style=\"--awb-margin-right:10px;--awb-margin-bottom:15px;--awb-margin-left:10px;--awb-margin-top-small:0px;--awb-margin-right-small:10px;--awb-margin-bottom-small:20px;--awb-margin-left-small:10px;--awb-link-color:hsla(var(--awb-color8-h),var(--awb-color8-s),calc( var(--awb-color8-l) + 16% ),var(--awb-color8-a));--awb-link-hover-color:#ee3a3d;--awb-font-size:var(--awb-custom_typography_1-font-size);\"><div class=\"title-sep-container title-sep-container-left fusion-no-large-visibility fusion-no-medium-visibility fusion-no-small-visibility\"><div class=\"title-sep sep- sep-solid\" style=\"border-color:var(--awb-color3);\"><\/div><\/div><span class=\"awb-title-spacer fusion-no-large-visibility fusion-no-medium-visibility fusion-no-small-visibility\"><\/span><h2 class=\"fusion-title-heading title-heading-left fusion-responsive-typography-calculated\" style=\"font-family:var(--awb-custom_typography_1-font-family);font-weight:var(--awb-custom_typography_1-font-weight);font-style:var(--awb-custom_typography_1-font-style);margin:0;letter-spacing:var(--awb-custom_typography_1-letter-spacing);text-transform:var(--awb-custom_typography_1-text-transform);font-size:1em;--fontSize:19;--minFontSize:19;line-height:1.58;\"><a href=\"https:\/\/xjenzamalta.mt\/mt\/2025\/07\/04\/esplora-welcomes-new-senior-director-ms-mary-ann-cauchi-to-lead-steam-innovation\/\" class=\"awb-custom-text-color awb-custom-text-hover-color\" target=\"_self\">Esplora Welcomes New Senior Director, Ms. Mary Ann Cauchi, to Lead STEAM Innovation<\/a><\/h2><span class=\"awb-title-spacer\"><\/span><div class=\"title-sep-container title-sep-container-right\"><div class=\"title-sep sep- sep-solid\" style=\"border-color:var(--awb-color3);\"><\/div><\/div><\/div><div class=\"fusion-separator fusion-full-width-sep\" style=\"align-self: center;margin-left: auto;margin-right: auto;flex-grow:1;width:100%;\"><\/div><\/div><\/li>\n<li class=\"fusion-layout-column fusion_builder_column fusion-builder-column-24 fusion-flex-column post-card fusion-grid-column fusion-post-cards-grid-column\" style=\"--awb-bg-blend:overlay;--awb-bg-size:cover;--awb-box-shadow:0px 2px 6px 0px rgba(214,214,214,0.61);;--awb-border-color:#dddddd;--awb-border-top:1px;--awb-border-right:1px;--awb-border-bottom:1px;--awb-border-left:1px;--awb-border-style:solid;--awb-flex-grow:0;--awb-flex-shrink:0;--awb-flex-grow-medium:0;--awb-flex-shrink-medium:0;--awb-flex-grow-small:0;--awb-flex-shrink-small:0;\" data-scroll-devices=\"small-visibility,medium-visibility,large-visibility\"><div class=\"fusion-column-wrapper fusion-column-has-shadow fusion-flex-justify-content-flex-start fusion-content-layout-column\"><div class=\"fusion-classic-product-image-wrapper fusion-woo-product-image fusion-post-card-image fusion-post-card-image-1\" data-layout=\"static\" style=\"--awb-margin-bottom:40px;\"><div  class=\"fusion-image-wrapper\" aria-haspopup=\"true\">\n\t\t\t\t\t\t\t<a href=\"https:\/\/xjenzamalta.mt\/mt\/2025\/07\/01\/stqarrija-mis-segretarjat-parlamentari-ghaz-zghazagh-ir-ricerka-u-l-innovazzjoni-xjenza-malta-tospita-workshop-internazzjonali-dwar-id-data-spazjali-biex-tixpruna-l-innovazzjoni\/\" aria-label=\"STQARRIJA MIS-SEGRETARJAT PARLAMENTARI G\u0126A\u017b-\u017bG\u0126A\u017bAG\u0126, IR-RI\u010aERKA U L-INNOVAZZJONI Xjenza Malta tospita workshop internazzjonali dwar id-data spazjali biex tixpruna l-innovazzjoni \u200b\">\n\t\t\t\t\t\t\t<img decoding=\"async\" width=\"2560\" height=\"1440\" src=\"https:\/\/xjenzamalta.mt\/wp-content\/uploads\/2025\/07\/Esplora-Eurisy-008-scaled.jpg\" class=\"attachment-full size-full lazyload wp-post-image\" alt=\"\" srcset=\"data:image\/svg+xml,%3Csvg%20xmlns%3D%27http%3A%2F%2Fwww.w3.org%2F2000%2Fsvg%27%20width%3D%272560%27%20height%3D%271440%27%20viewBox%3D%270%200%202560%201440%27%3E%3Crect%20width%3D%272560%27%20height%3D%271440%27%20fill-opacity%3D%220%22%2F%3E%3C%2Fsvg%3E\" data-orig-src=\"https:\/\/xjenzamalta.mt\/wp-content\/uploads\/2025\/07\/Esplora-Eurisy-008-scaled.jpg\" data-srcset=\"https:\/\/xjenzamalta.mt\/wp-content\/uploads\/2025\/07\/Esplora-Eurisy-008-200x113.jpg 200w, https:\/\/xjenzamalta.mt\/wp-content\/uploads\/2025\/07\/Esplora-Eurisy-008-400x225.jpg 400w, https:\/\/xjenzamalta.mt\/wp-content\/uploads\/2025\/07\/Esplora-Eurisy-008-600x338.jpg 600w, https:\/\/xjenzamalta.mt\/wp-content\/uploads\/2025\/07\/Esplora-Eurisy-008-800x450.jpg 800w, https:\/\/xjenzamalta.mt\/wp-content\/uploads\/2025\/07\/Esplora-Eurisy-008-1200x675.jpg 1200w, https:\/\/xjenzamalta.mt\/wp-content\/uploads\/2025\/07\/Esplora-Eurisy-008-scaled.jpg 2560w\" data-sizes=\"auto\" \/>\t\t\t<\/a>\n\t\t\t\t\t\t\t<\/div>\n<\/div><div class=\"fusion-meta-tb fusion-meta-tb-24 floated\" style=\"--awb-height:36px;--awb-margin-left:10px;--awb-margin-right:25px;--awb-alignment-medium:flex-start;--awb-alignment-small:flex-start;\"><span class=\"fusion-tb-published-date\">Published On: July 1st, 2025<\/span><span class=\"fusion-meta-tb-sep\"><\/span><\/div><div class=\"fusion-title title fusion-title-25 fusion-title-text fusion-title-size-two\" style=\"--awb-margin-right:10px;--awb-margin-bottom:15px;--awb-margin-left:10px;--awb-margin-top-small:0px;--awb-margin-right-small:10px;--awb-margin-bottom-small:20px;--awb-margin-left-small:10px;--awb-link-color:hsla(var(--awb-color8-h),var(--awb-color8-s),calc( var(--awb-color8-l) + 16% ),var(--awb-color8-a));--awb-link-hover-color:#ee3a3d;--awb-font-size:var(--awb-custom_typography_1-font-size);\"><div class=\"title-sep-container title-sep-container-left fusion-no-large-visibility fusion-no-medium-visibility fusion-no-small-visibility\"><div class=\"title-sep sep- sep-solid\" style=\"border-color:var(--awb-color3);\"><\/div><\/div><span class=\"awb-title-spacer fusion-no-large-visibility fusion-no-medium-visibility fusion-no-small-visibility\"><\/span><h2 class=\"fusion-title-heading title-heading-left fusion-responsive-typography-calculated\" style=\"font-family:var(--awb-custom_typography_1-font-family);font-weight:var(--awb-custom_typography_1-font-weight);font-style:var(--awb-custom_typography_1-font-style);margin:0;letter-spacing:var(--awb-custom_typography_1-letter-spacing);text-transform:var(--awb-custom_typography_1-text-transform);font-size:1em;--fontSize:19;--minFontSize:19;line-height:1.58;\"><a href=\"https:\/\/xjenzamalta.mt\/mt\/2025\/07\/01\/stqarrija-mis-segretarjat-parlamentari-ghaz-zghazagh-ir-ricerka-u-l-innovazzjoni-xjenza-malta-tospita-workshop-internazzjonali-dwar-id-data-spazjali-biex-tixpruna-l-innovazzjoni\/\" class=\"awb-custom-text-color awb-custom-text-hover-color\" target=\"_self\">STQARRIJA MIS-SEGRETARJAT PARLAMENTARI G\u0126A\u017b-\u017bG\u0126A\u017bAG\u0126, IR-RI\u010aERKA U L-INNOVAZZJONI Xjenza Malta tospita workshop internazzjonali dwar id-data spazjali biex tixpruna l-innovazzjoni \u200b<\/a><\/h2><span class=\"awb-title-spacer\"><\/span><div class=\"title-sep-container title-sep-container-right\"><div class=\"title-sep sep- sep-solid\" style=\"border-color:var(--awb-color3);\"><\/div><\/div><\/div><div class=\"fusion-separator fusion-full-width-sep\" style=\"align-self: center;margin-left: auto;margin-right: auto;flex-grow:1;width:100%;\"><\/div><\/div><\/li>\n<li class=\"fusion-layout-column fusion_builder_column fusion-builder-column-25 fusion-flex-column post-card fusion-grid-column fusion-post-cards-grid-column\" style=\"--awb-bg-blend:overlay;--awb-bg-size:cover;--awb-box-shadow:0px 2px 6px 0px rgba(214,214,214,0.61);;--awb-border-color:#dddddd;--awb-border-top:1px;--awb-border-right:1px;--awb-border-bottom:1px;--awb-border-left:1px;--awb-border-style:solid;--awb-flex-grow:0;--awb-flex-shrink:0;--awb-flex-grow-medium:0;--awb-flex-shrink-medium:0;--awb-flex-grow-small:0;--awb-flex-shrink-small:0;\" data-scroll-devices=\"small-visibility,medium-visibility,large-visibility\"><div class=\"fusion-column-wrapper fusion-column-has-shadow fusion-flex-justify-content-flex-start fusion-content-layout-column\"><div class=\"fusion-classic-product-image-wrapper fusion-woo-product-image fusion-post-card-image fusion-post-card-image-1\" data-layout=\"static\" style=\"--awb-margin-bottom:40px;\"><div  class=\"fusion-image-wrapper\" aria-haspopup=\"true\">\n\t\t\t\t\t\t\t<a href=\"https:\/\/xjenzamalta.mt\/mt\/2025\/06\/03\/stqarrija-mis-segretarjat-parlamentari-ghaz-zghazagh-ir-ricerka-u-l-innovazzjoni-xjenza-malta-tospita-avveniment-dwar-l-energija-nadifa-biex-tixpruna-l-kollaborazzjoni-fir-ricerka-fil-mediterran\/\" aria-label=\"STQARRIJA MIS-SEGRETARJAT PARLAMENTARI G\u0126A\u017b-\u017bG\u0126A\u017bAG\u0126, IR-RI\u010aERKA U L-INNOVAZZJONI Xjenza Malta tospita avveniment dwar l-ener\u0121ija nadifa biex tixpruna l-kollaborazzjoni fir-ri\u010berka fil-Mediterran\">\n\t\t\t\t\t\t\t<img decoding=\"async\" width=\"1800\" height=\"1200\" src=\"https:\/\/xjenzamalta.mt\/wp-content\/uploads\/2025\/06\/cetp1-104.jpg\" class=\"attachment-full size-full lazyload wp-post-image\" alt=\"\" srcset=\"data:image\/svg+xml,%3Csvg%20xmlns%3D%27http%3A%2F%2Fwww.w3.org%2F2000%2Fsvg%27%20width%3D%271800%27%20height%3D%271200%27%20viewBox%3D%270%200%201800%201200%27%3E%3Crect%20width%3D%271800%27%20height%3D%271200%27%20fill-opacity%3D%220%22%2F%3E%3C%2Fsvg%3E\" data-orig-src=\"https:\/\/xjenzamalta.mt\/wp-content\/uploads\/2025\/06\/cetp1-104.jpg\" data-srcset=\"https:\/\/xjenzamalta.mt\/wp-content\/uploads\/2025\/06\/cetp1-104-200x133.jpg 200w, https:\/\/xjenzamalta.mt\/wp-content\/uploads\/2025\/06\/cetp1-104-400x267.jpg 400w, https:\/\/xjenzamalta.mt\/wp-content\/uploads\/2025\/06\/cetp1-104-600x400.jpg 600w, https:\/\/xjenzamalta.mt\/wp-content\/uploads\/2025\/06\/cetp1-104-800x533.jpg 800w, https:\/\/xjenzamalta.mt\/wp-content\/uploads\/2025\/06\/cetp1-104-1200x800.jpg 1200w, https:\/\/xjenzamalta.mt\/wp-content\/uploads\/2025\/06\/cetp1-104.jpg 1800w\" data-sizes=\"auto\" \/>\t\t\t<\/a>\n\t\t\t\t\t\t\t<\/div>\n<\/div><div class=\"fusion-meta-tb fusion-meta-tb-25 floated\" style=\"--awb-height:36px;--awb-margin-left:10px;--awb-margin-right:25px;--awb-alignment-medium:flex-start;--awb-alignment-small:flex-start;\"><span class=\"fusion-tb-published-date\">Published On: June 3rd, 2025<\/span><span class=\"fusion-meta-tb-sep\"><\/span><\/div><div class=\"fusion-title title fusion-title-26 fusion-title-text fusion-title-size-two\" style=\"--awb-margin-right:10px;--awb-margin-bottom:15px;--awb-margin-left:10px;--awb-margin-top-small:0px;--awb-margin-right-small:10px;--awb-margin-bottom-small:20px;--awb-margin-left-small:10px;--awb-link-color:hsla(var(--awb-color8-h),var(--awb-color8-s),calc( var(--awb-color8-l) + 16% ),var(--awb-color8-a));--awb-link-hover-color:#ee3a3d;--awb-font-size:var(--awb-custom_typography_1-font-size);\"><div class=\"title-sep-container title-sep-container-left fusion-no-large-visibility fusion-no-medium-visibility fusion-no-small-visibility\"><div class=\"title-sep sep- sep-solid\" style=\"border-color:var(--awb-color3);\"><\/div><\/div><span class=\"awb-title-spacer fusion-no-large-visibility fusion-no-medium-visibility fusion-no-small-visibility\"><\/span><h2 class=\"fusion-title-heading title-heading-left fusion-responsive-typography-calculated\" style=\"font-family:var(--awb-custom_typography_1-font-family);font-weight:var(--awb-custom_typography_1-font-weight);font-style:var(--awb-custom_typography_1-font-style);margin:0;letter-spacing:var(--awb-custom_typography_1-letter-spacing);text-transform:var(--awb-custom_typography_1-text-transform);font-size:1em;--fontSize:19;--minFontSize:19;line-height:1.58;\"><a href=\"https:\/\/xjenzamalta.mt\/mt\/2025\/06\/03\/stqarrija-mis-segretarjat-parlamentari-ghaz-zghazagh-ir-ricerka-u-l-innovazzjoni-xjenza-malta-tospita-avveniment-dwar-l-energija-nadifa-biex-tixpruna-l-kollaborazzjoni-fir-ricerka-fil-mediterran\/\" class=\"awb-custom-text-color awb-custom-text-hover-color\" target=\"_self\">STQARRIJA MIS-SEGRETARJAT PARLAMENTARI G\u0126A\u017b-\u017bG\u0126A\u017bAG\u0126, IR-RI\u010aERKA U L-INNOVAZZJONI Xjenza Malta tospita avveniment dwar l-ener\u0121ija nadifa biex tixpruna l-kollaborazzjoni fir-ri\u010berka fil-Mediterran<\/a><\/h2><span class=\"awb-title-spacer\"><\/span><div class=\"title-sep-container title-sep-container-right\"><div class=\"title-sep sep- sep-solid\" style=\"border-color:var(--awb-color3);\"><\/div><\/div><\/div><div class=\"fusion-separator fusion-full-width-sep\" style=\"align-self: center;margin-left: auto;margin-right: auto;flex-grow:1;width:100%;\"><\/div><\/div><\/li>\n<li class=\"fusion-layout-column fusion_builder_column fusion-builder-column-26 fusion-flex-column post-card fusion-grid-column fusion-post-cards-grid-column\" style=\"--awb-bg-blend:overlay;--awb-bg-size:cover;--awb-box-shadow:0px 2px 6px 0px rgba(214,214,214,0.61);;--awb-border-color:#dddddd;--awb-border-top:1px;--awb-border-right:1px;--awb-border-bottom:1px;--awb-border-left:1px;--awb-border-style:solid;--awb-flex-grow:0;--awb-flex-shrink:0;--awb-flex-grow-medium:0;--awb-flex-shrink-medium:0;--awb-flex-grow-small:0;--awb-flex-shrink-small:0;\" data-scroll-devices=\"small-visibility,medium-visibility,large-visibility\"><div class=\"fusion-column-wrapper fusion-column-has-shadow fusion-flex-justify-content-flex-start fusion-content-layout-column\"><div class=\"fusion-classic-product-image-wrapper fusion-woo-product-image fusion-post-card-image fusion-post-card-image-1\" data-layout=\"static\" style=\"--awb-margin-bottom:40px;\"><div  class=\"fusion-image-wrapper\" aria-haspopup=\"true\">\n\t\t\t\t\t\t\t<a href=\"https:\/\/xjenzamalta.mt\/mt\/2025\/05\/26\/stqarrija-mill-ministeru-ghas-sahha-u-l-anzjanita-attiva-u-mis-segretarjat-parlamentari-ghaz-zghazagh-ir-ricerka-u-l-innovazzjoni-titnieda-s-sejha-ghall-programm-ta-ricerka-dwar-l-obezita\/\" aria-label=\"STQARRIJA MILL-MINISTERU G\u0126AS-SA\u0126\u0126A U L-ANZJANIT\u00c0 ATTIVA U MIS-SEGRETARJAT PARLAMENTARI G\u0126A\u017b-\u017bG\u0126A\u017bAG\u0126, IR-RI\u010aERKA U L-INNOVAZZJONI Titnieda s-Sej\u0127a g\u0127all-Programm ta\u2019 Ri\u010berka dwar l-Obe\u017cit\u00e0\">\n\t\t\t\t\t\t\t<img decoding=\"async\" width=\"2560\" height=\"1707\" src=\"https:\/\/xjenzamalta.mt\/wp-content\/uploads\/2025\/06\/obesityres-35-scaled.jpg\" class=\"attachment-full size-full lazyload wp-post-image\" alt=\"\" srcset=\"data:image\/svg+xml,%3Csvg%20xmlns%3D%27http%3A%2F%2Fwww.w3.org%2F2000%2Fsvg%27%20width%3D%272560%27%20height%3D%271707%27%20viewBox%3D%270%200%202560%201707%27%3E%3Crect%20width%3D%272560%27%20height%3D%271707%27%20fill-opacity%3D%220%22%2F%3E%3C%2Fsvg%3E\" data-orig-src=\"https:\/\/xjenzamalta.mt\/wp-content\/uploads\/2025\/06\/obesityres-35-scaled.jpg\" data-srcset=\"https:\/\/xjenzamalta.mt\/wp-content\/uploads\/2025\/06\/obesityres-35-200x133.jpg 200w, https:\/\/xjenzamalta.mt\/wp-content\/uploads\/2025\/06\/obesityres-35-400x267.jpg 400w, https:\/\/xjenzamalta.mt\/wp-content\/uploads\/2025\/06\/obesityres-35-600x400.jpg 600w, https:\/\/xjenzamalta.mt\/wp-content\/uploads\/2025\/06\/obesityres-35-800x533.jpg 800w, https:\/\/xjenzamalta.mt\/wp-content\/uploads\/2025\/06\/obesityres-35-1200x800.jpg 1200w, https:\/\/xjenzamalta.mt\/wp-content\/uploads\/2025\/06\/obesityres-35-scaled.jpg 2560w\" data-sizes=\"auto\" \/>\t\t\t<\/a>\n\t\t\t\t\t\t\t<\/div>\n<\/div><div class=\"fusion-meta-tb fusion-meta-tb-26 floated\" style=\"--awb-height:36px;--awb-margin-left:10px;--awb-margin-right:25px;--awb-alignment-medium:flex-start;--awb-alignment-small:flex-start;\"><span class=\"fusion-tb-published-date\">Published On: May 26th, 2025<\/span><span class=\"fusion-meta-tb-sep\"><\/span><\/div><div class=\"fusion-title title fusion-title-27 fusion-title-text fusion-title-size-two\" style=\"--awb-margin-right:10px;--awb-margin-bottom:15px;--awb-margin-left:10px;--awb-margin-top-small:0px;--awb-margin-right-small:10px;--awb-margin-bottom-small:20px;--awb-margin-left-small:10px;--awb-link-color:hsla(var(--awb-color8-h),var(--awb-color8-s),calc( var(--awb-color8-l) + 16% ),var(--awb-color8-a));--awb-link-hover-color:#ee3a3d;--awb-font-size:var(--awb-custom_typography_1-font-size);\"><div class=\"title-sep-container title-sep-container-left fusion-no-large-visibility fusion-no-medium-visibility fusion-no-small-visibility\"><div class=\"title-sep sep- sep-solid\" style=\"border-color:var(--awb-color3);\"><\/div><\/div><span class=\"awb-title-spacer fusion-no-large-visibility fusion-no-medium-visibility fusion-no-small-visibility\"><\/span><h2 class=\"fusion-title-heading title-heading-left fusion-responsive-typography-calculated\" style=\"font-family:var(--awb-custom_typography_1-font-family);font-weight:var(--awb-custom_typography_1-font-weight);font-style:var(--awb-custom_typography_1-font-style);margin:0;letter-spacing:var(--awb-custom_typography_1-letter-spacing);text-transform:var(--awb-custom_typography_1-text-transform);font-size:1em;--fontSize:19;--minFontSize:19;line-height:1.58;\"><a href=\"https:\/\/xjenzamalta.mt\/mt\/2025\/05\/26\/stqarrija-mill-ministeru-ghas-sahha-u-l-anzjanita-attiva-u-mis-segretarjat-parlamentari-ghaz-zghazagh-ir-ricerka-u-l-innovazzjoni-titnieda-s-sejha-ghall-programm-ta-ricerka-dwar-l-obezita\/\" class=\"awb-custom-text-color awb-custom-text-hover-color\" target=\"_self\">STQARRIJA MILL-MINISTERU G\u0126AS-SA\u0126\u0126A U L-ANZJANIT\u00c0 ATTIVA U MIS-SEGRETARJAT PARLAMENTARI G\u0126A\u017b-\u017bG\u0126A\u017bAG\u0126, IR-RI\u010aERKA U L-INNOVAZZJONI Titnieda s-Sej\u0127a g\u0127all-Programm ta\u2019 Ri\u010berka dwar l-Obe\u017cit\u00e0<\/a><\/h2><span class=\"awb-title-spacer\"><\/span><div class=\"title-sep-container title-sep-container-right\"><div class=\"title-sep sep- sep-solid\" style=\"border-color:var(--awb-color3);\"><\/div><\/div><\/div><div class=\"fusion-separator fusion-full-width-sep\" style=\"align-self: center;margin-left: auto;margin-right: auto;flex-grow:1;width:100%;\"><\/div><\/div><\/li>\n<li class=\"fusion-layout-column fusion_builder_column fusion-builder-column-27 fusion-flex-column post-card fusion-grid-column fusion-post-cards-grid-column\" style=\"--awb-bg-blend:overlay;--awb-bg-size:cover;--awb-box-shadow:0px 2px 6px 0px rgba(214,214,214,0.61);;--awb-border-color:#dddddd;--awb-border-top:1px;--awb-border-right:1px;--awb-border-bottom:1px;--awb-border-left:1px;--awb-border-style:solid;--awb-flex-grow:0;--awb-flex-shrink:0;--awb-flex-grow-medium:0;--awb-flex-shrink-medium:0;--awb-flex-grow-small:0;--awb-flex-shrink-small:0;\" data-scroll-devices=\"small-visibility,medium-visibility,large-visibility\"><div class=\"fusion-column-wrapper fusion-column-has-shadow fusion-flex-justify-content-flex-start fusion-content-layout-column\"><div class=\"fusion-classic-product-image-wrapper fusion-woo-product-image fusion-post-card-image fusion-post-card-image-1\" data-layout=\"static\" style=\"--awb-margin-bottom:40px;\"><div  class=\"fusion-image-wrapper\" aria-haspopup=\"true\">\n\t\t\t\t\t\t\t<a href=\"https:\/\/xjenzamalta.mt\/mt\/2025\/05\/20\/stqarrija-mis-segretarjat-parlamentari-ghaz-zghazagh-ir-ricerka-u-l-innovazzjoni-tnieda-l-programm-ta-appogg-bluemissionmed-inizjattiva-nazzjonali-kontra-t-tniggis-tal-bahar\/\" aria-label=\"STQARRIJA MIS-SEGRETARJAT PARLAMENTARI G\u0126A\u017b-\u017bG\u0126A\u017bAG\u0126, IR-RI\u010aERKA U L-INNOVAZZJONI: Tnieda l-Programm ta&#8217; Appo\u0121\u0121 BlueMissionMed \u2013 Inizjattiva nazzjonali kontra t-tni\u0121\u0121is tal-ba\u0127ar\">\n\t\t\t\t\t\t\t<img decoding=\"async\" width=\"2560\" height=\"1707\" src=\"https:\/\/xjenzamalta.mt\/wp-content\/uploads\/2025\/06\/mindthegap-102-scaled.jpg\" class=\"attachment-full size-full lazyload wp-post-image\" alt=\"\" srcset=\"data:image\/svg+xml,%3Csvg%20xmlns%3D%27http%3A%2F%2Fwww.w3.org%2F2000%2Fsvg%27%20width%3D%272560%27%20height%3D%271707%27%20viewBox%3D%270%200%202560%201707%27%3E%3Crect%20width%3D%272560%27%20height%3D%271707%27%20fill-opacity%3D%220%22%2F%3E%3C%2Fsvg%3E\" data-orig-src=\"https:\/\/xjenzamalta.mt\/wp-content\/uploads\/2025\/06\/mindthegap-102-scaled.jpg\" data-srcset=\"https:\/\/xjenzamalta.mt\/wp-content\/uploads\/2025\/06\/mindthegap-102-200x133.jpg 200w, https:\/\/xjenzamalta.mt\/wp-content\/uploads\/2025\/06\/mindthegap-102-400x267.jpg 400w, https:\/\/xjenzamalta.mt\/wp-content\/uploads\/2025\/06\/mindthegap-102-600x400.jpg 600w, https:\/\/xjenzamalta.mt\/wp-content\/uploads\/2025\/06\/mindthegap-102-800x533.jpg 800w, https:\/\/xjenzamalta.mt\/wp-content\/uploads\/2025\/06\/mindthegap-102-1200x800.jpg 1200w, https:\/\/xjenzamalta.mt\/wp-content\/uploads\/2025\/06\/mindthegap-102-scaled.jpg 2560w\" data-sizes=\"auto\" \/>\t\t\t<\/a>\n\t\t\t\t\t\t\t<\/div>\n<\/div><div class=\"fusion-meta-tb fusion-meta-tb-27 floated\" style=\"--awb-height:36px;--awb-margin-left:10px;--awb-margin-right:25px;--awb-alignment-medium:flex-start;--awb-alignment-small:flex-start;\"><span class=\"fusion-tb-published-date\">Published On: May 20th, 2025<\/span><span class=\"fusion-meta-tb-sep\"><\/span><\/div><div class=\"fusion-title title fusion-title-28 fusion-title-text fusion-title-size-two\" style=\"--awb-margin-right:10px;--awb-margin-bottom:15px;--awb-margin-left:10px;--awb-margin-top-small:0px;--awb-margin-right-small:10px;--awb-margin-bottom-small:20px;--awb-margin-left-small:10px;--awb-link-color:hsla(var(--awb-color8-h),var(--awb-color8-s),calc( var(--awb-color8-l) + 16% ),var(--awb-color8-a));--awb-link-hover-color:#ee3a3d;--awb-font-size:var(--awb-custom_typography_1-font-size);\"><div class=\"title-sep-container title-sep-container-left fusion-no-large-visibility fusion-no-medium-visibility fusion-no-small-visibility\"><div class=\"title-sep sep- sep-solid\" style=\"border-color:var(--awb-color3);\"><\/div><\/div><span class=\"awb-title-spacer fusion-no-large-visibility fusion-no-medium-visibility fusion-no-small-visibility\"><\/span><h2 class=\"fusion-title-heading title-heading-left fusion-responsive-typography-calculated\" style=\"font-family:var(--awb-custom_typography_1-font-family);font-weight:var(--awb-custom_typography_1-font-weight);font-style:var(--awb-custom_typography_1-font-style);margin:0;letter-spacing:var(--awb-custom_typography_1-letter-spacing);text-transform:var(--awb-custom_typography_1-text-transform);font-size:1em;--fontSize:19;--minFontSize:19;line-height:1.58;\"><a href=\"https:\/\/xjenzamalta.mt\/mt\/2025\/05\/20\/stqarrija-mis-segretarjat-parlamentari-ghaz-zghazagh-ir-ricerka-u-l-innovazzjoni-tnieda-l-programm-ta-appogg-bluemissionmed-inizjattiva-nazzjonali-kontra-t-tniggis-tal-bahar\/\" class=\"awb-custom-text-color awb-custom-text-hover-color\" target=\"_self\">STQARRIJA MIS-SEGRETARJAT PARLAMENTARI G\u0126A\u017b-\u017bG\u0126A\u017bAG\u0126, IR-RI\u010aERKA U L-INNOVAZZJONI: Tnieda l-Programm ta&#8217; Appo\u0121\u0121 BlueMissionMed \u2013 Inizjattiva nazzjonali kontra t-tni\u0121\u0121is tal-ba\u0127ar<\/a><\/h2><span class=\"awb-title-spacer\"><\/span><div class=\"title-sep-container title-sep-container-right\"><div class=\"title-sep sep- sep-solid\" style=\"border-color:var(--awb-color3);\"><\/div><\/div><\/div><div class=\"fusion-separator fusion-full-width-sep\" style=\"align-self: center;margin-left: auto;margin-right: auto;flex-grow:1;width:100%;\"><\/div><\/div><\/li>\n<li class=\"fusion-layout-column fusion_builder_column fusion-builder-column-28 fusion-flex-column post-card fusion-grid-column fusion-post-cards-grid-column\" style=\"--awb-bg-blend:overlay;--awb-bg-size:cover;--awb-box-shadow:0px 2px 6px 0px rgba(214,214,214,0.61);;--awb-border-color:#dddddd;--awb-border-top:1px;--awb-border-right:1px;--awb-border-bottom:1px;--awb-border-left:1px;--awb-border-style:solid;--awb-flex-grow:0;--awb-flex-shrink:0;--awb-flex-grow-medium:0;--awb-flex-shrink-medium:0;--awb-flex-grow-small:0;--awb-flex-shrink-small:0;\" data-scroll-devices=\"small-visibility,medium-visibility,large-visibility\"><div class=\"fusion-column-wrapper fusion-column-has-shadow fusion-flex-justify-content-flex-start fusion-content-layout-column\"><div class=\"fusion-classic-product-image-wrapper fusion-woo-product-image fusion-post-card-image fusion-post-card-image-1\" data-layout=\"static\" style=\"--awb-margin-bottom:40px;\"><div  class=\"fusion-image-wrapper\" aria-haspopup=\"true\">\n\t\t\t\t\t\t\t<a href=\"https:\/\/xjenzamalta.mt\/mt\/2025\/05\/05\/expanding-research-horizons-xjenza-malta-launches-the-access2partnerships-a2p-scheme\/\" aria-label=\"Expanding Research Horizons: Xjenza Malta Launches the Access2Partnerships (A2P) Scheme\">\n\t\t\t\t\t\t\t<img decoding=\"async\" width=\"2560\" height=\"1707\" src=\"https:\/\/xjenzamalta.mt\/wp-content\/uploads\/2025\/05\/a2p-44-scaled.jpg\" class=\"attachment-full size-full lazyload wp-post-image\" alt=\"\" srcset=\"data:image\/svg+xml,%3Csvg%20xmlns%3D%27http%3A%2F%2Fwww.w3.org%2F2000%2Fsvg%27%20width%3D%272560%27%20height%3D%271707%27%20viewBox%3D%270%200%202560%201707%27%3E%3Crect%20width%3D%272560%27%20height%3D%271707%27%20fill-opacity%3D%220%22%2F%3E%3C%2Fsvg%3E\" data-orig-src=\"https:\/\/xjenzamalta.mt\/wp-content\/uploads\/2025\/05\/a2p-44-scaled.jpg\" data-srcset=\"https:\/\/xjenzamalta.mt\/wp-content\/uploads\/2025\/05\/a2p-44-200x133.jpg 200w, https:\/\/xjenzamalta.mt\/wp-content\/uploads\/2025\/05\/a2p-44-400x267.jpg 400w, https:\/\/xjenzamalta.mt\/wp-content\/uploads\/2025\/05\/a2p-44-600x400.jpg 600w, https:\/\/xjenzamalta.mt\/wp-content\/uploads\/2025\/05\/a2p-44-800x533.jpg 800w, https:\/\/xjenzamalta.mt\/wp-content\/uploads\/2025\/05\/a2p-44-1200x800.jpg 1200w, https:\/\/xjenzamalta.mt\/wp-content\/uploads\/2025\/05\/a2p-44-scaled.jpg 2560w\" data-sizes=\"auto\" \/>\t\t\t<\/a>\n\t\t\t\t\t\t\t<\/div>\n<\/div><div class=\"fusion-meta-tb fusion-meta-tb-28 floated\" style=\"--awb-height:36px;--awb-margin-left:10px;--awb-margin-right:25px;--awb-alignment-medium:flex-start;--awb-alignment-small:flex-start;\"><span class=\"fusion-tb-published-date\">Published On: May 5th, 2025<\/span><span class=\"fusion-meta-tb-sep\"><\/span><\/div><div class=\"fusion-title title fusion-title-29 fusion-title-text fusion-title-size-two\" style=\"--awb-margin-right:10px;--awb-margin-bottom:15px;--awb-margin-left:10px;--awb-margin-top-small:0px;--awb-margin-right-small:10px;--awb-margin-bottom-small:20px;--awb-margin-left-small:10px;--awb-link-color:hsla(var(--awb-color8-h),var(--awb-color8-s),calc( var(--awb-color8-l) + 16% ),var(--awb-color8-a));--awb-link-hover-color:#ee3a3d;--awb-font-size:var(--awb-custom_typography_1-font-size);\"><div class=\"title-sep-container title-sep-container-left fusion-no-large-visibility fusion-no-medium-visibility fusion-no-small-visibility\"><div class=\"title-sep sep- sep-solid\" style=\"border-color:var(--awb-color3);\"><\/div><\/div><span class=\"awb-title-spacer fusion-no-large-visibility fusion-no-medium-visibility fusion-no-small-visibility\"><\/span><h2 class=\"fusion-title-heading title-heading-left fusion-responsive-typography-calculated\" style=\"font-family:var(--awb-custom_typography_1-font-family);font-weight:var(--awb-custom_typography_1-font-weight);font-style:var(--awb-custom_typography_1-font-style);margin:0;letter-spacing:var(--awb-custom_typography_1-letter-spacing);text-transform:var(--awb-custom_typography_1-text-transform);font-size:1em;--fontSize:19;--minFontSize:19;line-height:1.58;\"><a href=\"https:\/\/xjenzamalta.mt\/mt\/2025\/05\/05\/expanding-research-horizons-xjenza-malta-launches-the-access2partnerships-a2p-scheme\/\" class=\"awb-custom-text-color awb-custom-text-hover-color\" target=\"_self\">Expanding Research Horizons: Xjenza Malta Launches the Access2Partnerships (A2P) Scheme<\/a><\/h2><span class=\"awb-title-spacer\"><\/span><div class=\"title-sep-container title-sep-container-right\"><div class=\"title-sep sep- sep-solid\" style=\"border-color:var(--awb-color3);\"><\/div><\/div><\/div><div class=\"fusion-separator fusion-full-width-sep\" style=\"align-self: center;margin-left: auto;margin-right: auto;flex-grow:1;width:100%;\"><\/div><\/div><\/li>\n<li class=\"fusion-layout-column fusion_builder_column fusion-builder-column-29 fusion-flex-column post-card fusion-grid-column fusion-post-cards-grid-column\" style=\"--awb-bg-blend:overlay;--awb-bg-size:cover;--awb-box-shadow:0px 2px 6px 0px rgba(214,214,214,0.61);;--awb-border-color:#dddddd;--awb-border-top:1px;--awb-border-right:1px;--awb-border-bottom:1px;--awb-border-left:1px;--awb-border-style:solid;--awb-flex-grow:0;--awb-flex-shrink:0;--awb-flex-grow-medium:0;--awb-flex-shrink-medium:0;--awb-flex-grow-small:0;--awb-flex-shrink-small:0;\" data-scroll-devices=\"small-visibility,medium-visibility,large-visibility\"><div class=\"fusion-column-wrapper fusion-column-has-shadow fusion-flex-justify-content-flex-start fusion-content-layout-column\"><div class=\"fusion-classic-product-image-wrapper fusion-woo-product-image fusion-post-card-image fusion-post-card-image-1\" data-layout=\"static\" style=\"--awb-margin-bottom:40px;\"><div  class=\"fusion-image-wrapper\" aria-haspopup=\"true\">\n\t\t\t\t\t\t\t<a href=\"https:\/\/xjenzamalta.mt\/mt\/2025\/05\/05\/xjenza-maltas-esplora-celebrates-triple-recognition-at-the-inaugural-malta-tourism-awards\/\" aria-label=\"Xjenza Malta\u2019s Esplora celebrates Triple Recognition at the Inaugural Malta Tourism Awards\">\n\t\t\t\t\t\t\t<img decoding=\"async\" width=\"750\" height=\"500\" src=\"https:\/\/xjenzamalta.mt\/wp-content\/uploads\/2025\/05\/Untitled-design.png\" class=\"attachment-full size-full lazyload wp-post-image\" alt=\"\" srcset=\"data:image\/svg+xml,%3Csvg%20xmlns%3D%27http%3A%2F%2Fwww.w3.org%2F2000%2Fsvg%27%20width%3D%27750%27%20height%3D%27500%27%20viewBox%3D%270%200%20750%20500%27%3E%3Crect%20width%3D%27750%27%20height%3D%27500%27%20fill-opacity%3D%220%22%2F%3E%3C%2Fsvg%3E\" data-orig-src=\"https:\/\/xjenzamalta.mt\/wp-content\/uploads\/2025\/05\/Untitled-design.png\" data-srcset=\"https:\/\/xjenzamalta.mt\/wp-content\/uploads\/2025\/05\/Untitled-design-200x133.png 200w, https:\/\/xjenzamalta.mt\/wp-content\/uploads\/2025\/05\/Untitled-design-400x267.png 400w, https:\/\/xjenzamalta.mt\/wp-content\/uploads\/2025\/05\/Untitled-design-600x400.png 600w, https:\/\/xjenzamalta.mt\/wp-content\/uploads\/2025\/05\/Untitled-design.png 750w\" data-sizes=\"auto\" \/>\t\t\t<\/a>\n\t\t\t\t\t\t\t<\/div>\n<\/div><div class=\"fusion-meta-tb fusion-meta-tb-29 floated\" style=\"--awb-height:36px;--awb-margin-left:10px;--awb-margin-right:25px;--awb-alignment-medium:flex-start;--awb-alignment-small:flex-start;\"><span class=\"fusion-tb-published-date\">Published On: May 5th, 2025<\/span><span class=\"fusion-meta-tb-sep\"><\/span><\/div><div class=\"fusion-title title fusion-title-30 fusion-title-text fusion-title-size-two\" style=\"--awb-margin-right:10px;--awb-margin-bottom:15px;--awb-margin-left:10px;--awb-margin-top-small:0px;--awb-margin-right-small:10px;--awb-margin-bottom-small:20px;--awb-margin-left-small:10px;--awb-link-color:hsla(var(--awb-color8-h),var(--awb-color8-s),calc( var(--awb-color8-l) + 16% ),var(--awb-color8-a));--awb-link-hover-color:#ee3a3d;--awb-font-size:var(--awb-custom_typography_1-font-size);\"><div class=\"title-sep-container title-sep-container-left fusion-no-large-visibility fusion-no-medium-visibility fusion-no-small-visibility\"><div class=\"title-sep sep- sep-solid\" style=\"border-color:var(--awb-color3);\"><\/div><\/div><span class=\"awb-title-spacer fusion-no-large-visibility fusion-no-medium-visibility fusion-no-small-visibility\"><\/span><h2 class=\"fusion-title-heading title-heading-left fusion-responsive-typography-calculated\" style=\"font-family:var(--awb-custom_typography_1-font-family);font-weight:var(--awb-custom_typography_1-font-weight);font-style:var(--awb-custom_typography_1-font-style);margin:0;letter-spacing:var(--awb-custom_typography_1-letter-spacing);text-transform:var(--awb-custom_typography_1-text-transform);font-size:1em;--fontSize:19;--minFontSize:19;line-height:1.58;\"><a href=\"https:\/\/xjenzamalta.mt\/mt\/2025\/05\/05\/xjenza-maltas-esplora-celebrates-triple-recognition-at-the-inaugural-malta-tourism-awards\/\" class=\"awb-custom-text-color awb-custom-text-hover-color\" target=\"_self\">Xjenza Malta\u2019s Esplora celebrates Triple Recognition at the Inaugural Malta Tourism Awards<\/a><\/h2><span class=\"awb-title-spacer\"><\/span><div class=\"title-sep-container title-sep-container-right\"><div class=\"title-sep sep- sep-solid\" style=\"border-color:var(--awb-color3);\"><\/div><\/div><\/div><div class=\"fusion-separator fusion-full-width-sep\" style=\"align-self: center;margin-left: auto;margin-right: auto;flex-grow:1;width:100%;\"><\/div><\/div><\/li>\n<li class=\"fusion-layout-column fusion_builder_column fusion-builder-column-30 fusion-flex-column post-card fusion-grid-column fusion-post-cards-grid-column\" style=\"--awb-bg-blend:overlay;--awb-bg-size:cover;--awb-box-shadow:0px 2px 6px 0px rgba(214,214,214,0.61);;--awb-border-color:#dddddd;--awb-border-top:1px;--awb-border-right:1px;--awb-border-bottom:1px;--awb-border-left:1px;--awb-border-style:solid;--awb-flex-grow:0;--awb-flex-shrink:0;--awb-flex-grow-medium:0;--awb-flex-shrink-medium:0;--awb-flex-grow-small:0;--awb-flex-shrink-small:0;\" data-scroll-devices=\"small-visibility,medium-visibility,large-visibility\"><div class=\"fusion-column-wrapper fusion-column-has-shadow fusion-flex-justify-content-flex-start fusion-content-layout-column\"><div class=\"fusion-classic-product-image-wrapper fusion-woo-product-image fusion-post-card-image fusion-post-card-image-1\" data-layout=\"static\" style=\"--awb-margin-bottom:40px;\"><div  class=\"fusion-image-wrapper\" aria-haspopup=\"true\">\n\t\t\t\t\t\t\t<a href=\"https:\/\/xjenzamalta.mt\/mt\/2025\/03\/21\/the-institute-of-space-sciences-and-astronomy-issa-celebrates-a-decade-of-innovation-and-collaboration\/\" aria-label=\"The Institute of Space Sciences and Astronomy (ISSA) celebrates a decade of innovation and collaboration\">\n\t\t\t\t\t\t\t<img decoding=\"async\" width=\"2560\" height=\"1707\" src=\"https:\/\/xjenzamalta.mt\/wp-content\/uploads\/2025\/03\/issa10thyr-20-scaled.jpg\" class=\"attachment-full size-full lazyload wp-post-image\" alt=\"\" srcset=\"data:image\/svg+xml,%3Csvg%20xmlns%3D%27http%3A%2F%2Fwww.w3.org%2F2000%2Fsvg%27%20width%3D%272560%27%20height%3D%271707%27%20viewBox%3D%270%200%202560%201707%27%3E%3Crect%20width%3D%272560%27%20height%3D%271707%27%20fill-opacity%3D%220%22%2F%3E%3C%2Fsvg%3E\" data-orig-src=\"https:\/\/xjenzamalta.mt\/wp-content\/uploads\/2025\/03\/issa10thyr-20-scaled.jpg\" data-srcset=\"https:\/\/xjenzamalta.mt\/wp-content\/uploads\/2025\/03\/issa10thyr-20-200x133.jpg 200w, https:\/\/xjenzamalta.mt\/wp-content\/uploads\/2025\/03\/issa10thyr-20-400x267.jpg 400w, https:\/\/xjenzamalta.mt\/wp-content\/uploads\/2025\/03\/issa10thyr-20-600x400.jpg 600w, https:\/\/xjenzamalta.mt\/wp-content\/uploads\/2025\/03\/issa10thyr-20-800x533.jpg 800w, https:\/\/xjenzamalta.mt\/wp-content\/uploads\/2025\/03\/issa10thyr-20-1200x800.jpg 1200w, https:\/\/xjenzamalta.mt\/wp-content\/uploads\/2025\/03\/issa10thyr-20-scaled.jpg 2560w\" data-sizes=\"auto\" \/>\t\t\t<\/a>\n\t\t\t\t\t\t\t<\/div>\n<\/div><div class=\"fusion-meta-tb fusion-meta-tb-30 floated\" style=\"--awb-height:36px;--awb-margin-left:10px;--awb-margin-right:25px;--awb-alignment-medium:flex-start;--awb-alignment-small:flex-start;\"><span class=\"fusion-tb-published-date\">Published On: March 21st, 2025<\/span><span class=\"fusion-meta-tb-sep\"><\/span><\/div><div class=\"fusion-title title fusion-title-31 fusion-title-text fusion-title-size-two\" style=\"--awb-margin-right:10px;--awb-margin-bottom:15px;--awb-margin-left:10px;--awb-margin-top-small:0px;--awb-margin-right-small:10px;--awb-margin-bottom-small:20px;--awb-margin-left-small:10px;--awb-link-color:hsla(var(--awb-color8-h),var(--awb-color8-s),calc( var(--awb-color8-l) + 16% ),var(--awb-color8-a));--awb-link-hover-color:#ee3a3d;--awb-font-size:var(--awb-custom_typography_1-font-size);\"><div class=\"title-sep-container title-sep-container-left fusion-no-large-visibility fusion-no-medium-visibility fusion-no-small-visibility\"><div class=\"title-sep sep- sep-solid\" style=\"border-color:var(--awb-color3);\"><\/div><\/div><span class=\"awb-title-spacer fusion-no-large-visibility fusion-no-medium-visibility fusion-no-small-visibility\"><\/span><h2 class=\"fusion-title-heading title-heading-left fusion-responsive-typography-calculated\" style=\"font-family:var(--awb-custom_typography_1-font-family);font-weight:var(--awb-custom_typography_1-font-weight);font-style:var(--awb-custom_typography_1-font-style);margin:0;letter-spacing:var(--awb-custom_typography_1-letter-spacing);text-transform:var(--awb-custom_typography_1-text-transform);font-size:1em;--fontSize:19;--minFontSize:19;line-height:1.58;\"><a href=\"https:\/\/xjenzamalta.mt\/mt\/2025\/03\/21\/the-institute-of-space-sciences-and-astronomy-issa-celebrates-a-decade-of-innovation-and-collaboration\/\" class=\"awb-custom-text-color awb-custom-text-hover-color\" target=\"_self\">The Institute of Space Sciences and Astronomy (ISSA) celebrates a decade of innovation and collaboration<\/a><\/h2><span class=\"awb-title-spacer\"><\/span><div class=\"title-sep-container title-sep-container-right\"><div class=\"title-sep sep- sep-solid\" style=\"border-color:var(--awb-color3);\"><\/div><\/div><\/div><div class=\"fusion-separator fusion-full-width-sep\" style=\"align-self: center;margin-left: auto;margin-right: auto;flex-grow:1;width:100%;\"><\/div><\/div><\/li>\n<li class=\"fusion-layout-column fusion_builder_column fusion-builder-column-31 fusion-flex-column post-card fusion-grid-column fusion-post-cards-grid-column\" style=\"--awb-bg-blend:overlay;--awb-bg-size:cover;--awb-box-shadow:0px 2px 6px 0px rgba(214,214,214,0.61);;--awb-border-color:#dddddd;--awb-border-top:1px;--awb-border-right:1px;--awb-border-bottom:1px;--awb-border-left:1px;--awb-border-style:solid;--awb-flex-grow:0;--awb-flex-shrink:0;--awb-flex-grow-medium:0;--awb-flex-shrink-medium:0;--awb-flex-grow-small:0;--awb-flex-shrink-small:0;\" data-scroll-devices=\"small-visibility,medium-visibility,large-visibility\"><div class=\"fusion-column-wrapper fusion-column-has-shadow fusion-flex-justify-content-flex-start fusion-content-layout-column\"><div class=\"fusion-classic-product-image-wrapper fusion-woo-product-image fusion-post-card-image fusion-post-card-image-1\" data-layout=\"static\" style=\"--awb-margin-bottom:40px;\"><div  class=\"fusion-image-wrapper\" aria-haspopup=\"true\">\n\t\t\t\t\t\t\t<a href=\"https:\/\/xjenzamalta.mt\/mt\/2025\/03\/17\/stqarrija-mis-segretarjat-parlamentari-ghaz-zghazagh-ir-ricerka-u-l-innovazzjoni-investiment-ta-miljun-ewro-ghar-ricerka-fil-kancer-imnedija-t-tieni-sejha-ghall-programm-ta-ricer\/\" aria-label=\"STQARRIJA MIS-SEGRETARJAT PARLAMENTARI G\u0126A\u017b-\u017bG\u0126A\u017bAG\u0126, IR-RI\u010aERKA U L-INNOVAZZJONI &#8211; Investiment ta\u2019 miljun ewro g\u0127ar-ri\u010berka fil-kan\u010ber: Imnedija t-tieni sej\u0127a g\u0127all-Programm ta\u2019 Ri\u010berka dwar il-Kan\u010ber\">\n\t\t\t\t\t\t\t<img decoding=\"async\" width=\"2560\" height=\"1707\" src=\"https:\/\/xjenzamalta.mt\/wp-content\/uploads\/2025\/03\/cancerresearch-7-scaled.jpg\" class=\"attachment-full size-full lazyload wp-post-image\" alt=\"\" srcset=\"data:image\/svg+xml,%3Csvg%20xmlns%3D%27http%3A%2F%2Fwww.w3.org%2F2000%2Fsvg%27%20width%3D%272560%27%20height%3D%271707%27%20viewBox%3D%270%200%202560%201707%27%3E%3Crect%20width%3D%272560%27%20height%3D%271707%27%20fill-opacity%3D%220%22%2F%3E%3C%2Fsvg%3E\" data-orig-src=\"https:\/\/xjenzamalta.mt\/wp-content\/uploads\/2025\/03\/cancerresearch-7-scaled.jpg\" data-srcset=\"https:\/\/xjenzamalta.mt\/wp-content\/uploads\/2025\/03\/cancerresearch-7-200x133.jpg 200w, https:\/\/xjenzamalta.mt\/wp-content\/uploads\/2025\/03\/cancerresearch-7-400x267.jpg 400w, https:\/\/xjenzamalta.mt\/wp-content\/uploads\/2025\/03\/cancerresearch-7-600x400.jpg 600w, https:\/\/xjenzamalta.mt\/wp-content\/uploads\/2025\/03\/cancerresearch-7-800x533.jpg 800w, https:\/\/xjenzamalta.mt\/wp-content\/uploads\/2025\/03\/cancerresearch-7-1200x800.jpg 1200w, https:\/\/xjenzamalta.mt\/wp-content\/uploads\/2025\/03\/cancerresearch-7-scaled.jpg 2560w\" data-sizes=\"auto\" \/>\t\t\t<\/a>\n\t\t\t\t\t\t\t<\/div>\n<\/div><div class=\"fusion-meta-tb fusion-meta-tb-31 floated\" style=\"--awb-height:36px;--awb-margin-left:10px;--awb-margin-right:25px;--awb-alignment-medium:flex-start;--awb-alignment-small:flex-start;\"><span class=\"fusion-tb-published-date\">Published On: March 17th, 2025<\/span><span class=\"fusion-meta-tb-sep\"><\/span><\/div><div class=\"fusion-title title fusion-title-32 fusion-title-text fusion-title-size-two\" style=\"--awb-margin-right:10px;--awb-margin-bottom:15px;--awb-margin-left:10px;--awb-margin-top-small:0px;--awb-margin-right-small:10px;--awb-margin-bottom-small:20px;--awb-margin-left-small:10px;--awb-link-color:hsla(var(--awb-color8-h),var(--awb-color8-s),calc( var(--awb-color8-l) + 16% ),var(--awb-color8-a));--awb-link-hover-color:#ee3a3d;--awb-font-size:var(--awb-custom_typography_1-font-size);\"><div class=\"title-sep-container title-sep-container-left fusion-no-large-visibility fusion-no-medium-visibility fusion-no-small-visibility\"><div class=\"title-sep sep- sep-solid\" style=\"border-color:var(--awb-color3);\"><\/div><\/div><span class=\"awb-title-spacer fusion-no-large-visibility fusion-no-medium-visibility fusion-no-small-visibility\"><\/span><h2 class=\"fusion-title-heading title-heading-left fusion-responsive-typography-calculated\" style=\"font-family:var(--awb-custom_typography_1-font-family);font-weight:var(--awb-custom_typography_1-font-weight);font-style:var(--awb-custom_typography_1-font-style);margin:0;letter-spacing:var(--awb-custom_typography_1-letter-spacing);text-transform:var(--awb-custom_typography_1-text-transform);font-size:1em;--fontSize:19;--minFontSize:19;line-height:1.58;\"><a href=\"https:\/\/xjenzamalta.mt\/mt\/2025\/03\/17\/stqarrija-mis-segretarjat-parlamentari-ghaz-zghazagh-ir-ricerka-u-l-innovazzjoni-investiment-ta-miljun-ewro-ghar-ricerka-fil-kancer-imnedija-t-tieni-sejha-ghall-programm-ta-ricer\/\" class=\"awb-custom-text-color awb-custom-text-hover-color\" target=\"_self\">STQARRIJA MIS-SEGRETARJAT PARLAMENTARI G\u0126A\u017b-\u017bG\u0126A\u017bAG\u0126, IR-RI\u010aERKA U L-INNOVAZZJONI &#8211; Investiment ta\u2019 miljun ewro g\u0127ar-ri\u010berka fil-kan\u010ber: Imnedija t-tieni sej\u0127a g\u0127all-Programm ta\u2019 Ri\u010berka dwar il-Kan\u010ber<\/a><\/h2><span class=\"awb-title-spacer\"><\/span><div class=\"title-sep-container title-sep-container-right\"><div class=\"title-sep sep- sep-solid\" style=\"border-color:var(--awb-color3);\"><\/div><\/div><\/div><div class=\"fusion-separator fusion-full-width-sep\" style=\"align-self: center;margin-left: auto;margin-right: auto;flex-grow:1;width:100%;\"><\/div><\/div><\/li>\n<li class=\"fusion-layout-column fusion_builder_column fusion-builder-column-32 fusion-flex-column post-card fusion-grid-column fusion-post-cards-grid-column\" style=\"--awb-bg-blend:overlay;--awb-bg-size:cover;--awb-box-shadow:0px 2px 6px 0px rgba(214,214,214,0.61);;--awb-border-color:#dddddd;--awb-border-top:1px;--awb-border-right:1px;--awb-border-bottom:1px;--awb-border-left:1px;--awb-border-style:solid;--awb-flex-grow:0;--awb-flex-shrink:0;--awb-flex-grow-medium:0;--awb-flex-shrink-medium:0;--awb-flex-grow-small:0;--awb-flex-shrink-small:0;\" data-scroll-devices=\"small-visibility,medium-visibility,large-visibility\"><div class=\"fusion-column-wrapper fusion-column-has-shadow fusion-flex-justify-content-flex-start fusion-content-layout-column\"><div class=\"fusion-classic-product-image-wrapper fusion-woo-product-image fusion-post-card-image fusion-post-card-image-1\" data-layout=\"static\" style=\"--awb-margin-bottom:40px;\"><div  class=\"fusion-image-wrapper\" aria-haspopup=\"true\">\n\t\t\t\t\t\t\t<a href=\"https:\/\/xjenzamalta.mt\/mt\/2025\/02\/21\/stqarrija-mis-segretarjat-parlamentari-ghaz-zghazagh-ir-ricerka-u-l-innovazzjoni-u-mis-segretarjat-parlamentari-ghall-gvern-lokali-jittella-l-workshop-horizon-europe-missions-emp\/\" aria-label=\"STQARRIJA MIS-SEGRETARJAT PARLAMENTARI G\u0126A\u017b-\u017bG\u0126A\u017bAG\u0126, IR-RI\u010aERKA U L-INNOVAZZJONI U MIS-SEGRETARJAT PARLAMENTARI G\u0126ALL-GVERN LOKALI &#8211; Jittella\u2019 l-workshop \u2018Horizon Europe Missions: Empowering Local Communities\u2019\">\n\t\t\t\t\t\t\t<img decoding=\"async\" width=\"2560\" height=\"1707\" src=\"https:\/\/xjenzamalta.mt\/wp-content\/uploads\/2025\/02\/horizonpart1-43-scaled.jpg\" class=\"attachment-full size-full lazyload wp-post-image\" alt=\"\" srcset=\"data:image\/svg+xml,%3Csvg%20xmlns%3D%27http%3A%2F%2Fwww.w3.org%2F2000%2Fsvg%27%20width%3D%272560%27%20height%3D%271707%27%20viewBox%3D%270%200%202560%201707%27%3E%3Crect%20width%3D%272560%27%20height%3D%271707%27%20fill-opacity%3D%220%22%2F%3E%3C%2Fsvg%3E\" data-orig-src=\"https:\/\/xjenzamalta.mt\/wp-content\/uploads\/2025\/02\/horizonpart1-43-scaled.jpg\" data-srcset=\"https:\/\/xjenzamalta.mt\/wp-content\/uploads\/2025\/02\/horizonpart1-43-200x133.jpg 200w, https:\/\/xjenzamalta.mt\/wp-content\/uploads\/2025\/02\/horizonpart1-43-400x267.jpg 400w, https:\/\/xjenzamalta.mt\/wp-content\/uploads\/2025\/02\/horizonpart1-43-600x400.jpg 600w, https:\/\/xjenzamalta.mt\/wp-content\/uploads\/2025\/02\/horizonpart1-43-800x533.jpg 800w, https:\/\/xjenzamalta.mt\/wp-content\/uploads\/2025\/02\/horizonpart1-43-1200x800.jpg 1200w, https:\/\/xjenzamalta.mt\/wp-content\/uploads\/2025\/02\/horizonpart1-43-scaled.jpg 2560w\" data-sizes=\"auto\" \/>\t\t\t<\/a>\n\t\t\t\t\t\t\t<\/div>\n<\/div><div class=\"fusion-meta-tb fusion-meta-tb-32 floated\" style=\"--awb-height:36px;--awb-margin-left:10px;--awb-margin-right:25px;--awb-alignment-medium:flex-start;--awb-alignment-small:flex-start;\"><span class=\"fusion-tb-published-date\">Published On: February 21st, 2025<\/span><span class=\"fusion-meta-tb-sep\"><\/span><\/div><div class=\"fusion-title title fusion-title-33 fusion-title-text fusion-title-size-two\" style=\"--awb-margin-right:10px;--awb-margin-bottom:15px;--awb-margin-left:10px;--awb-margin-top-small:0px;--awb-margin-right-small:10px;--awb-margin-bottom-small:20px;--awb-margin-left-small:10px;--awb-link-color:hsla(var(--awb-color8-h),var(--awb-color8-s),calc( var(--awb-color8-l) + 16% ),var(--awb-color8-a));--awb-link-hover-color:#ee3a3d;--awb-font-size:var(--awb-custom_typography_1-font-size);\"><div class=\"title-sep-container title-sep-container-left fusion-no-large-visibility fusion-no-medium-visibility fusion-no-small-visibility\"><div class=\"title-sep sep- sep-solid\" style=\"border-color:var(--awb-color3);\"><\/div><\/div><span class=\"awb-title-spacer fusion-no-large-visibility fusion-no-medium-visibility fusion-no-small-visibility\"><\/span><h2 class=\"fusion-title-heading title-heading-left fusion-responsive-typography-calculated\" style=\"font-family:var(--awb-custom_typography_1-font-family);font-weight:var(--awb-custom_typography_1-font-weight);font-style:var(--awb-custom_typography_1-font-style);margin:0;letter-spacing:var(--awb-custom_typography_1-letter-spacing);text-transform:var(--awb-custom_typography_1-text-transform);font-size:1em;--fontSize:19;--minFontSize:19;line-height:1.58;\"><a href=\"https:\/\/xjenzamalta.mt\/mt\/2025\/02\/21\/stqarrija-mis-segretarjat-parlamentari-ghaz-zghazagh-ir-ricerka-u-l-innovazzjoni-u-mis-segretarjat-parlamentari-ghall-gvern-lokali-jittella-l-workshop-horizon-europe-missions-emp\/\" class=\"awb-custom-text-color awb-custom-text-hover-color\" target=\"_self\">STQARRIJA MIS-SEGRETARJAT PARLAMENTARI G\u0126A\u017b-\u017bG\u0126A\u017bAG\u0126, IR-RI\u010aERKA U L-INNOVAZZJONI U MIS-SEGRETARJAT PARLAMENTARI G\u0126ALL-GVERN LOKALI &#8211; Jittella\u2019 l-workshop \u2018Horizon Europe Missions: Empowering Local Communities\u2019<\/a><\/h2><span class=\"awb-title-spacer\"><\/span><div class=\"title-sep-container title-sep-container-right\"><div class=\"title-sep sep- sep-solid\" style=\"border-color:var(--awb-color3);\"><\/div><\/div><\/div><div class=\"fusion-separator fusion-full-width-sep\" style=\"align-self: center;margin-left: auto;margin-right: auto;flex-grow:1;width:100%;\"><\/div><\/div><\/li>\n<li class=\"fusion-layout-column fusion_builder_column fusion-builder-column-33 fusion-flex-column post-card fusion-grid-column fusion-post-cards-grid-column\" style=\"--awb-bg-blend:overlay;--awb-bg-size:cover;--awb-box-shadow:0px 2px 6px 0px rgba(214,214,214,0.61);;--awb-border-color:#dddddd;--awb-border-top:1px;--awb-border-right:1px;--awb-border-bottom:1px;--awb-border-left:1px;--awb-border-style:solid;--awb-flex-grow:0;--awb-flex-shrink:0;--awb-flex-grow-medium:0;--awb-flex-shrink-medium:0;--awb-flex-grow-small:0;--awb-flex-shrink-small:0;\" data-scroll-devices=\"small-visibility,medium-visibility,large-visibility\"><div class=\"fusion-column-wrapper fusion-column-has-shadow fusion-flex-justify-content-flex-start fusion-content-layout-column\"><div class=\"fusion-classic-product-image-wrapper fusion-woo-product-image fusion-post-card-image fusion-post-card-image-1\" data-layout=\"static\" style=\"--awb-margin-bottom:40px;\"><div  class=\"fusion-image-wrapper\" aria-haspopup=\"true\">\n\t\t\t\t\t\t\t<a href=\"https:\/\/xjenzamalta.mt\/mt\/2025\/01\/21\/press-release-by-the-parliamentary-secretariat-for-youth-research-and-innovation-launch-of-the-second-european-space-agency-pecs-call-for-malta-for-initiatives-related-to-the-space-sector\/\" aria-label=\"PRESS RELEASE BY THE PARLIAMENTARY SECRETARIAT FOR YOUTH, RESEARCH AND INNOVATION Launch of the second European Space Agency PECS call for Malta for initiatives related to the Space sector\">\n\t\t\t\t\t\t\t<img decoding=\"async\" width=\"2560\" height=\"1707\" src=\"https:\/\/xjenzamalta.mt\/wp-content\/uploads\/2025\/01\/pecs2025-51-scaled.jpg\" class=\"attachment-full size-full lazyload wp-post-image\" alt=\"\" srcset=\"data:image\/svg+xml,%3Csvg%20xmlns%3D%27http%3A%2F%2Fwww.w3.org%2F2000%2Fsvg%27%20width%3D%272560%27%20height%3D%271707%27%20viewBox%3D%270%200%202560%201707%27%3E%3Crect%20width%3D%272560%27%20height%3D%271707%27%20fill-opacity%3D%220%22%2F%3E%3C%2Fsvg%3E\" data-orig-src=\"https:\/\/xjenzamalta.mt\/wp-content\/uploads\/2025\/01\/pecs2025-51-scaled.jpg\" data-srcset=\"https:\/\/xjenzamalta.mt\/wp-content\/uploads\/2025\/01\/pecs2025-51-200x133.jpg 200w, https:\/\/xjenzamalta.mt\/wp-content\/uploads\/2025\/01\/pecs2025-51-400x267.jpg 400w, https:\/\/xjenzamalta.mt\/wp-content\/uploads\/2025\/01\/pecs2025-51-600x400.jpg 600w, https:\/\/xjenzamalta.mt\/wp-content\/uploads\/2025\/01\/pecs2025-51-800x533.jpg 800w, https:\/\/xjenzamalta.mt\/wp-content\/uploads\/2025\/01\/pecs2025-51-1200x800.jpg 1200w, https:\/\/xjenzamalta.mt\/wp-content\/uploads\/2025\/01\/pecs2025-51-scaled.jpg 2560w\" data-sizes=\"auto\" \/>\t\t\t<\/a>\n\t\t\t\t\t\t\t<\/div>\n<\/div><div class=\"fusion-meta-tb fusion-meta-tb-33 floated\" style=\"--awb-height:36px;--awb-margin-left:10px;--awb-margin-right:25px;--awb-alignment-medium:flex-start;--awb-alignment-small:flex-start;\"><span class=\"fusion-tb-published-date\">Published On: January 21st, 2025<\/span><span class=\"fusion-meta-tb-sep\"><\/span><\/div><div class=\"fusion-title title fusion-title-34 fusion-title-text fusion-title-size-two\" style=\"--awb-margin-right:10px;--awb-margin-bottom:15px;--awb-margin-left:10px;--awb-margin-top-small:0px;--awb-margin-right-small:10px;--awb-margin-bottom-small:20px;--awb-margin-left-small:10px;--awb-link-color:hsla(var(--awb-color8-h),var(--awb-color8-s),calc( var(--awb-color8-l) + 16% ),var(--awb-color8-a));--awb-link-hover-color:#ee3a3d;--awb-font-size:var(--awb-custom_typography_1-font-size);\"><div class=\"title-sep-container title-sep-container-left fusion-no-large-visibility fusion-no-medium-visibility fusion-no-small-visibility\"><div class=\"title-sep sep- sep-solid\" style=\"border-color:var(--awb-color3);\"><\/div><\/div><span class=\"awb-title-spacer fusion-no-large-visibility fusion-no-medium-visibility fusion-no-small-visibility\"><\/span><h2 class=\"fusion-title-heading title-heading-left fusion-responsive-typography-calculated\" style=\"font-family:var(--awb-custom_typography_1-font-family);font-weight:var(--awb-custom_typography_1-font-weight);font-style:var(--awb-custom_typography_1-font-style);margin:0;letter-spacing:var(--awb-custom_typography_1-letter-spacing);text-transform:var(--awb-custom_typography_1-text-transform);font-size:1em;--fontSize:19;--minFontSize:19;line-height:1.58;\"><a href=\"https:\/\/xjenzamalta.mt\/mt\/2025\/01\/21\/press-release-by-the-parliamentary-secretariat-for-youth-research-and-innovation-launch-of-the-second-european-space-agency-pecs-call-for-malta-for-initiatives-related-to-the-space-sector\/\" class=\"awb-custom-text-color awb-custom-text-hover-color\" target=\"_self\">PRESS RELEASE BY THE PARLIAMENTARY SECRETARIAT FOR YOUTH, RESEARCH AND INNOVATION Launch of the second European Space Agency PECS call for Malta for initiatives related to the Space sector<\/a><\/h2><span class=\"awb-title-spacer\"><\/span><div class=\"title-sep-container title-sep-container-right\"><div class=\"title-sep sep- sep-solid\" style=\"border-color:var(--awb-color3);\"><\/div><\/div><\/div><div class=\"fusion-separator fusion-full-width-sep\" style=\"align-self: center;margin-left: auto;margin-right: auto;flex-grow:1;width:100%;\"><\/div><\/div><\/li>\n<li class=\"fusion-layout-column fusion_builder_column fusion-builder-column-34 fusion-flex-column post-card fusion-grid-column fusion-post-cards-grid-column\" style=\"--awb-bg-blend:overlay;--awb-bg-size:cover;--awb-box-shadow:0px 2px 6px 0px rgba(214,214,214,0.61);;--awb-border-color:#dddddd;--awb-border-top:1px;--awb-border-right:1px;--awb-border-bottom:1px;--awb-border-left:1px;--awb-border-style:solid;--awb-flex-grow:0;--awb-flex-shrink:0;--awb-flex-grow-medium:0;--awb-flex-shrink-medium:0;--awb-flex-grow-small:0;--awb-flex-shrink-small:0;\" data-scroll-devices=\"small-visibility,medium-visibility,large-visibility\"><div class=\"fusion-column-wrapper fusion-column-has-shadow fusion-flex-justify-content-flex-start fusion-content-layout-column\"><div class=\"fusion-classic-product-image-wrapper fusion-woo-product-image fusion-post-card-image fusion-post-card-image-1\" data-layout=\"static\" style=\"--awb-margin-bottom:40px;\"><div  class=\"fusion-image-wrapper\" aria-haspopup=\"true\">\n\t\t\t\t\t\t\t<a href=\"https:\/\/xjenzamalta.mt\/mt\/2025\/01\/14\/research-networking-scheme-rns-call-2-2024-application-status-overview\/\" aria-label=\"Research Networking Scheme (RNS) Call 2 2024 &#8211; Application Status Overview\">\n\t\t\t\t\t\t\t<img decoding=\"async\" width=\"750\" height=\"500\" src=\"https:\/\/xjenzamalta.mt\/wp-content\/uploads\/2024\/08\/Untitled-design-28.png\" class=\"attachment-full size-full lazyload wp-post-image\" alt=\"\" srcset=\"data:image\/svg+xml,%3Csvg%20xmlns%3D%27http%3A%2F%2Fwww.w3.org%2F2000%2Fsvg%27%20width%3D%27750%27%20height%3D%27500%27%20viewBox%3D%270%200%20750%20500%27%3E%3Crect%20width%3D%27750%27%20height%3D%27500%27%20fill-opacity%3D%220%22%2F%3E%3C%2Fsvg%3E\" data-orig-src=\"https:\/\/xjenzamalta.mt\/wp-content\/uploads\/2024\/08\/Untitled-design-28.png\" data-srcset=\"https:\/\/xjenzamalta.mt\/wp-content\/uploads\/2024\/08\/Untitled-design-28-200x133.png 200w, https:\/\/xjenzamalta.mt\/wp-content\/uploads\/2024\/08\/Untitled-design-28-400x267.png 400w, https:\/\/xjenzamalta.mt\/wp-content\/uploads\/2024\/08\/Untitled-design-28-600x400.png 600w, https:\/\/xjenzamalta.mt\/wp-content\/uploads\/2024\/08\/Untitled-design-28.png 750w\" data-sizes=\"auto\" \/>\t\t\t<\/a>\n\t\t\t\t\t\t\t<\/div>\n<\/div><div class=\"fusion-meta-tb fusion-meta-tb-34 floated\" style=\"--awb-height:36px;--awb-margin-left:10px;--awb-margin-right:25px;--awb-alignment-medium:flex-start;--awb-alignment-small:flex-start;\"><span class=\"fusion-tb-published-date\">Published On: January 14th, 2025<\/span><span class=\"fusion-meta-tb-sep\"><\/span><\/div><div class=\"fusion-title title fusion-title-35 fusion-title-text fusion-title-size-two\" style=\"--awb-margin-right:10px;--awb-margin-bottom:15px;--awb-margin-left:10px;--awb-margin-top-small:0px;--awb-margin-right-small:10px;--awb-margin-bottom-small:20px;--awb-margin-left-small:10px;--awb-link-color:hsla(var(--awb-color8-h),var(--awb-color8-s),calc( var(--awb-color8-l) + 16% ),var(--awb-color8-a));--awb-link-hover-color:#ee3a3d;--awb-font-size:var(--awb-custom_typography_1-font-size);\"><div class=\"title-sep-container title-sep-container-left fusion-no-large-visibility fusion-no-medium-visibility fusion-no-small-visibility\"><div class=\"title-sep sep- sep-solid\" style=\"border-color:var(--awb-color3);\"><\/div><\/div><span class=\"awb-title-spacer fusion-no-large-visibility fusion-no-medium-visibility fusion-no-small-visibility\"><\/span><h2 class=\"fusion-title-heading title-heading-left fusion-responsive-typography-calculated\" style=\"font-family:var(--awb-custom_typography_1-font-family);font-weight:var(--awb-custom_typography_1-font-weight);font-style:var(--awb-custom_typography_1-font-style);margin:0;letter-spacing:var(--awb-custom_typography_1-letter-spacing);text-transform:var(--awb-custom_typography_1-text-transform);font-size:1em;--fontSize:19;--minFontSize:19;line-height:1.58;\"><a href=\"https:\/\/xjenzamalta.mt\/mt\/2025\/01\/14\/research-networking-scheme-rns-call-2-2024-application-status-overview\/\" class=\"awb-custom-text-color awb-custom-text-hover-color\" target=\"_self\">Research Networking Scheme (RNS) Call 2 2024 &#8211; Application Status Overview<\/a><\/h2><span class=\"awb-title-spacer\"><\/span><div class=\"title-sep-container title-sep-container-right\"><div class=\"title-sep sep- sep-solid\" style=\"border-color:var(--awb-color3);\"><\/div><\/div><\/div><div class=\"fusion-separator fusion-full-width-sep\" style=\"align-self: center;margin-left: auto;margin-right: auto;flex-grow:1;width:100%;\"><\/div><\/div><\/li>\n<li class=\"fusion-layout-column fusion_builder_column fusion-builder-column-35 fusion-flex-column post-card fusion-grid-column fusion-post-cards-grid-column\" style=\"--awb-bg-blend:overlay;--awb-bg-size:cover;--awb-box-shadow:0px 2px 6px 0px rgba(214,214,214,0.61);;--awb-border-color:#dddddd;--awb-border-top:1px;--awb-border-right:1px;--awb-border-bottom:1px;--awb-border-left:1px;--awb-border-style:solid;--awb-flex-grow:0;--awb-flex-shrink:0;--awb-flex-grow-medium:0;--awb-flex-shrink-medium:0;--awb-flex-grow-small:0;--awb-flex-shrink-small:0;\" data-scroll-devices=\"small-visibility,medium-visibility,large-visibility\"><div class=\"fusion-column-wrapper fusion-column-has-shadow fusion-flex-justify-content-flex-start fusion-content-layout-column\"><div class=\"fusion-classic-product-image-wrapper fusion-woo-product-image fusion-post-card-image fusion-post-card-image-1\" data-layout=\"static\" style=\"--awb-margin-bottom:40px;\"><div  class=\"fusion-image-wrapper\" aria-haspopup=\"true\">\n\t\t\t\t\t\t\t<a href=\"https:\/\/xjenzamalta.mt\/mt\/2025\/01\/10\/issue-of-the-second-esa-pecs-call-for-malta\/\" aria-label=\"Issue of the second ESA PECS call for Malta\">\n\t\t\t\t\t\t\t<img decoding=\"async\" width=\"2560\" height=\"1706\" src=\"https:\/\/xjenzamalta.mt\/wp-content\/uploads\/2025\/01\/ESA-03-scaled.jpg\" class=\"attachment-full size-full lazyload wp-post-image\" alt=\"\" srcset=\"data:image\/svg+xml,%3Csvg%20xmlns%3D%27http%3A%2F%2Fwww.w3.org%2F2000%2Fsvg%27%20width%3D%272560%27%20height%3D%271706%27%20viewBox%3D%270%200%202560%201706%27%3E%3Crect%20width%3D%272560%27%20height%3D%271706%27%20fill-opacity%3D%220%22%2F%3E%3C%2Fsvg%3E\" data-orig-src=\"https:\/\/xjenzamalta.mt\/wp-content\/uploads\/2025\/01\/ESA-03-scaled.jpg\" data-srcset=\"https:\/\/xjenzamalta.mt\/wp-content\/uploads\/2025\/01\/ESA-03-200x133.jpg 200w, https:\/\/xjenzamalta.mt\/wp-content\/uploads\/2025\/01\/ESA-03-400x267.jpg 400w, https:\/\/xjenzamalta.mt\/wp-content\/uploads\/2025\/01\/ESA-03-600x400.jpg 600w, https:\/\/xjenzamalta.mt\/wp-content\/uploads\/2025\/01\/ESA-03-800x533.jpg 800w, https:\/\/xjenzamalta.mt\/wp-content\/uploads\/2025\/01\/ESA-03-1200x800.jpg 1200w, https:\/\/xjenzamalta.mt\/wp-content\/uploads\/2025\/01\/ESA-03-scaled.jpg 2560w\" data-sizes=\"auto\" \/>\t\t\t<\/a>\n\t\t\t\t\t\t\t<\/div>\n<\/div><div class=\"fusion-meta-tb fusion-meta-tb-35 floated\" style=\"--awb-height:36px;--awb-margin-left:10px;--awb-margin-right:25px;--awb-alignment-medium:flex-start;--awb-alignment-small:flex-start;\"><span class=\"fusion-tb-published-date\">Published On: January 10th, 2025<\/span><span class=\"fusion-meta-tb-sep\"><\/span><\/div><div class=\"fusion-title title fusion-title-36 fusion-title-text fusion-title-size-two\" style=\"--awb-margin-right:10px;--awb-margin-bottom:15px;--awb-margin-left:10px;--awb-margin-top-small:0px;--awb-margin-right-small:10px;--awb-margin-bottom-small:20px;--awb-margin-left-small:10px;--awb-link-color:hsla(var(--awb-color8-h),var(--awb-color8-s),calc( var(--awb-color8-l) + 16% ),var(--awb-color8-a));--awb-link-hover-color:#ee3a3d;--awb-font-size:var(--awb-custom_typography_1-font-size);\"><div class=\"title-sep-container title-sep-container-left fusion-no-large-visibility fusion-no-medium-visibility fusion-no-small-visibility\"><div class=\"title-sep sep- sep-solid\" style=\"border-color:var(--awb-color3);\"><\/div><\/div><span class=\"awb-title-spacer fusion-no-large-visibility fusion-no-medium-visibility fusion-no-small-visibility\"><\/span><h2 class=\"fusion-title-heading title-heading-left fusion-responsive-typography-calculated\" style=\"font-family:var(--awb-custom_typography_1-font-family);font-weight:var(--awb-custom_typography_1-font-weight);font-style:var(--awb-custom_typography_1-font-style);margin:0;letter-spacing:var(--awb-custom_typography_1-letter-spacing);text-transform:var(--awb-custom_typography_1-text-transform);font-size:1em;--fontSize:19;--minFontSize:19;line-height:1.58;\"><a href=\"https:\/\/xjenzamalta.mt\/mt\/2025\/01\/10\/issue-of-the-second-esa-pecs-call-for-malta\/\" class=\"awb-custom-text-color awb-custom-text-hover-color\" target=\"_self\">Issue of the second ESA PECS call for Malta<\/a><\/h2><span class=\"awb-title-spacer\"><\/span><div class=\"title-sep-container title-sep-container-right\"><div class=\"title-sep sep- sep-solid\" style=\"border-color:var(--awb-color3);\"><\/div><\/div><\/div><div class=\"fusion-separator fusion-full-width-sep\" style=\"align-self: center;margin-left: auto;margin-right: auto;flex-grow:1;width:100%;\"><\/div><\/div><\/li>\n<li class=\"fusion-layout-column fusion_builder_column fusion-builder-column-36 fusion-flex-column post-card fusion-grid-column fusion-post-cards-grid-column\" style=\"--awb-bg-blend:overlay;--awb-bg-size:cover;--awb-box-shadow:0px 2px 6px 0px rgba(214,214,214,0.61);;--awb-border-color:#dddddd;--awb-border-top:1px;--awb-border-right:1px;--awb-border-bottom:1px;--awb-border-left:1px;--awb-border-style:solid;--awb-flex-grow:0;--awb-flex-shrink:0;--awb-flex-grow-medium:0;--awb-flex-shrink-medium:0;--awb-flex-grow-small:0;--awb-flex-shrink-small:0;\" data-scroll-devices=\"small-visibility,medium-visibility,large-visibility\"><div class=\"fusion-column-wrapper fusion-column-has-shadow fusion-flex-justify-content-flex-start fusion-content-layout-column\"><div class=\"fusion-classic-product-image-wrapper fusion-woo-product-image fusion-post-card-image fusion-post-card-image-1\" data-layout=\"static\" style=\"--awb-margin-bottom:40px;\"><div  class=\"fusion-image-wrapper\" aria-haspopup=\"true\">\n\t\t\t\t\t\t\t<a href=\"https:\/\/xjenzamalta.mt\/mt\/2024\/12\/17\/stqarrija-mill-ministeru-ghall-edukazzjoni-l-isport-iz-zghazagh-ir-ricerka-u-l-innovazzjoni-u-mill-ministeru-ghat-trasport-l-infrastruttura-u-x-xoghlijiet-pubblici-xoghlijiet-ta-konsoli\/\" aria-label=\"STQARRIJA MILL-MINISTERU G\u0126ALL-EDUKAZZJONI, L-ISPORT, I\u017b-\u017bG\u0126A\u017bAG\u0126, IR-RI\u010aERKA U L-INNOVAZZJONI U MILL-MINISTERU G\u0126AT-TRASPORT, L-INFRASTRUTTURA U X-XOG\u0126LIJIET PUBBLI\u010aI &#8211; Xog\u0127lijiet ta\u2019 konsolidazzjoni fil-Peni\u017cola ta\u2019 Bighi\">\n\t\t\t\t\t\t\t<img decoding=\"async\" width=\"750\" height=\"500\" src=\"https:\/\/xjenzamalta.mt\/wp-content\/uploads\/2024\/12\/Untitled-design-32.png\" class=\"attachment-full size-full lazyload wp-post-image\" alt=\"\" srcset=\"data:image\/svg+xml,%3Csvg%20xmlns%3D%27http%3A%2F%2Fwww.w3.org%2F2000%2Fsvg%27%20width%3D%27750%27%20height%3D%27500%27%20viewBox%3D%270%200%20750%20500%27%3E%3Crect%20width%3D%27750%27%20height%3D%27500%27%20fill-opacity%3D%220%22%2F%3E%3C%2Fsvg%3E\" data-orig-src=\"https:\/\/xjenzamalta.mt\/wp-content\/uploads\/2024\/12\/Untitled-design-32.png\" data-srcset=\"https:\/\/xjenzamalta.mt\/wp-content\/uploads\/2024\/12\/Untitled-design-32-200x133.png 200w, https:\/\/xjenzamalta.mt\/wp-content\/uploads\/2024\/12\/Untitled-design-32-400x267.png 400w, https:\/\/xjenzamalta.mt\/wp-content\/uploads\/2024\/12\/Untitled-design-32-600x400.png 600w, https:\/\/xjenzamalta.mt\/wp-content\/uploads\/2024\/12\/Untitled-design-32.png 750w\" data-sizes=\"auto\" \/>\t\t\t<\/a>\n\t\t\t\t\t\t\t<\/div>\n<\/div><div class=\"fusion-meta-tb fusion-meta-tb-36 floated\" style=\"--awb-height:36px;--awb-margin-left:10px;--awb-margin-right:25px;--awb-alignment-medium:flex-start;--awb-alignment-small:flex-start;\"><span class=\"fusion-tb-published-date\">Published On: December 17th, 2024<\/span><span class=\"fusion-meta-tb-sep\"><\/span><\/div><div class=\"fusion-title title fusion-title-37 fusion-title-text fusion-title-size-two\" style=\"--awb-margin-right:10px;--awb-margin-bottom:15px;--awb-margin-left:10px;--awb-margin-top-small:0px;--awb-margin-right-small:10px;--awb-margin-bottom-small:20px;--awb-margin-left-small:10px;--awb-link-color:hsla(var(--awb-color8-h),var(--awb-color8-s),calc( var(--awb-color8-l) + 16% ),var(--awb-color8-a));--awb-link-hover-color:#ee3a3d;--awb-font-size:var(--awb-custom_typography_1-font-size);\"><div class=\"title-sep-container title-sep-container-left fusion-no-large-visibility fusion-no-medium-visibility fusion-no-small-visibility\"><div class=\"title-sep sep- sep-solid\" style=\"border-color:var(--awb-color3);\"><\/div><\/div><span class=\"awb-title-spacer fusion-no-large-visibility fusion-no-medium-visibility fusion-no-small-visibility\"><\/span><h2 class=\"fusion-title-heading title-heading-left fusion-responsive-typography-calculated\" style=\"font-family:var(--awb-custom_typography_1-font-family);font-weight:var(--awb-custom_typography_1-font-weight);font-style:var(--awb-custom_typography_1-font-style);margin:0;letter-spacing:var(--awb-custom_typography_1-letter-spacing);text-transform:var(--awb-custom_typography_1-text-transform);font-size:1em;--fontSize:19;--minFontSize:19;line-height:1.58;\"><a href=\"https:\/\/xjenzamalta.mt\/mt\/2024\/12\/17\/stqarrija-mill-ministeru-ghall-edukazzjoni-l-isport-iz-zghazagh-ir-ricerka-u-l-innovazzjoni-u-mill-ministeru-ghat-trasport-l-infrastruttura-u-x-xoghlijiet-pubblici-xoghlijiet-ta-konsoli\/\" class=\"awb-custom-text-color awb-custom-text-hover-color\" target=\"_self\">STQARRIJA MILL-MINISTERU G\u0126ALL-EDUKAZZJONI, L-ISPORT, I\u017b-\u017bG\u0126A\u017bAG\u0126, IR-RI\u010aERKA U L-INNOVAZZJONI U MILL-MINISTERU G\u0126AT-TRASPORT, L-INFRASTRUTTURA U X-XOG\u0126LIJIET PUBBLI\u010aI &#8211; Xog\u0127lijiet ta\u2019 konsolidazzjoni fil-Peni\u017cola ta\u2019 Bighi<\/a><\/h2><span class=\"awb-title-spacer\"><\/span><div class=\"title-sep-container title-sep-container-right\"><div class=\"title-sep sep- sep-solid\" style=\"border-color:var(--awb-color3);\"><\/div><\/div><\/div><div class=\"fusion-separator fusion-full-width-sep\" style=\"align-self: center;margin-left: auto;margin-right: auto;flex-grow:1;width:100%;\"><\/div><\/div><\/li>\n<li class=\"fusion-layout-column fusion_builder_column fusion-builder-column-37 fusion-flex-column post-card fusion-grid-column fusion-post-cards-grid-column\" style=\"--awb-bg-blend:overlay;--awb-bg-size:cover;--awb-box-shadow:0px 2px 6px 0px rgba(214,214,214,0.61);;--awb-border-color:#dddddd;--awb-border-top:1px;--awb-border-right:1px;--awb-border-bottom:1px;--awb-border-left:1px;--awb-border-style:solid;--awb-flex-grow:0;--awb-flex-shrink:0;--awb-flex-grow-medium:0;--awb-flex-shrink-medium:0;--awb-flex-grow-small:0;--awb-flex-shrink-small:0;\" data-scroll-devices=\"small-visibility,medium-visibility,large-visibility\"><div class=\"fusion-column-wrapper fusion-column-has-shadow fusion-flex-justify-content-flex-start fusion-content-layout-column\"><div class=\"fusion-classic-product-image-wrapper fusion-woo-product-image fusion-post-card-image fusion-post-card-image-1\" data-layout=\"static\" style=\"--awb-margin-bottom:40px;\"><div  class=\"fusion-image-wrapper\" aria-haspopup=\"true\">\n\t\t\t\t\t\t\t<a href=\"https:\/\/xjenzamalta.mt\/mt\/2024\/11\/21\/stqarrija-mill-ministeru-ghall-edukazzjoni-l-isport-iz-zghazagh-ir-ricerka-u-l-innovazzjoni\/\" aria-label=\"STQARRIJA MILL-MINISTERU G\u0126ALL-EDUKAZZJONI, L-ISPORT, I\u017b-\u017bG\u0126A\u017bAG\u0126, IR-RI\u010aERKA U L-INNOVAZZJONI\">\n\t\t\t\t\t\t\t<img decoding=\"async\" width=\"750\" height=\"500\" src=\"https:\/\/xjenzamalta.mt\/wp-content\/uploads\/2024\/11\/Untitled-design-31-1.png\" class=\"attachment-full size-full lazyload wp-post-image\" alt=\"\" srcset=\"data:image\/svg+xml,%3Csvg%20xmlns%3D%27http%3A%2F%2Fwww.w3.org%2F2000%2Fsvg%27%20width%3D%27750%27%20height%3D%27500%27%20viewBox%3D%270%200%20750%20500%27%3E%3Crect%20width%3D%27750%27%20height%3D%27500%27%20fill-opacity%3D%220%22%2F%3E%3C%2Fsvg%3E\" data-orig-src=\"https:\/\/xjenzamalta.mt\/wp-content\/uploads\/2024\/11\/Untitled-design-31-1.png\" data-srcset=\"https:\/\/xjenzamalta.mt\/wp-content\/uploads\/2024\/11\/Untitled-design-31-1-200x133.png 200w, https:\/\/xjenzamalta.mt\/wp-content\/uploads\/2024\/11\/Untitled-design-31-1-400x267.png 400w, https:\/\/xjenzamalta.mt\/wp-content\/uploads\/2024\/11\/Untitled-design-31-1-600x400.png 600w, https:\/\/xjenzamalta.mt\/wp-content\/uploads\/2024\/11\/Untitled-design-31-1.png 750w\" data-sizes=\"auto\" \/>\t\t\t<\/a>\n\t\t\t\t\t\t\t<\/div>\n<\/div><div class=\"fusion-meta-tb fusion-meta-tb-37 floated\" style=\"--awb-height:36px;--awb-margin-left:10px;--awb-margin-right:25px;--awb-alignment-medium:flex-start;--awb-alignment-small:flex-start;\"><span class=\"fusion-tb-published-date\">Published On: November 21st, 2024<\/span><span class=\"fusion-meta-tb-sep\"><\/span><\/div><div class=\"fusion-title title fusion-title-38 fusion-title-text fusion-title-size-two\" style=\"--awb-margin-right:10px;--awb-margin-bottom:15px;--awb-margin-left:10px;--awb-margin-top-small:0px;--awb-margin-right-small:10px;--awb-margin-bottom-small:20px;--awb-margin-left-small:10px;--awb-link-color:hsla(var(--awb-color8-h),var(--awb-color8-s),calc( var(--awb-color8-l) + 16% ),var(--awb-color8-a));--awb-link-hover-color:#ee3a3d;--awb-font-size:var(--awb-custom_typography_1-font-size);\"><div class=\"title-sep-container title-sep-container-left fusion-no-large-visibility fusion-no-medium-visibility fusion-no-small-visibility\"><div class=\"title-sep sep- sep-solid\" style=\"border-color:var(--awb-color3);\"><\/div><\/div><span class=\"awb-title-spacer fusion-no-large-visibility fusion-no-medium-visibility fusion-no-small-visibility\"><\/span><h2 class=\"fusion-title-heading title-heading-left fusion-responsive-typography-calculated\" style=\"font-family:var(--awb-custom_typography_1-font-family);font-weight:var(--awb-custom_typography_1-font-weight);font-style:var(--awb-custom_typography_1-font-style);margin:0;letter-spacing:var(--awb-custom_typography_1-letter-spacing);text-transform:var(--awb-custom_typography_1-text-transform);font-size:1em;--fontSize:19;--minFontSize:19;line-height:1.58;\"><a href=\"https:\/\/xjenzamalta.mt\/mt\/2024\/11\/21\/stqarrija-mill-ministeru-ghall-edukazzjoni-l-isport-iz-zghazagh-ir-ricerka-u-l-innovazzjoni\/\" class=\"awb-custom-text-color awb-custom-text-hover-color\" target=\"_self\">STQARRIJA MILL-MINISTERU G\u0126ALL-EDUKAZZJONI, L-ISPORT, I\u017b-\u017bG\u0126A\u017bAG\u0126, IR-RI\u010aERKA U L-INNOVAZZJONI<\/a><\/h2><span class=\"awb-title-spacer\"><\/span><div class=\"title-sep-container title-sep-container-right\"><div class=\"title-sep sep- sep-solid\" style=\"border-color:var(--awb-color3);\"><\/div><\/div><\/div><div class=\"fusion-separator fusion-full-width-sep\" style=\"align-self: center;margin-left: auto;margin-right: auto;flex-grow:1;width:100%;\"><\/div><\/div><\/li>\n<li class=\"fusion-layout-column fusion_builder_column fusion-builder-column-38 fusion-flex-column post-card fusion-grid-column fusion-post-cards-grid-column\" style=\"--awb-bg-blend:overlay;--awb-bg-size:cover;--awb-box-shadow:0px 2px 6px 0px rgba(214,214,214,0.61);;--awb-border-color:#dddddd;--awb-border-top:1px;--awb-border-right:1px;--awb-border-bottom:1px;--awb-border-left:1px;--awb-border-style:solid;--awb-flex-grow:0;--awb-flex-shrink:0;--awb-flex-grow-medium:0;--awb-flex-shrink-medium:0;--awb-flex-grow-small:0;--awb-flex-shrink-small:0;\" data-scroll-devices=\"small-visibility,medium-visibility,large-visibility\"><div class=\"fusion-column-wrapper fusion-column-has-shadow fusion-flex-justify-content-flex-start fusion-content-layout-column\"><div class=\"fusion-classic-product-image-wrapper fusion-woo-product-image fusion-post-card-image fusion-post-card-image-1\" data-layout=\"static\" style=\"--awb-margin-bottom:40px;\"><div  class=\"fusion-image-wrapper\" aria-haspopup=\"true\">\n\t\t\t\t\t\t\t<a href=\"https:\/\/xjenzamalta.mt\/mt\/2024\/11\/18\/stqarrija-mis-segretarjat-parlamentari-ghaz-zghazagh-ir-ricerka-u-l-innovazzjoni-xjenza-malta-tospita-avveniment-nazzjonali-kongunt-ghall-izvilupp-marittimu-sostenibbli-fil-mediterran\/\" aria-label=\"STQARRIJA MIS-SEGRETARJAT PARLAMENTARI G\u0126A\u017b-\u017bG\u0126A\u017bAG\u0126, IR-RI\u010aERKA U L-INNOVAZZJONI &#8211; Xjenza Malta tospita avveniment nazzjonali kon\u0121unt g\u0127all-i\u017cvilupp marittimu sostenibbli fil-Mediterran\">\n\t\t\t\t\t\t\t<img decoding=\"async\" width=\"750\" height=\"500\" src=\"https:\/\/xjenzamalta.mt\/wp-content\/uploads\/2024\/11\/Untitled-design-30-1.png\" class=\"attachment-full size-full lazyload wp-post-image\" alt=\"\" srcset=\"data:image\/svg+xml,%3Csvg%20xmlns%3D%27http%3A%2F%2Fwww.w3.org%2F2000%2Fsvg%27%20width%3D%27750%27%20height%3D%27500%27%20viewBox%3D%270%200%20750%20500%27%3E%3Crect%20width%3D%27750%27%20height%3D%27500%27%20fill-opacity%3D%220%22%2F%3E%3C%2Fsvg%3E\" data-orig-src=\"https:\/\/xjenzamalta.mt\/wp-content\/uploads\/2024\/11\/Untitled-design-30-1.png\" data-srcset=\"https:\/\/xjenzamalta.mt\/wp-content\/uploads\/2024\/11\/Untitled-design-30-1-200x133.png 200w, https:\/\/xjenzamalta.mt\/wp-content\/uploads\/2024\/11\/Untitled-design-30-1-400x267.png 400w, https:\/\/xjenzamalta.mt\/wp-content\/uploads\/2024\/11\/Untitled-design-30-1-600x400.png 600w, https:\/\/xjenzamalta.mt\/wp-content\/uploads\/2024\/11\/Untitled-design-30-1.png 750w\" data-sizes=\"auto\" \/>\t\t\t<\/a>\n\t\t\t\t\t\t\t<\/div>\n<\/div><div class=\"fusion-meta-tb fusion-meta-tb-38 floated\" style=\"--awb-height:36px;--awb-margin-left:10px;--awb-margin-right:25px;--awb-alignment-medium:flex-start;--awb-alignment-small:flex-start;\"><span class=\"fusion-tb-published-date\">Published On: November 18th, 2024<\/span><span class=\"fusion-meta-tb-sep\"><\/span><\/div><div class=\"fusion-title title fusion-title-39 fusion-title-text fusion-title-size-two\" style=\"--awb-margin-right:10px;--awb-margin-bottom:15px;--awb-margin-left:10px;--awb-margin-top-small:0px;--awb-margin-right-small:10px;--awb-margin-bottom-small:20px;--awb-margin-left-small:10px;--awb-link-color:hsla(var(--awb-color8-h),var(--awb-color8-s),calc( var(--awb-color8-l) + 16% ),var(--awb-color8-a));--awb-link-hover-color:#ee3a3d;--awb-font-size:var(--awb-custom_typography_1-font-size);\"><div class=\"title-sep-container title-sep-container-left fusion-no-large-visibility fusion-no-medium-visibility fusion-no-small-visibility\"><div class=\"title-sep sep- sep-solid\" style=\"border-color:var(--awb-color3);\"><\/div><\/div><span class=\"awb-title-spacer fusion-no-large-visibility fusion-no-medium-visibility fusion-no-small-visibility\"><\/span><h2 class=\"fusion-title-heading title-heading-left fusion-responsive-typography-calculated\" style=\"font-family:var(--awb-custom_typography_1-font-family);font-weight:var(--awb-custom_typography_1-font-weight);font-style:var(--awb-custom_typography_1-font-style);margin:0;letter-spacing:var(--awb-custom_typography_1-letter-spacing);text-transform:var(--awb-custom_typography_1-text-transform);font-size:1em;--fontSize:19;--minFontSize:19;line-height:1.58;\"><a href=\"https:\/\/xjenzamalta.mt\/mt\/2024\/11\/18\/stqarrija-mis-segretarjat-parlamentari-ghaz-zghazagh-ir-ricerka-u-l-innovazzjoni-xjenza-malta-tospita-avveniment-nazzjonali-kongunt-ghall-izvilupp-marittimu-sostenibbli-fil-mediterran\/\" class=\"awb-custom-text-color awb-custom-text-hover-color\" target=\"_self\">STQARRIJA MIS-SEGRETARJAT PARLAMENTARI G\u0126A\u017b-\u017bG\u0126A\u017bAG\u0126, IR-RI\u010aERKA U L-INNOVAZZJONI &#8211; Xjenza Malta tospita avveniment nazzjonali kon\u0121unt g\u0127all-i\u017cvilupp marittimu sostenibbli fil-Mediterran<\/a><\/h2><span class=\"awb-title-spacer\"><\/span><div class=\"title-sep-container title-sep-container-right\"><div class=\"title-sep sep- sep-solid\" style=\"border-color:var(--awb-color3);\"><\/div><\/div><\/div><div class=\"fusion-separator fusion-full-width-sep\" style=\"align-self: center;margin-left: auto;margin-right: auto;flex-grow:1;width:100%;\"><\/div><\/div><\/li>\n<li class=\"fusion-layout-column fusion_builder_column fusion-builder-column-39 fusion-flex-column post-card fusion-grid-column fusion-post-cards-grid-column\" style=\"--awb-bg-blend:overlay;--awb-bg-size:cover;--awb-box-shadow:0px 2px 6px 0px rgba(214,214,214,0.61);;--awb-border-color:#dddddd;--awb-border-top:1px;--awb-border-right:1px;--awb-border-bottom:1px;--awb-border-left:1px;--awb-border-style:solid;--awb-flex-grow:0;--awb-flex-shrink:0;--awb-flex-grow-medium:0;--awb-flex-shrink-medium:0;--awb-flex-grow-small:0;--awb-flex-shrink-small:0;\" data-scroll-devices=\"small-visibility,medium-visibility,large-visibility\"><div class=\"fusion-column-wrapper fusion-column-has-shadow fusion-flex-justify-content-flex-start fusion-content-layout-column\"><div class=\"fusion-classic-product-image-wrapper fusion-woo-product-image fusion-post-card-image fusion-post-card-image-1\" data-layout=\"static\" style=\"--awb-margin-bottom:40px;\"><div  class=\"fusion-image-wrapper\" aria-haspopup=\"true\">\n\t\t\t\t\t\t\t<a href=\"https:\/\/xjenzamalta.mt\/mt\/2024\/10\/29\/malta-adopts-its-position-paper-on-the-10th-european-framework-programme-for-research-and-innovation\/\" aria-label=\"Malta adopts its Position Paper on the 10th European Framework Programme for Research and Innovation.\">\n\t\t\t\t\t\t\t<img decoding=\"async\" width=\"750\" height=\"500\" src=\"https:\/\/xjenzamalta.mt\/wp-content\/uploads\/2024\/11\/Untitled-design-30.png\" class=\"attachment-full size-full lazyload wp-post-image\" alt=\"\" srcset=\"data:image\/svg+xml,%3Csvg%20xmlns%3D%27http%3A%2F%2Fwww.w3.org%2F2000%2Fsvg%27%20width%3D%27750%27%20height%3D%27500%27%20viewBox%3D%270%200%20750%20500%27%3E%3Crect%20width%3D%27750%27%20height%3D%27500%27%20fill-opacity%3D%220%22%2F%3E%3C%2Fsvg%3E\" data-orig-src=\"https:\/\/xjenzamalta.mt\/wp-content\/uploads\/2024\/11\/Untitled-design-30.png\" data-srcset=\"https:\/\/xjenzamalta.mt\/wp-content\/uploads\/2024\/11\/Untitled-design-30-200x133.png 200w, https:\/\/xjenzamalta.mt\/wp-content\/uploads\/2024\/11\/Untitled-design-30-400x267.png 400w, https:\/\/xjenzamalta.mt\/wp-content\/uploads\/2024\/11\/Untitled-design-30-600x400.png 600w, https:\/\/xjenzamalta.mt\/wp-content\/uploads\/2024\/11\/Untitled-design-30.png 750w\" data-sizes=\"auto\" \/>\t\t\t<\/a>\n\t\t\t\t\t\t\t<\/div>\n<\/div><div class=\"fusion-meta-tb fusion-meta-tb-39 floated\" style=\"--awb-height:36px;--awb-margin-left:10px;--awb-margin-right:25px;--awb-alignment-medium:flex-start;--awb-alignment-small:flex-start;\"><span class=\"fusion-tb-published-date\">Published On: October 29th, 2024<\/span><span class=\"fusion-meta-tb-sep\"><\/span><\/div><div class=\"fusion-title title fusion-title-40 fusion-title-text fusion-title-size-two\" style=\"--awb-margin-right:10px;--awb-margin-bottom:15px;--awb-margin-left:10px;--awb-margin-top-small:0px;--awb-margin-right-small:10px;--awb-margin-bottom-small:20px;--awb-margin-left-small:10px;--awb-link-color:hsla(var(--awb-color8-h),var(--awb-color8-s),calc( var(--awb-color8-l) + 16% ),var(--awb-color8-a));--awb-link-hover-color:#ee3a3d;--awb-font-size:var(--awb-custom_typography_1-font-size);\"><div class=\"title-sep-container title-sep-container-left fusion-no-large-visibility fusion-no-medium-visibility fusion-no-small-visibility\"><div class=\"title-sep sep- sep-solid\" style=\"border-color:var(--awb-color3);\"><\/div><\/div><span class=\"awb-title-spacer fusion-no-large-visibility fusion-no-medium-visibility fusion-no-small-visibility\"><\/span><h2 class=\"fusion-title-heading title-heading-left fusion-responsive-typography-calculated\" style=\"font-family:var(--awb-custom_typography_1-font-family);font-weight:var(--awb-custom_typography_1-font-weight);font-style:var(--awb-custom_typography_1-font-style);margin:0;letter-spacing:var(--awb-custom_typography_1-letter-spacing);text-transform:var(--awb-custom_typography_1-text-transform);font-size:1em;--fontSize:19;--minFontSize:19;line-height:1.58;\"><a href=\"https:\/\/xjenzamalta.mt\/mt\/2024\/10\/29\/malta-adopts-its-position-paper-on-the-10th-european-framework-programme-for-research-and-innovation\/\" class=\"awb-custom-text-color awb-custom-text-hover-color\" target=\"_self\">Malta adopts its Position Paper on the 10th European Framework Programme for Research and Innovation.<\/a><\/h2><span class=\"awb-title-spacer\"><\/span><div class=\"title-sep-container title-sep-container-right\"><div class=\"title-sep sep- sep-solid\" style=\"border-color:var(--awb-color3);\"><\/div><\/div><\/div><div class=\"fusion-separator fusion-full-width-sep\" style=\"align-self: center;margin-left: auto;margin-right: auto;flex-grow:1;width:100%;\"><\/div><\/div><\/li>\n<li class=\"fusion-layout-column fusion_builder_column fusion-builder-column-40 fusion-flex-column post-card fusion-grid-column fusion-post-cards-grid-column\" style=\"--awb-bg-blend:overlay;--awb-bg-size:cover;--awb-box-shadow:0px 2px 6px 0px rgba(214,214,214,0.61);;--awb-border-color:#dddddd;--awb-border-top:1px;--awb-border-right:1px;--awb-border-bottom:1px;--awb-border-left:1px;--awb-border-style:solid;--awb-flex-grow:0;--awb-flex-shrink:0;--awb-flex-grow-medium:0;--awb-flex-shrink-medium:0;--awb-flex-grow-small:0;--awb-flex-shrink-small:0;\" data-scroll-devices=\"small-visibility,medium-visibility,large-visibility\"><div class=\"fusion-column-wrapper fusion-column-has-shadow fusion-flex-justify-content-flex-start fusion-content-layout-column\"><div class=\"fusion-classic-product-image-wrapper fusion-woo-product-image fusion-post-card-image fusion-post-card-image-1\" data-layout=\"static\" style=\"--awb-margin-bottom:40px;\"><div  class=\"fusion-image-wrapper\" aria-haspopup=\"true\">\n\t\t\t\t\t\t\t<a href=\"https:\/\/xjenzamalta.mt\/mt\/2024\/10\/21\/xjenza-malta-as-the-national-coordinating-body-for-intergovernmental-oceanographic-commission-of-unesco-ioc-unesco\/\" aria-label=\"Xjenza Malta as the national coordinating body for Intergovernmental Oceanographic Commission of UNESCO (IOC\/UNESCO)\">\n\t\t\t\t\t\t\t<img decoding=\"async\" width=\"750\" height=\"500\" src=\"https:\/\/xjenzamalta.mt\/wp-content\/uploads\/2024\/11\/Untitled-design-32.png\" class=\"attachment-full size-full lazyload wp-post-image\" alt=\"\" srcset=\"data:image\/svg+xml,%3Csvg%20xmlns%3D%27http%3A%2F%2Fwww.w3.org%2F2000%2Fsvg%27%20width%3D%27750%27%20height%3D%27500%27%20viewBox%3D%270%200%20750%20500%27%3E%3Crect%20width%3D%27750%27%20height%3D%27500%27%20fill-opacity%3D%220%22%2F%3E%3C%2Fsvg%3E\" data-orig-src=\"https:\/\/xjenzamalta.mt\/wp-content\/uploads\/2024\/11\/Untitled-design-32.png\" data-srcset=\"https:\/\/xjenzamalta.mt\/wp-content\/uploads\/2024\/11\/Untitled-design-32-200x133.png 200w, https:\/\/xjenzamalta.mt\/wp-content\/uploads\/2024\/11\/Untitled-design-32-400x267.png 400w, https:\/\/xjenzamalta.mt\/wp-content\/uploads\/2024\/11\/Untitled-design-32-600x400.png 600w, https:\/\/xjenzamalta.mt\/wp-content\/uploads\/2024\/11\/Untitled-design-32.png 750w\" data-sizes=\"auto\" \/>\t\t\t<\/a>\n\t\t\t\t\t\t\t<\/div>\n<\/div><div class=\"fusion-meta-tb fusion-meta-tb-40 floated\" style=\"--awb-height:36px;--awb-margin-left:10px;--awb-margin-right:25px;--awb-alignment-medium:flex-start;--awb-alignment-small:flex-start;\"><span class=\"fusion-tb-published-date\">Published On: October 21st, 2024<\/span><span class=\"fusion-meta-tb-sep\"><\/span><\/div><div class=\"fusion-title title fusion-title-41 fusion-title-text fusion-title-size-two\" style=\"--awb-margin-right:10px;--awb-margin-bottom:15px;--awb-margin-left:10px;--awb-margin-top-small:0px;--awb-margin-right-small:10px;--awb-margin-bottom-small:20px;--awb-margin-left-small:10px;--awb-link-color:hsla(var(--awb-color8-h),var(--awb-color8-s),calc( var(--awb-color8-l) + 16% ),var(--awb-color8-a));--awb-link-hover-color:#ee3a3d;--awb-font-size:var(--awb-custom_typography_1-font-size);\"><div class=\"title-sep-container title-sep-container-left fusion-no-large-visibility fusion-no-medium-visibility fusion-no-small-visibility\"><div class=\"title-sep sep- sep-solid\" style=\"border-color:var(--awb-color3);\"><\/div><\/div><span class=\"awb-title-spacer fusion-no-large-visibility fusion-no-medium-visibility fusion-no-small-visibility\"><\/span><h2 class=\"fusion-title-heading title-heading-left fusion-responsive-typography-calculated\" style=\"font-family:var(--awb-custom_typography_1-font-family);font-weight:var(--awb-custom_typography_1-font-weight);font-style:var(--awb-custom_typography_1-font-style);margin:0;letter-spacing:var(--awb-custom_typography_1-letter-spacing);text-transform:var(--awb-custom_typography_1-text-transform);font-size:1em;--fontSize:19;--minFontSize:19;line-height:1.58;\"><a href=\"https:\/\/xjenzamalta.mt\/mt\/2024\/10\/21\/xjenza-malta-as-the-national-coordinating-body-for-intergovernmental-oceanographic-commission-of-unesco-ioc-unesco\/\" class=\"awb-custom-text-color awb-custom-text-hover-color\" target=\"_self\">Xjenza Malta as the national coordinating body for Intergovernmental Oceanographic Commission of UNESCO (IOC\/UNESCO)<\/a><\/h2><span class=\"awb-title-spacer\"><\/span><div class=\"title-sep-container title-sep-container-right\"><div class=\"title-sep sep- sep-solid\" style=\"border-color:var(--awb-color3);\"><\/div><\/div><\/div><div class=\"fusion-separator fusion-full-width-sep\" style=\"align-self: center;margin-left: auto;margin-right: auto;flex-grow:1;width:100%;\"><\/div><\/div><\/li>\n<li class=\"fusion-layout-column fusion_builder_column fusion-builder-column-41 fusion-flex-column post-card fusion-grid-column fusion-post-cards-grid-column\" style=\"--awb-bg-blend:overlay;--awb-bg-size:cover;--awb-box-shadow:0px 2px 6px 0px rgba(214,214,214,0.61);;--awb-border-color:#dddddd;--awb-border-top:1px;--awb-border-right:1px;--awb-border-bottom:1px;--awb-border-left:1px;--awb-border-style:solid;--awb-flex-grow:0;--awb-flex-shrink:0;--awb-flex-grow-medium:0;--awb-flex-shrink-medium:0;--awb-flex-grow-small:0;--awb-flex-shrink-small:0;\" data-scroll-devices=\"small-visibility,medium-visibility,large-visibility\"><div class=\"fusion-column-wrapper fusion-column-has-shadow fusion-flex-justify-content-flex-start fusion-content-layout-column\"><div class=\"fusion-classic-product-image-wrapper fusion-woo-product-image fusion-post-card-image fusion-post-card-image-1\" data-layout=\"static\" style=\"--awb-margin-bottom:40px;\"><div  class=\"fusion-image-wrapper\" aria-haspopup=\"true\">\n\t\t\t\t\t\t\t<a href=\"https:\/\/xjenzamalta.mt\/mt\/2024\/10\/18\/esa-pecs\/\" aria-label=\"ESA PECS\">\n\t\t\t\t\t\t\t<img decoding=\"async\" width=\"2560\" height=\"1697\" src=\"https:\/\/xjenzamalta.mt\/wp-content\/uploads\/2024\/10\/DSC_8168-scaled.jpeg\" class=\"attachment-full size-full lazyload wp-post-image\" alt=\"\" srcset=\"data:image\/svg+xml,%3Csvg%20xmlns%3D%27http%3A%2F%2Fwww.w3.org%2F2000%2Fsvg%27%20width%3D%272560%27%20height%3D%271697%27%20viewBox%3D%270%200%202560%201697%27%3E%3Crect%20width%3D%272560%27%20height%3D%271697%27%20fill-opacity%3D%220%22%2F%3E%3C%2Fsvg%3E\" data-orig-src=\"https:\/\/xjenzamalta.mt\/wp-content\/uploads\/2024\/10\/DSC_8168-scaled.jpeg\" data-srcset=\"https:\/\/xjenzamalta.mt\/wp-content\/uploads\/2024\/10\/DSC_8168-200x133.jpeg 200w, https:\/\/xjenzamalta.mt\/wp-content\/uploads\/2024\/10\/DSC_8168-400x265.jpeg 400w, https:\/\/xjenzamalta.mt\/wp-content\/uploads\/2024\/10\/DSC_8168-600x398.jpeg 600w, https:\/\/xjenzamalta.mt\/wp-content\/uploads\/2024\/10\/DSC_8168-800x530.jpeg 800w, https:\/\/xjenzamalta.mt\/wp-content\/uploads\/2024\/10\/DSC_8168-1200x795.jpeg 1200w, https:\/\/xjenzamalta.mt\/wp-content\/uploads\/2024\/10\/DSC_8168-scaled.jpeg 2560w\" data-sizes=\"auto\" \/>\t\t\t<\/a>\n\t\t\t\t\t\t\t<\/div>\n<\/div><div class=\"fusion-meta-tb fusion-meta-tb-41 floated\" style=\"--awb-height:36px;--awb-margin-left:10px;--awb-margin-right:25px;--awb-alignment-medium:flex-start;--awb-alignment-small:flex-start;\"><span class=\"fusion-tb-published-date\">Published On: October 18th, 2024<\/span><span class=\"fusion-meta-tb-sep\"><\/span><\/div><div class=\"fusion-title title fusion-title-42 fusion-title-text fusion-title-size-two\" style=\"--awb-margin-right:10px;--awb-margin-bottom:15px;--awb-margin-left:10px;--awb-margin-top-small:0px;--awb-margin-right-small:10px;--awb-margin-bottom-small:20px;--awb-margin-left-small:10px;--awb-link-color:hsla(var(--awb-color8-h),var(--awb-color8-s),calc( var(--awb-color8-l) + 16% ),var(--awb-color8-a));--awb-link-hover-color:#ee3a3d;--awb-font-size:var(--awb-custom_typography_1-font-size);\"><div class=\"title-sep-container title-sep-container-left fusion-no-large-visibility fusion-no-medium-visibility fusion-no-small-visibility\"><div class=\"title-sep sep- sep-solid\" style=\"border-color:var(--awb-color3);\"><\/div><\/div><span class=\"awb-title-spacer fusion-no-large-visibility fusion-no-medium-visibility fusion-no-small-visibility\"><\/span><h2 class=\"fusion-title-heading title-heading-left fusion-responsive-typography-calculated\" style=\"font-family:var(--awb-custom_typography_1-font-family);font-weight:var(--awb-custom_typography_1-font-weight);font-style:var(--awb-custom_typography_1-font-style);margin:0;letter-spacing:var(--awb-custom_typography_1-letter-spacing);text-transform:var(--awb-custom_typography_1-text-transform);font-size:1em;--fontSize:19;--minFontSize:19;line-height:1.58;\"><a href=\"https:\/\/xjenzamalta.mt\/mt\/2024\/10\/18\/esa-pecs\/\" class=\"awb-custom-text-color awb-custom-text-hover-color\" target=\"_self\">ESA PECS<\/a><\/h2><span class=\"awb-title-spacer\"><\/span><div class=\"title-sep-container title-sep-container-right\"><div class=\"title-sep sep- sep-solid\" style=\"border-color:var(--awb-color3);\"><\/div><\/div><\/div><div class=\"fusion-separator fusion-full-width-sep\" style=\"align-self: center;margin-left: auto;margin-right: auto;flex-grow:1;width:100%;\"><\/div><\/div><\/li>\n<li class=\"fusion-layout-column fusion_builder_column fusion-builder-column-42 fusion-flex-column post-card fusion-grid-column fusion-post-cards-grid-column\" style=\"--awb-bg-blend:overlay;--awb-bg-size:cover;--awb-box-shadow:0px 2px 6px 0px rgba(214,214,214,0.61);;--awb-border-color:#dddddd;--awb-border-top:1px;--awb-border-right:1px;--awb-border-bottom:1px;--awb-border-left:1px;--awb-border-style:solid;--awb-flex-grow:0;--awb-flex-shrink:0;--awb-flex-grow-medium:0;--awb-flex-shrink-medium:0;--awb-flex-grow-small:0;--awb-flex-shrink-small:0;\" data-scroll-devices=\"small-visibility,medium-visibility,large-visibility\"><div class=\"fusion-column-wrapper fusion-column-has-shadow fusion-flex-justify-content-flex-start fusion-content-layout-column\"><div class=\"fusion-classic-product-image-wrapper fusion-woo-product-image fusion-post-card-image fusion-post-card-image-1\" data-layout=\"static\" style=\"--awb-margin-bottom:40px;\"><div  class=\"fusion-image-wrapper\" aria-haspopup=\"true\">\n\t\t\t\t\t\t\t<a href=\"https:\/\/xjenzamalta.mt\/mt\/2024\/10\/17\/xjenza-malta-joins-iaf\/\" aria-label=\"Xjenza Malta joins IAF\">\n\t\t\t\t\t\t\t<img decoding=\"async\" width=\"750\" height=\"500\" src=\"https:\/\/xjenzamalta.mt\/wp-content\/uploads\/2024\/11\/Untitled-design-31.png\" class=\"attachment-full size-full lazyload wp-post-image\" alt=\"\" srcset=\"data:image\/svg+xml,%3Csvg%20xmlns%3D%27http%3A%2F%2Fwww.w3.org%2F2000%2Fsvg%27%20width%3D%27750%27%20height%3D%27500%27%20viewBox%3D%270%200%20750%20500%27%3E%3Crect%20width%3D%27750%27%20height%3D%27500%27%20fill-opacity%3D%220%22%2F%3E%3C%2Fsvg%3E\" data-orig-src=\"https:\/\/xjenzamalta.mt\/wp-content\/uploads\/2024\/11\/Untitled-design-31.png\" data-srcset=\"https:\/\/xjenzamalta.mt\/wp-content\/uploads\/2024\/11\/Untitled-design-31-200x133.png 200w, https:\/\/xjenzamalta.mt\/wp-content\/uploads\/2024\/11\/Untitled-design-31-400x267.png 400w, https:\/\/xjenzamalta.mt\/wp-content\/uploads\/2024\/11\/Untitled-design-31-600x400.png 600w, https:\/\/xjenzamalta.mt\/wp-content\/uploads\/2024\/11\/Untitled-design-31.png 750w\" data-sizes=\"auto\" \/>\t\t\t<\/a>\n\t\t\t\t\t\t\t<\/div>\n<\/div><div class=\"fusion-meta-tb fusion-meta-tb-42 floated\" style=\"--awb-height:36px;--awb-margin-left:10px;--awb-margin-right:25px;--awb-alignment-medium:flex-start;--awb-alignment-small:flex-start;\"><span class=\"fusion-tb-published-date\">Published On: October 17th, 2024<\/span><span class=\"fusion-meta-tb-sep\"><\/span><\/div><div class=\"fusion-title title fusion-title-43 fusion-title-text fusion-title-size-two\" style=\"--awb-margin-right:10px;--awb-margin-bottom:15px;--awb-margin-left:10px;--awb-margin-top-small:0px;--awb-margin-right-small:10px;--awb-margin-bottom-small:20px;--awb-margin-left-small:10px;--awb-link-color:hsla(var(--awb-color8-h),var(--awb-color8-s),calc( var(--awb-color8-l) + 16% ),var(--awb-color8-a));--awb-link-hover-color:#ee3a3d;--awb-font-size:var(--awb-custom_typography_1-font-size);\"><div class=\"title-sep-container title-sep-container-left fusion-no-large-visibility fusion-no-medium-visibility fusion-no-small-visibility\"><div class=\"title-sep sep- sep-solid\" style=\"border-color:var(--awb-color3);\"><\/div><\/div><span class=\"awb-title-spacer fusion-no-large-visibility fusion-no-medium-visibility fusion-no-small-visibility\"><\/span><h2 class=\"fusion-title-heading title-heading-left fusion-responsive-typography-calculated\" style=\"font-family:var(--awb-custom_typography_1-font-family);font-weight:var(--awb-custom_typography_1-font-weight);font-style:var(--awb-custom_typography_1-font-style);margin:0;letter-spacing:var(--awb-custom_typography_1-letter-spacing);text-transform:var(--awb-custom_typography_1-text-transform);font-size:1em;--fontSize:19;--minFontSize:19;line-height:1.58;\"><a href=\"https:\/\/xjenzamalta.mt\/mt\/2024\/10\/17\/xjenza-malta-joins-iaf\/\" class=\"awb-custom-text-color awb-custom-text-hover-color\" target=\"_self\">Xjenza Malta joins IAF<\/a><\/h2><span class=\"awb-title-spacer\"><\/span><div class=\"title-sep-container title-sep-container-right\"><div class=\"title-sep sep- sep-solid\" style=\"border-color:var(--awb-color3);\"><\/div><\/div><\/div><div class=\"fusion-separator fusion-full-width-sep\" style=\"align-self: center;margin-left: auto;margin-right: auto;flex-grow:1;width:100%;\"><\/div><\/div><\/li>\n<li class=\"fusion-layout-column fusion_builder_column fusion-builder-column-43 fusion-flex-column post-card fusion-grid-column fusion-post-cards-grid-column\" style=\"--awb-bg-blend:overlay;--awb-bg-size:cover;--awb-box-shadow:0px 2px 6px 0px rgba(214,214,214,0.61);;--awb-border-color:#dddddd;--awb-border-top:1px;--awb-border-right:1px;--awb-border-bottom:1px;--awb-border-left:1px;--awb-border-style:solid;--awb-flex-grow:0;--awb-flex-shrink:0;--awb-flex-grow-medium:0;--awb-flex-shrink-medium:0;--awb-flex-grow-small:0;--awb-flex-shrink-small:0;\" data-scroll-devices=\"small-visibility,medium-visibility,large-visibility\"><div class=\"fusion-column-wrapper fusion-column-has-shadow fusion-flex-justify-content-flex-start fusion-content-layout-column\"><div class=\"fusion-classic-product-image-wrapper fusion-woo-product-image fusion-post-card-image fusion-post-card-image-1\" data-layout=\"static\" style=\"--awb-margin-bottom:40px;\"><div  class=\"fusion-image-wrapper\" aria-haspopup=\"true\">\n\t\t\t\t\t\t\t<a href=\"https:\/\/xjenzamalta.mt\/mt\/2024\/10\/10\/press-release-by-the-ministry-for-education-sport-youth-research-and-innovation-launch-of-the-workshop-space-as-a-key-factor-for-government-services-a-major-initiative\/\" aria-label=\"PRESS RELEASE BY THE MINISTRY FOR EDUCATION, SPORT, YOUTH, RESEARCH, AND INNOVATION Launch of the workshop, \u2018Space as a Key Factor for Government Services\u2019 \u2013 A major initiative for strengthening maritime and security services\">\n\t\t\t\t\t\t\t<img decoding=\"async\" width=\"2560\" height=\"1703\" src=\"https:\/\/xjenzamalta.mt\/wp-content\/uploads\/2024\/10\/DSC_6904-scaled.jpg\" class=\"attachment-full size-full lazyload wp-post-image\" alt=\"\" srcset=\"data:image\/svg+xml,%3Csvg%20xmlns%3D%27http%3A%2F%2Fwww.w3.org%2F2000%2Fsvg%27%20width%3D%272560%27%20height%3D%271703%27%20viewBox%3D%270%200%202560%201703%27%3E%3Crect%20width%3D%272560%27%20height%3D%271703%27%20fill-opacity%3D%220%22%2F%3E%3C%2Fsvg%3E\" data-orig-src=\"https:\/\/xjenzamalta.mt\/wp-content\/uploads\/2024\/10\/DSC_6904-scaled.jpg\" data-srcset=\"https:\/\/xjenzamalta.mt\/wp-content\/uploads\/2024\/10\/DSC_6904-200x133.jpg 200w, https:\/\/xjenzamalta.mt\/wp-content\/uploads\/2024\/10\/DSC_6904-400x266.jpg 400w, https:\/\/xjenzamalta.mt\/wp-content\/uploads\/2024\/10\/DSC_6904-600x399.jpg 600w, https:\/\/xjenzamalta.mt\/wp-content\/uploads\/2024\/10\/DSC_6904-800x532.jpg 800w, https:\/\/xjenzamalta.mt\/wp-content\/uploads\/2024\/10\/DSC_6904-1200x798.jpg 1200w, https:\/\/xjenzamalta.mt\/wp-content\/uploads\/2024\/10\/DSC_6904-scaled.jpg 2560w\" data-sizes=\"auto\" \/>\t\t\t<\/a>\n\t\t\t\t\t\t\t<\/div>\n<\/div><div class=\"fusion-meta-tb fusion-meta-tb-43 floated\" style=\"--awb-height:36px;--awb-margin-left:10px;--awb-margin-right:25px;--awb-alignment-medium:flex-start;--awb-alignment-small:flex-start;\"><span class=\"fusion-tb-published-date\">Published On: October 10th, 2024<\/span><span class=\"fusion-meta-tb-sep\"><\/span><\/div><div class=\"fusion-title title fusion-title-44 fusion-title-text fusion-title-size-two\" style=\"--awb-margin-right:10px;--awb-margin-bottom:15px;--awb-margin-left:10px;--awb-margin-top-small:0px;--awb-margin-right-small:10px;--awb-margin-bottom-small:20px;--awb-margin-left-small:10px;--awb-link-color:hsla(var(--awb-color8-h),var(--awb-color8-s),calc( var(--awb-color8-l) + 16% ),var(--awb-color8-a));--awb-link-hover-color:#ee3a3d;--awb-font-size:var(--awb-custom_typography_1-font-size);\"><div class=\"title-sep-container title-sep-container-left fusion-no-large-visibility fusion-no-medium-visibility fusion-no-small-visibility\"><div class=\"title-sep sep- sep-solid\" style=\"border-color:var(--awb-color3);\"><\/div><\/div><span class=\"awb-title-spacer fusion-no-large-visibility fusion-no-medium-visibility fusion-no-small-visibility\"><\/span><h2 class=\"fusion-title-heading title-heading-left fusion-responsive-typography-calculated\" style=\"font-family:var(--awb-custom_typography_1-font-family);font-weight:var(--awb-custom_typography_1-font-weight);font-style:var(--awb-custom_typography_1-font-style);margin:0;letter-spacing:var(--awb-custom_typography_1-letter-spacing);text-transform:var(--awb-custom_typography_1-text-transform);font-size:1em;--fontSize:19;--minFontSize:19;line-height:1.58;\"><a href=\"https:\/\/xjenzamalta.mt\/mt\/2024\/10\/10\/press-release-by-the-ministry-for-education-sport-youth-research-and-innovation-launch-of-the-workshop-space-as-a-key-factor-for-government-services-a-major-initiative\/\" class=\"awb-custom-text-color awb-custom-text-hover-color\" target=\"_self\">PRESS RELEASE BY THE MINISTRY FOR EDUCATION, SPORT, YOUTH, RESEARCH, AND INNOVATION Launch of the workshop, \u2018Space as a Key Factor for Government Services\u2019 \u2013 A major initiative for strengthening maritime and security services<\/a><\/h2><span class=\"awb-title-spacer\"><\/span><div class=\"title-sep-container title-sep-container-right\"><div class=\"title-sep sep- sep-solid\" style=\"border-color:var(--awb-color3);\"><\/div><\/div><\/div><div class=\"fusion-separator fusion-full-width-sep\" style=\"align-self: center;margin-left: auto;margin-right: auto;flex-grow:1;width:100%;\"><\/div><\/div><\/li>\n<li class=\"fusion-layout-column fusion_builder_column fusion-builder-column-44 fusion-flex-column post-card fusion-grid-column fusion-post-cards-grid-column\" style=\"--awb-bg-blend:overlay;--awb-bg-size:cover;--awb-box-shadow:0px 2px 6px 0px rgba(214,214,214,0.61);;--awb-border-color:#dddddd;--awb-border-top:1px;--awb-border-right:1px;--awb-border-bottom:1px;--awb-border-left:1px;--awb-border-style:solid;--awb-flex-grow:0;--awb-flex-shrink:0;--awb-flex-grow-medium:0;--awb-flex-shrink-medium:0;--awb-flex-grow-small:0;--awb-flex-shrink-small:0;\" data-scroll-devices=\"small-visibility,medium-visibility,large-visibility\"><div class=\"fusion-column-wrapper fusion-column-has-shadow fusion-flex-justify-content-flex-start fusion-content-layout-column\"><div class=\"fusion-classic-product-image-wrapper fusion-woo-product-image fusion-post-card-image fusion-post-card-image-1\" data-layout=\"static\" style=\"--awb-margin-bottom:40px;\"><div  class=\"fusion-image-wrapper\" aria-haspopup=\"true\">\n\t\t\t\t\t\t\t<a href=\"https:\/\/xjenzamalta.mt\/mt\/2024\/10\/04\/briefing-for-the-european-space-agency-esa-pecs-call-for-2025\/\" aria-label=\"Briefing for the European Space Agency (ESA) PECS Call for 2025.\">\n\t\t\t\t\t\t\t<img decoding=\"async\" width=\"750\" height=\"500\" src=\"https:\/\/xjenzamalta.mt\/wp-content\/uploads\/2024\/10\/ESA-Website-Image.png\" class=\"attachment-full size-full lazyload wp-post-image\" alt=\"\" srcset=\"data:image\/svg+xml,%3Csvg%20xmlns%3D%27http%3A%2F%2Fwww.w3.org%2F2000%2Fsvg%27%20width%3D%27750%27%20height%3D%27500%27%20viewBox%3D%270%200%20750%20500%27%3E%3Crect%20width%3D%27750%27%20height%3D%27500%27%20fill-opacity%3D%220%22%2F%3E%3C%2Fsvg%3E\" data-orig-src=\"https:\/\/xjenzamalta.mt\/wp-content\/uploads\/2024\/10\/ESA-Website-Image.png\" data-srcset=\"https:\/\/xjenzamalta.mt\/wp-content\/uploads\/2024\/10\/ESA-Website-Image-200x133.png 200w, https:\/\/xjenzamalta.mt\/wp-content\/uploads\/2024\/10\/ESA-Website-Image-400x267.png 400w, https:\/\/xjenzamalta.mt\/wp-content\/uploads\/2024\/10\/ESA-Website-Image-600x400.png 600w, https:\/\/xjenzamalta.mt\/wp-content\/uploads\/2024\/10\/ESA-Website-Image.png 750w\" data-sizes=\"auto\" \/>\t\t\t<\/a>\n\t\t\t\t\t\t\t<\/div>\n<\/div><div class=\"fusion-meta-tb fusion-meta-tb-44 floated\" style=\"--awb-height:36px;--awb-margin-left:10px;--awb-margin-right:25px;--awb-alignment-medium:flex-start;--awb-alignment-small:flex-start;\"><span class=\"fusion-tb-published-date\">Published On: October 4th, 2024<\/span><span class=\"fusion-meta-tb-sep\"><\/span><\/div><div class=\"fusion-title title fusion-title-45 fusion-title-text fusion-title-size-two\" style=\"--awb-margin-right:10px;--awb-margin-bottom:15px;--awb-margin-left:10px;--awb-margin-top-small:0px;--awb-margin-right-small:10px;--awb-margin-bottom-small:20px;--awb-margin-left-small:10px;--awb-link-color:hsla(var(--awb-color8-h),var(--awb-color8-s),calc( var(--awb-color8-l) + 16% ),var(--awb-color8-a));--awb-link-hover-color:#ee3a3d;--awb-font-size:var(--awb-custom_typography_1-font-size);\"><div class=\"title-sep-container title-sep-container-left fusion-no-large-visibility fusion-no-medium-visibility fusion-no-small-visibility\"><div class=\"title-sep sep- sep-solid\" style=\"border-color:var(--awb-color3);\"><\/div><\/div><span class=\"awb-title-spacer fusion-no-large-visibility fusion-no-medium-visibility fusion-no-small-visibility\"><\/span><h2 class=\"fusion-title-heading title-heading-left fusion-responsive-typography-calculated\" style=\"font-family:var(--awb-custom_typography_1-font-family);font-weight:var(--awb-custom_typography_1-font-weight);font-style:var(--awb-custom_typography_1-font-style);margin:0;letter-spacing:var(--awb-custom_typography_1-letter-spacing);text-transform:var(--awb-custom_typography_1-text-transform);font-size:1em;--fontSize:19;--minFontSize:19;line-height:1.58;\"><a href=\"https:\/\/xjenzamalta.mt\/mt\/2024\/10\/04\/briefing-for-the-european-space-agency-esa-pecs-call-for-2025\/\" class=\"awb-custom-text-color awb-custom-text-hover-color\" target=\"_self\">Briefing for the European Space Agency (ESA) PECS Call for 2025.<\/a><\/h2><span class=\"awb-title-spacer\"><\/span><div class=\"title-sep-container title-sep-container-right\"><div class=\"title-sep sep- sep-solid\" style=\"border-color:var(--awb-color3);\"><\/div><\/div><\/div><div class=\"fusion-separator fusion-full-width-sep\" style=\"align-self: center;margin-left: auto;margin-right: auto;flex-grow:1;width:100%;\"><\/div><\/div><\/li>\n<li class=\"fusion-layout-column fusion_builder_column fusion-builder-column-45 fusion-flex-column post-card fusion-grid-column fusion-post-cards-grid-column\" style=\"--awb-bg-blend:overlay;--awb-bg-size:cover;--awb-box-shadow:0px 2px 6px 0px rgba(214,214,214,0.61);;--awb-border-color:#dddddd;--awb-border-top:1px;--awb-border-right:1px;--awb-border-bottom:1px;--awb-border-left:1px;--awb-border-style:solid;--awb-flex-grow:0;--awb-flex-shrink:0;--awb-flex-grow-medium:0;--awb-flex-shrink-medium:0;--awb-flex-grow-small:0;--awb-flex-shrink-small:0;\" data-scroll-devices=\"small-visibility,medium-visibility,large-visibility\"><div class=\"fusion-column-wrapper fusion-column-has-shadow fusion-flex-justify-content-flex-start fusion-content-layout-column\"><div class=\"fusion-classic-product-image-wrapper fusion-woo-product-image fusion-post-card-image fusion-post-card-image-1\" data-layout=\"static\" style=\"--awb-margin-bottom:40px;\"><div  class=\"fusion-image-wrapper\" aria-haspopup=\"true\">\n\t\t\t\t\t\t\t<a href=\"https:\/\/xjenzamalta.mt\/mt\/2024\/09\/11\/xjenza-malta-and-national-research-council-of-italy-forge-a-pioneering-alliance-to-drive-regional-and-global-research-collaboration\/\" aria-label=\"Xjenza Malta and National Research Council of Italy forge a pioneering alliance to drive regional and global research collaboration\">\n\t\t\t\t\t\t\t<img decoding=\"async\" width=\"1600\" height=\"1064\" src=\"https:\/\/xjenzamalta.mt\/wp-content\/uploads\/2024\/09\/WhatsApp-Image-2024-09-11-at-12.06.42-2.jpeg\" class=\"attachment-full size-full lazyload wp-post-image\" alt=\"\" srcset=\"data:image\/svg+xml,%3Csvg%20xmlns%3D%27http%3A%2F%2Fwww.w3.org%2F2000%2Fsvg%27%20width%3D%271600%27%20height%3D%271064%27%20viewBox%3D%270%200%201600%201064%27%3E%3Crect%20width%3D%271600%27%20height%3D%271064%27%20fill-opacity%3D%220%22%2F%3E%3C%2Fsvg%3E\" data-orig-src=\"https:\/\/xjenzamalta.mt\/wp-content\/uploads\/2024\/09\/WhatsApp-Image-2024-09-11-at-12.06.42-2.jpeg\" data-srcset=\"https:\/\/xjenzamalta.mt\/wp-content\/uploads\/2024\/09\/WhatsApp-Image-2024-09-11-at-12.06.42-2-200x133.jpeg 200w, https:\/\/xjenzamalta.mt\/wp-content\/uploads\/2024\/09\/WhatsApp-Image-2024-09-11-at-12.06.42-2-400x266.jpeg 400w, https:\/\/xjenzamalta.mt\/wp-content\/uploads\/2024\/09\/WhatsApp-Image-2024-09-11-at-12.06.42-2-600x399.jpeg 600w, https:\/\/xjenzamalta.mt\/wp-content\/uploads\/2024\/09\/WhatsApp-Image-2024-09-11-at-12.06.42-2-800x532.jpeg 800w, https:\/\/xjenzamalta.mt\/wp-content\/uploads\/2024\/09\/WhatsApp-Image-2024-09-11-at-12.06.42-2-1200x798.jpeg 1200w, https:\/\/xjenzamalta.mt\/wp-content\/uploads\/2024\/09\/WhatsApp-Image-2024-09-11-at-12.06.42-2.jpeg 1600w\" data-sizes=\"auto\" \/>\t\t\t<\/a>\n\t\t\t\t\t\t\t<\/div>\n<\/div><div class=\"fusion-meta-tb fusion-meta-tb-45 floated\" style=\"--awb-height:36px;--awb-margin-left:10px;--awb-margin-right:25px;--awb-alignment-medium:flex-start;--awb-alignment-small:flex-start;\"><span class=\"fusion-tb-published-date\">Published On: September 11th, 2024<\/span><span class=\"fusion-meta-tb-sep\"><\/span><\/div><div class=\"fusion-title title fusion-title-46 fusion-title-text fusion-title-size-two\" style=\"--awb-margin-right:10px;--awb-margin-bottom:15px;--awb-margin-left:10px;--awb-margin-top-small:0px;--awb-margin-right-small:10px;--awb-margin-bottom-small:20px;--awb-margin-left-small:10px;--awb-link-color:hsla(var(--awb-color8-h),var(--awb-color8-s),calc( var(--awb-color8-l) + 16% ),var(--awb-color8-a));--awb-link-hover-color:#ee3a3d;--awb-font-size:var(--awb-custom_typography_1-font-size);\"><div class=\"title-sep-container title-sep-container-left fusion-no-large-visibility fusion-no-medium-visibility fusion-no-small-visibility\"><div class=\"title-sep sep- sep-solid\" style=\"border-color:var(--awb-color3);\"><\/div><\/div><span class=\"awb-title-spacer fusion-no-large-visibility fusion-no-medium-visibility fusion-no-small-visibility\"><\/span><h2 class=\"fusion-title-heading title-heading-left fusion-responsive-typography-calculated\" style=\"font-family:var(--awb-custom_typography_1-font-family);font-weight:var(--awb-custom_typography_1-font-weight);font-style:var(--awb-custom_typography_1-font-style);margin:0;letter-spacing:var(--awb-custom_typography_1-letter-spacing);text-transform:var(--awb-custom_typography_1-text-transform);font-size:1em;--fontSize:19;--minFontSize:19;line-height:1.58;\"><a href=\"https:\/\/xjenzamalta.mt\/mt\/2024\/09\/11\/xjenza-malta-and-national-research-council-of-italy-forge-a-pioneering-alliance-to-drive-regional-and-global-research-collaboration\/\" class=\"awb-custom-text-color awb-custom-text-hover-color\" target=\"_self\">Xjenza Malta and National Research Council of Italy forge a pioneering alliance to drive regional and global research collaboration<\/a><\/h2><span class=\"awb-title-spacer\"><\/span><div class=\"title-sep-container title-sep-container-right\"><div class=\"title-sep sep- sep-solid\" style=\"border-color:var(--awb-color3);\"><\/div><\/div><\/div><div class=\"fusion-separator fusion-full-width-sep\" style=\"align-self: center;margin-left: auto;margin-right: auto;flex-grow:1;width:100%;\"><\/div><\/div><\/li>\n<li class=\"fusion-layout-column fusion_builder_column fusion-builder-column-46 fusion-flex-column post-card fusion-grid-column fusion-post-cards-grid-column\" style=\"--awb-bg-blend:overlay;--awb-bg-size:cover;--awb-box-shadow:0px 2px 6px 0px rgba(214,214,214,0.61);;--awb-border-color:#dddddd;--awb-border-top:1px;--awb-border-right:1px;--awb-border-bottom:1px;--awb-border-left:1px;--awb-border-style:solid;--awb-flex-grow:0;--awb-flex-shrink:0;--awb-flex-grow-medium:0;--awb-flex-shrink-medium:0;--awb-flex-grow-small:0;--awb-flex-shrink-small:0;\" data-scroll-devices=\"small-visibility,medium-visibility,large-visibility\"><div class=\"fusion-column-wrapper fusion-column-has-shadow fusion-flex-justify-content-flex-start fusion-content-layout-column\"><div class=\"fusion-classic-product-image-wrapper fusion-woo-product-image fusion-post-card-image fusion-post-card-image-1\" data-layout=\"static\" style=\"--awb-margin-bottom:40px;\"><div  class=\"fusion-image-wrapper\" aria-haspopup=\"true\">\n\t\t\t\t\t\t\t<a href=\"https:\/\/xjenzamalta.mt\/mt\/2024\/08\/26\/research-networking-scheme-rns-application-status-overview\/\" aria-label=\"Research Networking Scheme (RNS) &#8211; Application Status Overview\">\n\t\t\t\t\t\t\t<img decoding=\"async\" width=\"750\" height=\"500\" src=\"https:\/\/xjenzamalta.mt\/wp-content\/uploads\/2024\/08\/Untitled-design-28.png\" class=\"attachment-full size-full lazyload wp-post-image\" alt=\"\" srcset=\"data:image\/svg+xml,%3Csvg%20xmlns%3D%27http%3A%2F%2Fwww.w3.org%2F2000%2Fsvg%27%20width%3D%27750%27%20height%3D%27500%27%20viewBox%3D%270%200%20750%20500%27%3E%3Crect%20width%3D%27750%27%20height%3D%27500%27%20fill-opacity%3D%220%22%2F%3E%3C%2Fsvg%3E\" data-orig-src=\"https:\/\/xjenzamalta.mt\/wp-content\/uploads\/2024\/08\/Untitled-design-28.png\" data-srcset=\"https:\/\/xjenzamalta.mt\/wp-content\/uploads\/2024\/08\/Untitled-design-28-200x133.png 200w, https:\/\/xjenzamalta.mt\/wp-content\/uploads\/2024\/08\/Untitled-design-28-400x267.png 400w, https:\/\/xjenzamalta.mt\/wp-content\/uploads\/2024\/08\/Untitled-design-28-600x400.png 600w, https:\/\/xjenzamalta.mt\/wp-content\/uploads\/2024\/08\/Untitled-design-28.png 750w\" data-sizes=\"auto\" \/>\t\t\t<\/a>\n\t\t\t\t\t\t\t<\/div>\n<\/div><div class=\"fusion-meta-tb fusion-meta-tb-46 floated\" style=\"--awb-height:36px;--awb-margin-left:10px;--awb-margin-right:25px;--awb-alignment-medium:flex-start;--awb-alignment-small:flex-start;\"><span class=\"fusion-tb-published-date\">Published On: August 26th, 2024<\/span><span class=\"fusion-meta-tb-sep\"><\/span><\/div><div class=\"fusion-title title fusion-title-47 fusion-title-text fusion-title-size-two\" style=\"--awb-margin-right:10px;--awb-margin-bottom:15px;--awb-margin-left:10px;--awb-margin-top-small:0px;--awb-margin-right-small:10px;--awb-margin-bottom-small:20px;--awb-margin-left-small:10px;--awb-link-color:hsla(var(--awb-color8-h),var(--awb-color8-s),calc( var(--awb-color8-l) + 16% ),var(--awb-color8-a));--awb-link-hover-color:#ee3a3d;--awb-font-size:var(--awb-custom_typography_1-font-size);\"><div class=\"title-sep-container title-sep-container-left fusion-no-large-visibility fusion-no-medium-visibility fusion-no-small-visibility\"><div class=\"title-sep sep- sep-solid\" style=\"border-color:var(--awb-color3);\"><\/div><\/div><span class=\"awb-title-spacer fusion-no-large-visibility fusion-no-medium-visibility fusion-no-small-visibility\"><\/span><h2 class=\"fusion-title-heading title-heading-left fusion-responsive-typography-calculated\" style=\"font-family:var(--awb-custom_typography_1-font-family);font-weight:var(--awb-custom_typography_1-font-weight);font-style:var(--awb-custom_typography_1-font-style);margin:0;letter-spacing:var(--awb-custom_typography_1-letter-spacing);text-transform:var(--awb-custom_typography_1-text-transform);font-size:1em;--fontSize:19;--minFontSize:19;line-height:1.58;\"><a href=\"https:\/\/xjenzamalta.mt\/mt\/2024\/08\/26\/research-networking-scheme-rns-application-status-overview\/\" class=\"awb-custom-text-color awb-custom-text-hover-color\" target=\"_self\">Research Networking Scheme (RNS) &#8211; Application Status Overview<\/a><\/h2><span class=\"awb-title-spacer\"><\/span><div class=\"title-sep-container title-sep-container-right\"><div class=\"title-sep sep- sep-solid\" style=\"border-color:var(--awb-color3);\"><\/div><\/div><\/div><div class=\"fusion-separator fusion-full-width-sep\" style=\"align-self: center;margin-left: auto;margin-right: auto;flex-grow:1;width:100%;\"><\/div><\/div><\/li>\n<li class=\"fusion-layout-column fusion_builder_column fusion-builder-column-47 fusion-flex-column post-card fusion-grid-column fusion-post-cards-grid-column\" style=\"--awb-bg-blend:overlay;--awb-bg-size:cover;--awb-box-shadow:0px 2px 6px 0px rgba(214,214,214,0.61);;--awb-border-color:#dddddd;--awb-border-top:1px;--awb-border-right:1px;--awb-border-bottom:1px;--awb-border-left:1px;--awb-border-style:solid;--awb-flex-grow:0;--awb-flex-shrink:0;--awb-flex-grow-medium:0;--awb-flex-shrink-medium:0;--awb-flex-grow-small:0;--awb-flex-shrink-small:0;\" data-scroll-devices=\"small-visibility,medium-visibility,large-visibility\"><div class=\"fusion-column-wrapper fusion-column-has-shadow fusion-flex-justify-content-flex-start fusion-content-layout-column\"><div class=\"fusion-classic-product-image-wrapper fusion-woo-product-image fusion-post-card-image fusion-post-card-image-1\" data-layout=\"static\" style=\"--awb-margin-bottom:40px;\"><div  class=\"fusion-image-wrapper\" aria-haspopup=\"true\">\n\t\t\t\t\t\t\t<a href=\"https:\/\/xjenzamalta.mt\/mt\/2024\/06\/28\/mcst-receives-best-practice-in-good-governance-award\/\" aria-label=\"MCST receives \u2018Best Practice in Good Governance Award\u2019\">\n\t\t\t\t\t\t\t<img decoding=\"async\" width=\"1063\" height=\"726\" src=\"https:\/\/xjenzamalta.mt\/wp-content\/uploads\/2024\/06\/PR2.jpeg\" class=\"attachment-full size-full lazyload wp-post-image\" alt=\"\" srcset=\"data:image\/svg+xml,%3Csvg%20xmlns%3D%27http%3A%2F%2Fwww.w3.org%2F2000%2Fsvg%27%20width%3D%271063%27%20height%3D%27726%27%20viewBox%3D%270%200%201063%20726%27%3E%3Crect%20width%3D%271063%27%20height%3D%27726%27%20fill-opacity%3D%220%22%2F%3E%3C%2Fsvg%3E\" data-orig-src=\"https:\/\/xjenzamalta.mt\/wp-content\/uploads\/2024\/06\/PR2.jpeg\" data-srcset=\"https:\/\/xjenzamalta.mt\/wp-content\/uploads\/2024\/06\/PR2-200x137.jpeg 200w, https:\/\/xjenzamalta.mt\/wp-content\/uploads\/2024\/06\/PR2-400x273.jpeg 400w, https:\/\/xjenzamalta.mt\/wp-content\/uploads\/2024\/06\/PR2-600x410.jpeg 600w, https:\/\/xjenzamalta.mt\/wp-content\/uploads\/2024\/06\/PR2-800x546.jpeg 800w, https:\/\/xjenzamalta.mt\/wp-content\/uploads\/2024\/06\/PR2.jpeg 1063w\" data-sizes=\"auto\" \/>\t\t\t<\/a>\n\t\t\t\t\t\t\t<\/div>\n<\/div><div class=\"fusion-meta-tb fusion-meta-tb-47 floated\" style=\"--awb-height:36px;--awb-margin-left:10px;--awb-margin-right:25px;--awb-alignment-medium:flex-start;--awb-alignment-small:flex-start;\"><span class=\"fusion-tb-published-date\">Published On: June 28th, 2024<\/span><span class=\"fusion-meta-tb-sep\"><\/span><\/div><div class=\"fusion-title title fusion-title-48 fusion-title-text fusion-title-size-two\" style=\"--awb-margin-right:10px;--awb-margin-bottom:15px;--awb-margin-left:10px;--awb-margin-top-small:0px;--awb-margin-right-small:10px;--awb-margin-bottom-small:20px;--awb-margin-left-small:10px;--awb-link-color:hsla(var(--awb-color8-h),var(--awb-color8-s),calc( var(--awb-color8-l) + 16% ),var(--awb-color8-a));--awb-link-hover-color:#ee3a3d;--awb-font-size:var(--awb-custom_typography_1-font-size);\"><div class=\"title-sep-container title-sep-container-left fusion-no-large-visibility fusion-no-medium-visibility fusion-no-small-visibility\"><div class=\"title-sep sep- sep-solid\" style=\"border-color:var(--awb-color3);\"><\/div><\/div><span class=\"awb-title-spacer fusion-no-large-visibility fusion-no-medium-visibility fusion-no-small-visibility\"><\/span><h2 class=\"fusion-title-heading title-heading-left fusion-responsive-typography-calculated\" style=\"font-family:var(--awb-custom_typography_1-font-family);font-weight:var(--awb-custom_typography_1-font-weight);font-style:var(--awb-custom_typography_1-font-style);margin:0;letter-spacing:var(--awb-custom_typography_1-letter-spacing);text-transform:var(--awb-custom_typography_1-text-transform);font-size:1em;--fontSize:19;--minFontSize:19;line-height:1.58;\"><a href=\"https:\/\/xjenzamalta.mt\/mt\/2024\/06\/28\/mcst-receives-best-practice-in-good-governance-award\/\" class=\"awb-custom-text-color awb-custom-text-hover-color\" target=\"_self\">MCST receives \u2018Best Practice in Good Governance Award\u2019<\/a><\/h2><span class=\"awb-title-spacer\"><\/span><div class=\"title-sep-container title-sep-container-right\"><div class=\"title-sep sep- sep-solid\" style=\"border-color:var(--awb-color3);\"><\/div><\/div><\/div><div class=\"fusion-separator fusion-full-width-sep\" style=\"align-self: center;margin-left: auto;margin-right: auto;flex-grow:1;width:100%;\"><\/div><\/div><\/li>\n<li class=\"fusion-layout-column fusion_builder_column fusion-builder-column-48 fusion-flex-column post-card fusion-grid-column fusion-post-cards-grid-column\" style=\"--awb-bg-blend:overlay;--awb-bg-size:cover;--awb-box-shadow:0px 2px 6px 0px rgba(214,214,214,0.61);;--awb-border-color:#dddddd;--awb-border-top:1px;--awb-border-right:1px;--awb-border-bottom:1px;--awb-border-left:1px;--awb-border-style:solid;--awb-flex-grow:0;--awb-flex-shrink:0;--awb-flex-grow-medium:0;--awb-flex-shrink-medium:0;--awb-flex-grow-small:0;--awb-flex-shrink-small:0;\" data-scroll-devices=\"small-visibility,medium-visibility,large-visibility\"><div class=\"fusion-column-wrapper fusion-column-has-shadow fusion-flex-justify-content-flex-start fusion-content-layout-column\"><div class=\"fusion-classic-product-image-wrapper fusion-woo-product-image fusion-post-card-image fusion-post-card-image-1\" data-layout=\"static\" style=\"--awb-margin-bottom:40px;\"><div  class=\"fusion-image-wrapper\" aria-haspopup=\"true\">\n\t\t\t\t\t\t\t<a href=\"https:\/\/xjenzamalta.mt\/mt\/2024\/04\/17\/mcst-news-stqarrija-mill-ministeru-ghall-ekonomija-l-intrapriza-u-progetti-strategici-u-mis-segretarjat-parlamentari-ghaz-zghazagh-ir-ricerka-u-l-innovazzjoni-inwettqu-flimkien-il-fuq-minn\/\" aria-label=\"MCST News Stqarrija Mill-Ministeru G\u0127all-Ekonomija, L-Intrapri\u017ca U Pro\u0121etti Strate\u0121i\u010bi U Mis-Segretarjat Parlamentari G\u0127a\u017c-\u017bg\u0127a\u017cag\u0127, Ir-Ri\u010berka U L-Innovazzjoni\">\n\t\t\t\t\t\t\t<img decoding=\"async\" width=\"2560\" height=\"1707\" src=\"https:\/\/xjenzamalta.mt\/wp-content\/uploads\/2024\/05\/3-scaled.jpeg\" class=\"attachment-full size-full lazyload wp-post-image\" alt=\"\" srcset=\"data:image\/svg+xml,%3Csvg%20xmlns%3D%27http%3A%2F%2Fwww.w3.org%2F2000%2Fsvg%27%20width%3D%272560%27%20height%3D%271707%27%20viewBox%3D%270%200%202560%201707%27%3E%3Crect%20width%3D%272560%27%20height%3D%271707%27%20fill-opacity%3D%220%22%2F%3E%3C%2Fsvg%3E\" data-orig-src=\"https:\/\/xjenzamalta.mt\/wp-content\/uploads\/2024\/05\/3-scaled.jpeg\" data-srcset=\"https:\/\/xjenzamalta.mt\/wp-content\/uploads\/2024\/05\/3-200x133.jpeg 200w, https:\/\/xjenzamalta.mt\/wp-content\/uploads\/2024\/05\/3-400x267.jpeg 400w, https:\/\/xjenzamalta.mt\/wp-content\/uploads\/2024\/05\/3-600x400.jpeg 600w, https:\/\/xjenzamalta.mt\/wp-content\/uploads\/2024\/05\/3-800x533.jpeg 800w, https:\/\/xjenzamalta.mt\/wp-content\/uploads\/2024\/05\/3-1200x800.jpeg 1200w, https:\/\/xjenzamalta.mt\/wp-content\/uploads\/2024\/05\/3-scaled.jpeg 2560w\" data-sizes=\"auto\" \/>\t\t\t<\/a>\n\t\t\t\t\t\t\t<\/div>\n<\/div><div class=\"fusion-meta-tb fusion-meta-tb-48 floated\" style=\"--awb-height:36px;--awb-margin-left:10px;--awb-margin-right:25px;--awb-alignment-medium:flex-start;--awb-alignment-small:flex-start;\"><span class=\"fusion-tb-published-date\">Published On: April 17th, 2024<\/span><span class=\"fusion-meta-tb-sep\"><\/span><\/div><div class=\"fusion-title title fusion-title-49 fusion-title-text fusion-title-size-two\" style=\"--awb-margin-right:10px;--awb-margin-bottom:15px;--awb-margin-left:10px;--awb-margin-top-small:0px;--awb-margin-right-small:10px;--awb-margin-bottom-small:20px;--awb-margin-left-small:10px;--awb-link-color:hsla(var(--awb-color8-h),var(--awb-color8-s),calc( var(--awb-color8-l) + 16% ),var(--awb-color8-a));--awb-link-hover-color:#ee3a3d;--awb-font-size:var(--awb-custom_typography_1-font-size);\"><div class=\"title-sep-container title-sep-container-left fusion-no-large-visibility fusion-no-medium-visibility fusion-no-small-visibility\"><div class=\"title-sep sep- sep-solid\" style=\"border-color:var(--awb-color3);\"><\/div><\/div><span class=\"awb-title-spacer fusion-no-large-visibility fusion-no-medium-visibility fusion-no-small-visibility\"><\/span><h2 class=\"fusion-title-heading title-heading-left fusion-responsive-typography-calculated\" style=\"font-family:var(--awb-custom_typography_1-font-family);font-weight:var(--awb-custom_typography_1-font-weight);font-style:var(--awb-custom_typography_1-font-style);margin:0;letter-spacing:var(--awb-custom_typography_1-letter-spacing);text-transform:var(--awb-custom_typography_1-text-transform);font-size:1em;--fontSize:19;--minFontSize:19;line-height:1.58;\"><a href=\"https:\/\/xjenzamalta.mt\/mt\/2024\/04\/17\/mcst-news-stqarrija-mill-ministeru-ghall-ekonomija-l-intrapriza-u-progetti-strategici-u-mis-segretarjat-parlamentari-ghaz-zghazagh-ir-ricerka-u-l-innovazzjoni-inwettqu-flimkien-il-fuq-minn\/\" class=\"awb-custom-text-color awb-custom-text-hover-color\" target=\"_self\">MCST News Stqarrija Mill-Ministeru G\u0127all-Ekonomija, L-Intrapri\u017ca U Pro\u0121etti Strate\u0121i\u010bi U Mis-Segretarjat Parlamentari G\u0127a\u017c-\u017bg\u0127a\u017cag\u0127, Ir-Ri\u010berka U L-Innovazzjoni<\/a><\/h2><span class=\"awb-title-spacer\"><\/span><div class=\"title-sep-container title-sep-container-right\"><div class=\"title-sep sep- sep-solid\" style=\"border-color:var(--awb-color3);\"><\/div><\/div><\/div><div class=\"fusion-separator fusion-full-width-sep\" style=\"align-self: center;margin-left: auto;margin-right: auto;flex-grow:1;width:100%;\"><\/div><\/div><\/li>\n<\/ul><div class=\"pagination clearfix\"><\/div><div class=\"fusion-clearfix\"><\/div><\/div><\/div><\/div><\/div><\/div>","protected":false},"excerpt":{"rendered":"","protected":false},"author":1,"featured_media":3665,"parent":0,"menu_order":0,"comment_status":"closed","ping_status":"closed","template":"100-width.php","meta":{"footnotes":""},"class_list":["post-3561","page","type-page","status-publish","has-post-thumbnail","hentry"],"_links":{"self":[{"href":"https:\/\/xjenzamalta.mt\/mt\/wp-json\/wp\/v2\/pages\/3561","targetHints":{"allow":["GET"]}}],"collection":[{"href":"https:\/\/xjenzamalta.mt\/mt\/wp-json\/wp\/v2\/pages"}],"about":[{"href":"https:\/\/xjenzamalta.mt\/mt\/wp-json\/wp\/v2\/types\/page"}],"author":[{"embeddable":true,"href":"https:\/\/xjenzamalta.mt\/mt\/wp-json\/wp\/v2\/users\/1"}],"replies":[{"embeddable":true,"href":"https:\/\/xjenzamalta.mt\/mt\/wp-json\/wp\/v2\/comments?post=3561"}],"version-history":[{"count":18,"href":"https:\/\/xjenzamalta.mt\/mt\/wp-json\/wp\/v2\/pages\/3561\/revisions"}],"predecessor-version":[{"id":5682,"href":"https:\/\/xjenzamalta.mt\/mt\/wp-json\/wp\/v2\/pages\/3561\/revisions\/5682"}],"wp:featuredmedia":[{"embeddable":true,"href":"https:\/\/xjenzamalta.mt\/mt\/wp-json\/wp\/v2\/media\/3665"}],"wp:attachment":[{"href":"https:\/\/xjenzamalta.mt\/mt\/wp-json\/wp\/v2\/media?parent=3561"}],"curies":[{"name":"wp","href":"https:\/\/api.w.org\/{rel}","templated":true}]}}